{"id":16260,"date":"2021-05-11T22:43:40","date_gmt":"2021-05-11T20:43:40","guid":{"rendered":"https:\/\/kurato.ch\/?post_type=product&#038;p=16260"},"modified":"2021-05-22T17:58:09","modified_gmt":"2021-05-22T15:58:09","slug":"couchtisch-von-isamu-noguchi-fuer-vitra","status":"publish","type":"product","link":"https:\/\/kurato.ch\/fr\/product\/couchtisch-von-isamu-noguchi-fuer-vitra\/","title":{"rendered":"Table basse de Isamu Noguchi pour Vitra"},"content":{"rendered":"<p>Con\u00e7ue par Isamu Noguchi en 1944, cette table basse se caract\u00e9rise par ses pieds noirs en bois, qui lui conf\u00e8rent une certaine douceur et en font presque une sculpture. La table a \u00e9t\u00e9 fabriqu\u00e9e par Vitra.<\/p>","protected":false},"excerpt":{"rendered":"<p>Con\u00e7ue par Isamu Noguchi en 1944, cette table basse se caract\u00e9rise par ses pieds noirs en bois, qui lui conf\u00e8rent une certaine douceur et en font presque une sculpture. La table a \u00e9t\u00e9 fabriqu\u00e9e par Vitra.<\/p>","protected":false},"featured_media":16264,"template":"","meta":{"_acf_changed":false,"site-sidebar-layout":"default","site-content-layout":"default","ast-site-content-layout":"default","site-content-style":"default","site-sidebar-style":"default","ast-global-header-display":"","ast-banner-title-visibility":"","ast-main-header-display":"","ast-hfb-above-header-display":"","ast-hfb-below-header-display":"","ast-hfb-mobile-header-display":"","site-post-title":"","ast-breadcrumbs-content":"","ast-featured-img":"","footer-sml-layout":"","ast-disable-related-posts":"","theme-transparent-header-meta":"default","adv-header-id-meta":"","stick-header-meta":"default","header-above-stick-meta":"","header-main-stick-meta":"","header-below-stick-meta":"","astra-migrate-meta-layouts":"default","ast-page-background-enabled":"default","ast-page-background-meta":{"desktop":{"background-color":"","background-image":"","background-repeat":"repeat","background-position":"center center","background-size":"auto","background-attachment":"scroll","background-type":"","background-media":"","overlay-type":"","overlay-color":"","overlay-opacity":"","overlay-gradient":""},"tablet":{"background-color":"","background-image":"","background-repeat":"repeat","background-position":"center center","background-size":"auto","background-attachment":"scroll","background-type":"","background-media":"","overlay-type":"","overlay-color":"","overlay-opacity":"","overlay-gradient":""},"mobile":{"background-color":"","background-image":"","background-repeat":"repeat","background-position":"center center","background-size":"auto","background-attachment":"scroll","background-type":"","background-media":"","overlay-type":"","overlay-color":"","overlay-opacity":"","overlay-gradient":""}},"ast-content-background-meta":{"desktop":{"background-color":"var(--ast-global-color-5)","background-image":"","background-repeat":"repeat","background-position":"center center","background-size":"auto","background-attachment":"scroll","background-type":"","background-media":"","overlay-type":"","overlay-color":"","overlay-opacity":"","overlay-gradient":""},"tablet":{"background-color":"var(--ast-global-color-5)","background-image":"","background-repeat":"repeat","background-position":"center center","background-size":"auto","background-attachment":"scroll","background-type":"","background-media":"","overlay-type":"","overlay-color":"","overlay-opacity":"","overlay-gradient":""},"mobile":{"background-color":"var(--ast-global-color-5)","background-image":"","background-repeat":"repeat","background-position":"center center","background-size":"auto","background-attachment":"scroll","background-type":"","background-media":"","overlay-type":"","overlay-color":"","overlay-opacity":"","overlay-gradient":""}}},"product_brand":[],"product_cat":[144,141],"product_tag":[],"class_list":{"0":"post-16260","1":"product","2":"type-product","3":"status-publish","4":"has-post-thumbnail","6":"product_cat-vintage-couchtisch-salontisch","7":"product_cat-vintage-couchtisch-barwagen","8":"pa_designer-noguchi-isamu","9":"pa_designer-vitra","10":"pa_farbe-schwarz","11":"pa_farbe-farbetransparent","12":"pa_material-glas-kristall","13":"pa_material-holz","14":"pa_standort-mittelland","15":"pa_stil-design","16":"pa_we-love-products","17":"desktop-align-left","18":"tablet-align-left","19":"mobile-align-left","21":"first","22":"outofstock","23":"sold-individually","24":"shipping-taxable","25":"purchasable","26":"product-type-simple"},"acf":[],"yoast_head":"<!-- This site is optimized with the Yoast SEO plugin v27.5 - https:\/\/yoast.com\/product\/yoast-seo-wordpress\/ -->\n<title>Couchtisch von Isamu Noguchi f\u00fcr Vitra | Vintage M\u00f6bel kaufen auf KURATO.CH<\/title>\n<meta name=\"description\" content=\"Entdecke Vintage M\u00f6bel &amp; Dekoration \u27a4 Couchtisch von Isamu Noguchi f\u00fcr Vitra auf Kurato. \u2713Lieferung Schweiz \u271314-Tage R\u00fcckgabe \u2713Secondhand Unikat\" \/>\n<meta name=\"robots\" content=\"index, follow, max-snippet:-1, max-image-preview:large, max-video-preview:-1\" \/>\n<link rel=\"canonical\" href=\"https:\/\/kurato.ch\/fr\/product\/couchtisch-von-isamu-noguchi-fuer-vitra\/\" \/>\n<meta property=\"og:locale\" content=\"fr_FR\" \/>\n<meta property=\"og:type\" content=\"article\" \/>\n<meta property=\"og:title\" content=\"Couchtisch von Isamu Noguchi f\u00fcr Vitra | Vintage M\u00f6bel kaufen auf KURATO.CH\" \/>\n<meta property=\"og:description\" content=\"Entdecke Vintage M\u00f6bel &amp; Dekoration \u27a4 Couchtisch von Isamu Noguchi f\u00fcr Vitra auf Kurato. \u2713Lieferung Schweiz \u271314-Tage R\u00fcckgabe \u2713Secondhand Unikat\" \/>\n<meta property=\"og:url\" content=\"https:\/\/kurato.ch\/fr\/product\/couchtisch-von-isamu-noguchi-fuer-vitra\/\" \/>\n<meta property=\"og:site_name\" content=\"Vintage M\u00f6bel &amp; Dekoration I Kurato\" \/>\n<meta property=\"article:publisher\" content=\"https:\/\/www.facebook.com\/kuratoswitzerland\" \/>\n<meta property=\"article:modified_time\" content=\"2021-05-22T15:58:09+00:00\" \/>\n<meta property=\"og:image\" content=\"https:\/\/kurato.ch\/wp-content\/uploads\/2021\/05\/Secondhand-Vintage-Mo\u0308bel-Dekoration-Schweiz-30.jpg\" \/>\n\t<meta property=\"og:image:width\" content=\"800\" \/>\n\t<meta property=\"og:image:height\" content=\"800\" \/>\n\t<meta property=\"og:image:type\" content=\"image\/jpeg\" \/>\n<script type=\"application\/ld+json\" class=\"yoast-schema-graph\">{\"@context\":\"https:\\\/\\\/schema.org\",\"@graph\":[{\"@type\":\"WebPage\",\"@id\":\"https:\\\/\\\/kurato.ch\\\/product\\\/couchtisch-von-isamu-noguchi-fuer-vitra\\\/\",\"url\":\"https:\\\/\\\/kurato.ch\\\/product\\\/couchtisch-von-isamu-noguchi-fuer-vitra\\\/\",\"name\":\"Couchtisch von Isamu Noguchi f\u00fcr Vitra | Vintage M\u00f6bel kaufen auf KURATO.CH\",\"isPartOf\":{\"@id\":\"https:\\\/\\\/kurato.ch\\\/#website\"},\"primaryImageOfPage\":{\"@id\":\"https:\\\/\\\/kurato.ch\\\/product\\\/couchtisch-von-isamu-noguchi-fuer-vitra\\\/#primaryimage\"},\"image\":{\"@id\":\"https:\\\/\\\/kurato.ch\\\/product\\\/couchtisch-von-isamu-noguchi-fuer-vitra\\\/#primaryimage\"},\"thumbnailUrl\":\"https:\\\/\\\/kurato.ch\\\/wp-content\\\/uploads\\\/2021\\\/05\\\/Secondhand-Vintage-Mo\u0308bel-Dekoration-Schweiz-30.jpg\",\"datePublished\":\"2021-05-11T20:43:40+00:00\",\"dateModified\":\"2021-05-22T15:58:09+00:00\",\"description\":\"Entdecke Vintage M\u00f6bel & Dekoration \u27a4 Couchtisch von Isamu Noguchi f\u00fcr Vitra auf Kurato. \u2713Lieferung Schweiz \u271314-Tage R\u00fcckgabe \u2713Secondhand Unikat\",\"breadcrumb\":{\"@id\":\"https:\\\/\\\/kurato.ch\\\/product\\\/couchtisch-von-isamu-noguchi-fuer-vitra\\\/#breadcrumb\"},\"inLanguage\":\"fr-FR\",\"potentialAction\":[{\"@type\":\"ReadAction\",\"target\":[\"https:\\\/\\\/kurato.ch\\\/product\\\/couchtisch-von-isamu-noguchi-fuer-vitra\\\/\"]}]},{\"@type\":\"ImageObject\",\"inLanguage\":\"fr-FR\",\"@id\":\"https:\\\/\\\/kurato.ch\\\/product\\\/couchtisch-von-isamu-noguchi-fuer-vitra\\\/#primaryimage\",\"url\":\"https:\\\/\\\/kurato.ch\\\/wp-content\\\/uploads\\\/2021\\\/05\\\/Secondhand-Vintage-Mo\u0308bel-Dekoration-Schweiz-30.jpg\",\"contentUrl\":\"https:\\\/\\\/kurato.ch\\\/wp-content\\\/uploads\\\/2021\\\/05\\\/Secondhand-Vintage-Mo\u0308bel-Dekoration-Schweiz-30.jpg\",\"width\":800,\"height\":800,\"caption\":\"Isamu Noguchi Vitra Tisch Secondhand Vintage Mo\u0308bel Dekoration Schweiz\"},{\"@type\":\"BreadcrumbList\",\"@id\":\"https:\\\/\\\/kurato.ch\\\/product\\\/couchtisch-von-isamu-noguchi-fuer-vitra\\\/#breadcrumb\",\"itemListElement\":[{\"@type\":\"ListItem\",\"position\":1,\"name\":\"Home\",\"item\":\"https:\\\/\\\/kurato.ch\\\/\"},{\"@type\":\"ListItem\",\"position\":2,\"name\":\"Neuheiten\",\"item\":\"https:\\\/\\\/kurato.ch\\\/neuheiten\\\/\"},{\"@type\":\"ListItem\",\"position\":3,\"name\":\"Couchtisch von Isamu Noguchi f\u00fcr Vitra\"}]},{\"@type\":\"WebSite\",\"@id\":\"https:\\\/\\\/kurato.ch\\\/#website\",\"url\":\"https:\\\/\\\/kurato.ch\\\/\",\"name\":\"Vintage M\u00f6bel &amp; Dekoration I Kurato\",\"description\":\"Vintage M\u00f6bel &amp; Dekoration I Kurato\",\"publisher\":{\"@id\":\"https:\\\/\\\/kurato.ch\\\/#organization\"},\"potentialAction\":[{\"@type\":\"SearchAction\",\"target\":{\"@type\":\"EntryPoint\",\"urlTemplate\":\"https:\\\/\\\/kurato.ch\\\/?s={search_term_string}\"},\"query-input\":{\"@type\":\"PropertyValueSpecification\",\"valueRequired\":true,\"valueName\":\"search_term_string\"}}],\"inLanguage\":\"fr-FR\"},{\"@type\":\"Organization\",\"@id\":\"https:\\\/\\\/kurato.ch\\\/#organization\",\"name\":\"Kurato.\",\"url\":\"https:\\\/\\\/kurato.ch\\\/\",\"logo\":{\"@type\":\"ImageObject\",\"inLanguage\":\"fr-FR\",\"@id\":\"https:\\\/\\\/kurato.ch\\\/#\\\/schema\\\/logo\\\/image\\\/\",\"url\":\"\",\"contentUrl\":\"\",\"caption\":\"Kurato.\"},\"image\":{\"@id\":\"https:\\\/\\\/kurato.ch\\\/#\\\/schema\\\/logo\\\/image\\\/\"},\"sameAs\":[\"https:\\\/\\\/www.facebook.com\\\/kuratoswitzerland\",\"https:\\\/\\\/www.instagram.com\\\/kurato.ch\\\/\",\"https:\\\/\\\/www.pinterest.ch\\\/kurato_ch\\\/_created\\\/\"]}]}<\/script>\n<!-- \/ Yoast SEO plugin. -->","yoast_head_json":{"title":"Couchtisch von Isamu Noguchi f\u00fcr Vitra | Vintage M\u00f6bel kaufen auf KURATO.CH","description":"Entdecke Vintage M\u00f6bel & Dekoration \u27a4 Couchtisch von Isamu Noguchi f\u00fcr Vitra auf Kurato. \u2713Lieferung Schweiz \u271314-Tage R\u00fcckgabe \u2713Secondhand Unikat","robots":{"index":"index","follow":"follow","max-snippet":"max-snippet:-1","max-image-preview":"max-image-preview:large","max-video-preview":"max-video-preview:-1"},"canonical":"https:\/\/kurato.ch\/fr\/product\/couchtisch-von-isamu-noguchi-fuer-vitra\/","og_locale":"fr_FR","og_type":"article","og_title":"Couchtisch von Isamu Noguchi f\u00fcr Vitra | Vintage M\u00f6bel kaufen auf KURATO.CH","og_description":"Entdecke Vintage M\u00f6bel & Dekoration \u27a4 Couchtisch von Isamu Noguchi f\u00fcr Vitra auf Kurato. \u2713Lieferung Schweiz \u271314-Tage R\u00fcckgabe \u2713Secondhand Unikat","og_url":"https:\/\/kurato.ch\/fr\/product\/couchtisch-von-isamu-noguchi-fuer-vitra\/","og_site_name":"Vintage M\u00f6bel &amp; Dekoration I Kurato","article_publisher":"https:\/\/www.facebook.com\/kuratoswitzerland","article_modified_time":"2021-05-22T15:58:09+00:00","og_image":[{"width":800,"height":800,"url":"https:\/\/kurato.ch\/wp-content\/uploads\/2021\/05\/Secondhand-Vintage-Mo\u0308bel-Dekoration-Schweiz-30.jpg","type":"image\/jpeg"}],"schema":{"@context":"https:\/\/schema.org","@graph":[{"@type":"WebPage","@id":"https:\/\/kurato.ch\/product\/couchtisch-von-isamu-noguchi-fuer-vitra\/","url":"https:\/\/kurato.ch\/product\/couchtisch-von-isamu-noguchi-fuer-vitra\/","name":"Couchtisch von Isamu Noguchi f\u00fcr Vitra | Vintage M\u00f6bel kaufen auf KURATO.CH","isPartOf":{"@id":"https:\/\/kurato.ch\/#website"},"primaryImageOfPage":{"@id":"https:\/\/kurato.ch\/product\/couchtisch-von-isamu-noguchi-fuer-vitra\/#primaryimage"},"image":{"@id":"https:\/\/kurato.ch\/product\/couchtisch-von-isamu-noguchi-fuer-vitra\/#primaryimage"},"thumbnailUrl":"https:\/\/kurato.ch\/wp-content\/uploads\/2021\/05\/Secondhand-Vintage-Mo\u0308bel-Dekoration-Schweiz-30.jpg","datePublished":"2021-05-11T20:43:40+00:00","dateModified":"2021-05-22T15:58:09+00:00","description":"Entdecke Vintage M\u00f6bel & Dekoration \u27a4 Couchtisch von Isamu Noguchi f\u00fcr Vitra auf Kurato. \u2713Lieferung Schweiz \u271314-Tage R\u00fcckgabe \u2713Secondhand Unikat","breadcrumb":{"@id":"https:\/\/kurato.ch\/product\/couchtisch-von-isamu-noguchi-fuer-vitra\/#breadcrumb"},"inLanguage":"fr-FR","potentialAction":[{"@type":"ReadAction","target":["https:\/\/kurato.ch\/product\/couchtisch-von-isamu-noguchi-fuer-vitra\/"]}]},{"@type":"ImageObject","inLanguage":"fr-FR","@id":"https:\/\/kurato.ch\/product\/couchtisch-von-isamu-noguchi-fuer-vitra\/#primaryimage","url":"https:\/\/kurato.ch\/wp-content\/uploads\/2021\/05\/Secondhand-Vintage-Mo\u0308bel-Dekoration-Schweiz-30.jpg","contentUrl":"https:\/\/kurato.ch\/wp-content\/uploads\/2021\/05\/Secondhand-Vintage-Mo\u0308bel-Dekoration-Schweiz-30.jpg","width":800,"height":800,"caption":"Isamu Noguchi Vitra Tisch Secondhand Vintage Mo\u0308bel Dekoration Schweiz"},{"@type":"BreadcrumbList","@id":"https:\/\/kurato.ch\/product\/couchtisch-von-isamu-noguchi-fuer-vitra\/#breadcrumb","itemListElement":[{"@type":"ListItem","position":1,"name":"Home","item":"https:\/\/kurato.ch\/"},{"@type":"ListItem","position":2,"name":"Neuheiten","item":"https:\/\/kurato.ch\/neuheiten\/"},{"@type":"ListItem","position":3,"name":"Couchtisch von Isamu Noguchi f\u00fcr Vitra"}]},{"@type":"WebSite","@id":"https:\/\/kurato.ch\/#website","url":"https:\/\/kurato.ch\/","name":"Meubles vintage &amp; d\u00e9coration I Kurato","description":"Meubles vintage &amp; d\u00e9coration I Kurato","publisher":{"@id":"https:\/\/kurato.ch\/#organization"},"potentialAction":[{"@type":"SearchAction","target":{"@type":"EntryPoint","urlTemplate":"https:\/\/kurato.ch\/?s={search_term_string}"},"query-input":{"@type":"PropertyValueSpecification","valueRequired":true,"valueName":"search_term_string"}}],"inLanguage":"fr-FR"},{"@type":"Organization","@id":"https:\/\/kurato.ch\/#organization","name":"Kurato.","url":"https:\/\/kurato.ch\/","logo":{"@type":"ImageObject","inLanguage":"fr-FR","@id":"https:\/\/kurato.ch\/#\/schema\/logo\/image\/","url":"","contentUrl":"","caption":"Kurato."},"image":{"@id":"https:\/\/kurato.ch\/#\/schema\/logo\/image\/"},"sameAs":["https:\/\/www.facebook.com\/kuratoswitzerland","https:\/\/www.instagram.com\/kurato.ch\/","https:\/\/www.pinterest.ch\/kurato_ch\/_created\/"]}]}},"_links":{"self":[{"href":"https:\/\/kurato.ch\/fr\/wp-json\/wp\/v2\/product\/16260","targetHints":{"allow":["GET"]}}],"collection":[{"href":"https:\/\/kurato.ch\/fr\/wp-json\/wp\/v2\/product"}],"about":[{"href":"https:\/\/kurato.ch\/fr\/wp-json\/wp\/v2\/types\/product"}],"wp:featuredmedia":[{"embeddable":true,"href":"https:\/\/kurato.ch\/fr\/wp-json\/wp\/v2\/media\/16264"}],"wp:attachment":[{"href":"https:\/\/kurato.ch\/fr\/wp-json\/wp\/v2\/media?parent=16260"}],"wp:term":[{"taxonomy":"product_brand","embeddable":true,"href":"https:\/\/kurato.ch\/fr\/wp-json\/wp\/v2\/product_brand?post=16260"},{"taxonomy":"product_cat","embeddable":true,"href":"https:\/\/kurato.ch\/fr\/wp-json\/wp\/v2\/product_cat?post=16260"},{"taxonomy":"product_tag","embeddable":true,"href":"https:\/\/kurato.ch\/fr\/wp-json\/wp\/v2\/product_tag?post=16260"}],"curies":[{"name":"wp","href":"https:\/\/api.w.org\/{rel}","templated":true}]}}