{"id":22898,"date":"2021-08-28T19:03:19","date_gmt":"2021-08-28T17:03:19","guid":{"rendered":"https:\/\/kurato.ch\/?post_type=product&#038;p=22898"},"modified":"2021-08-29T17:01:24","modified_gmt":"2021-08-29T15:01:24","slug":"usm-haller-korpus-graphitschwarz","status":"publish","type":"product","link":"https:\/\/kurato.ch\/fr\/product\/usm-haller-korpus-graphitschwarz\/","title":{"rendered":"USM Haller Corps noir graphite"},"content":{"rendered":"<p>A c\u00e9der par un particulier pour cause de non-utilisation.<\/p>\n<p>USM Haller Sideboard en noir graphite avec 2 tiroirs d'\u00e9cole en haut, un compartiment ouvert en dessous et un tiroir en bas.<br \/>Pratique par exemple comme meuble d'imprimante avec de la place pour les cartouches d'encre ou autres dans les tiroirs, le papier dans le compartiment ouvert en dessous et les cartouches de toner ou autres dans le tiroir en dessous.<\/p>\n<p>Les deux tiroirs sont verrouillables avec des serrures \u00e0 fermeture identique. Deux cl\u00e9s assorties sont vendues avec le sideboard.<\/p>\n<p>Le tiroir du bas est dot\u00e9 d'une poign\u00e9e avec une fente dans laquelle on peut ins\u00e9rer pratiquement n'importe quelle cl\u00e9, y compris celles des tiroirs du haut.<\/p>\n<p>Le meuble est d'occasion avec les traces d'utilisation et les rayures correspondantes, mais sans bosses ni rouille notables.<\/p>\n<p>Enl\u00e8vement \u00e0 2533 Evilard\/ Evilard.<\/p>\n<p>En cas de flexibilit\u00e9 au niveau des d\u00e9lais, une livraison\/remise dans les lieux suivants serait \u00e9galement possible, moyennant une indemnisation des frais comme indiqu\u00e9 ci-dessous :<\/p>\n<ul>\n<li>Biel-Bienne\/ Evilard-Macolin\/Macolin\/ Evilard-Macolin\/ Orvin : 15CHF.<\/li>\n<li>Bellach\/ Soleure ou sur le trajet entre Evilard et Bellach : 20CHF.<\/li>\n<li>Berne pr\u00e8s de l'h\u00f4pital de l'\u00eele ou sur le chemin entre Bienne ou Bellach et l\u00e0 : 25CHF.<\/li>\n<li>Thun pr\u00e8s du Werkhof (Industriestrasse) ou sur le chemin entre Bienne ou Bellach et l\u00e0 : 35CHF.<\/li>\n<\/ul>","protected":false},"excerpt":{"rendered":"<p>Von Privat wegen Nichtgebrauchs abzugeben. USM Haller Sideboard in graphitschwarz mit 2 Schulbladen oben, einem offenen Fach darunter und einem Auszug unten.Praktisch z.B. als Druckerm\u00f6bel mit Platz f\u00fcr Tintenpatronen o.\u00e4. in den Schubladen, Papier im offenen Fach darunter und f\u00fcr Tonerkartuschen oder dgl. im Auszug unten. Die Schubladen sind beide abschliessbar mit gleichschliessenden Schl\u00f6ssern. 2 [&hellip;]<\/p>\n","protected":false},"featured_media":22900,"template":"","meta":{"_acf_changed":false,"site-sidebar-layout":"default","site-content-layout":"","ast-site-content-layout":"default","site-content-style":"default","site-sidebar-style":"default","ast-global-header-display":"","ast-banner-title-visibility":"","ast-main-header-display":"","ast-hfb-above-header-display":"","ast-hfb-below-header-display":"","ast-hfb-mobile-header-display":"","site-post-title":"","ast-breadcrumbs-content":"","ast-featured-img":"","footer-sml-layout":"","ast-disable-related-posts":"","theme-transparent-header-meta":"","adv-header-id-meta":"","stick-header-meta":"","header-above-stick-meta":"","header-main-stick-meta":"","header-below-stick-meta":"","astra-migrate-meta-layouts":"default","ast-page-background-enabled":"default","ast-page-background-meta":{"desktop":{"background-color":"","background-image":"","background-repeat":"repeat","background-position":"center center","background-size":"auto","background-attachment":"scroll","background-type":"","background-media":"","overlay-type":"","overlay-color":"","overlay-opacity":"","overlay-gradient":""},"tablet":{"background-color":"","background-image":"","background-repeat":"repeat","background-position":"center center","background-size":"auto","background-attachment":"scroll","background-type":"","background-media":"","overlay-type":"","overlay-color":"","overlay-opacity":"","overlay-gradient":""},"mobile":{"background-color":"","background-image":"","background-repeat":"repeat","background-position":"center center","background-size":"auto","background-attachment":"scroll","background-type":"","background-media":"","overlay-type":"","overlay-color":"","overlay-opacity":"","overlay-gradient":""}},"ast-content-background-meta":{"desktop":{"background-color":"var(--ast-global-color-5)","background-image":"","background-repeat":"repeat","background-position":"center center","background-size":"auto","background-attachment":"scroll","background-type":"","background-media":"","overlay-type":"","overlay-color":"","overlay-opacity":"","overlay-gradient":""},"tablet":{"background-color":"var(--ast-global-color-5)","background-image":"","background-repeat":"repeat","background-position":"center center","background-size":"auto","background-attachment":"scroll","background-type":"","background-media":"","overlay-type":"","overlay-color":"","overlay-opacity":"","overlay-gradient":""},"mobile":{"background-color":"var(--ast-global-color-5)","background-image":"","background-repeat":"repeat","background-position":"center center","background-size":"auto","background-attachment":"scroll","background-type":"","background-media":"","overlay-type":"","overlay-color":"","overlay-opacity":"","overlay-gradient":""}}},"product_brand":[],"product_cat":[465],"product_tag":[],"class_list":{"0":"post-22898","1":"product","2":"type-product","3":"status-publish","4":"has-post-thumbnail","6":"product_cat-vintage-korpus","7":"pa_designer-usm-haller","8":"pa_farbe-schwarz","9":"pa_material-chromstahl","10":"pa_material-stahl","11":"pa_standort-mittelland","12":"pa_stil-design","13":"desktop-align-left","14":"tablet-align-left","15":"mobile-align-left","17":"first","18":"instock","19":"shipping-taxable","20":"purchasable","21":"product-type-simple"},"acf":[],"yoast_head":"<!-- This site is optimized with the Yoast SEO plugin v27.4 - https:\/\/yoast.com\/product\/yoast-seo-wordpress\/ -->\n<title>USM Haller Korpus graphitschwarz | Vintage M\u00f6bel kaufen auf KURATO.CH<\/title>\n<meta name=\"description\" content=\"Entdecke Vintage M\u00f6bel &amp; Dekoration \u27a4 USM Haller Korpus graphitschwarz auf Kurato. \u2713Lieferung Schweiz \u271314-Tage R\u00fcckgabe \u2713Secondhand Unikat\" \/>\n<meta name=\"robots\" content=\"index, follow, max-snippet:-1, max-image-preview:large, max-video-preview:-1\" \/>\n<link rel=\"canonical\" href=\"https:\/\/kurato.ch\/fr\/product\/usm-haller-korpus-graphitschwarz\/\" \/>\n<meta property=\"og:locale\" content=\"fr_FR\" \/>\n<meta property=\"og:type\" content=\"article\" \/>\n<meta property=\"og:title\" content=\"USM Haller Korpus graphitschwarz | Vintage M\u00f6bel kaufen auf KURATO.CH\" \/>\n<meta property=\"og:description\" content=\"Entdecke Vintage M\u00f6bel &amp; Dekoration \u27a4 USM Haller Korpus graphitschwarz auf Kurato. \u2713Lieferung Schweiz \u271314-Tage R\u00fcckgabe \u2713Secondhand Unikat\" \/>\n<meta property=\"og:url\" content=\"https:\/\/kurato.ch\/fr\/product\/usm-haller-korpus-graphitschwarz\/\" \/>\n<meta property=\"og:site_name\" content=\"Vintage M\u00f6bel &amp; Dekoration I Kurato\" \/>\n<meta property=\"article:publisher\" content=\"https:\/\/www.facebook.com\/kuratoswitzerland\" \/>\n<meta property=\"article:modified_time\" content=\"2021-08-29T15:01:24+00:00\" \/>\n<meta property=\"og:image\" content=\"https:\/\/kurato.ch\/wp-content\/uploads\/2021\/08\/Website-Product-Catalogue-2.jpg\" \/>\n\t<meta property=\"og:image:width\" content=\"800\" \/>\n\t<meta property=\"og:image:height\" content=\"800\" \/>\n\t<meta property=\"og:image:type\" content=\"image\/jpeg\" \/>\n<meta name=\"twitter:label1\" content=\"Dur\u00e9e de lecture estim\u00e9e\" \/>\n\t<meta name=\"twitter:data1\" content=\"1 minute\" \/>\n<script type=\"application\/ld+json\" class=\"yoast-schema-graph\">{\"@context\":\"https:\\\/\\\/schema.org\",\"@graph\":[{\"@type\":\"WebPage\",\"@id\":\"https:\\\/\\\/kurato.ch\\\/product\\\/usm-haller-korpus-graphitschwarz\\\/\",\"url\":\"https:\\\/\\\/kurato.ch\\\/product\\\/usm-haller-korpus-graphitschwarz\\\/\",\"name\":\"USM Haller Korpus graphitschwarz | Vintage M\u00f6bel kaufen auf KURATO.CH\",\"isPartOf\":{\"@id\":\"https:\\\/\\\/kurato.ch\\\/#website\"},\"primaryImageOfPage\":{\"@id\":\"https:\\\/\\\/kurato.ch\\\/product\\\/usm-haller-korpus-graphitschwarz\\\/#primaryimage\"},\"image\":{\"@id\":\"https:\\\/\\\/kurato.ch\\\/product\\\/usm-haller-korpus-graphitschwarz\\\/#primaryimage\"},\"thumbnailUrl\":\"https:\\\/\\\/kurato.ch\\\/wp-content\\\/uploads\\\/2021\\\/08\\\/Website-Product-Catalogue-2.jpg\",\"datePublished\":\"2021-08-28T17:03:19+00:00\",\"dateModified\":\"2021-08-29T15:01:24+00:00\",\"description\":\"Entdecke Vintage M\u00f6bel & Dekoration \u27a4 USM Haller Korpus graphitschwarz auf Kurato. \u2713Lieferung Schweiz \u271314-Tage R\u00fcckgabe \u2713Secondhand Unikat\",\"breadcrumb\":{\"@id\":\"https:\\\/\\\/kurato.ch\\\/product\\\/usm-haller-korpus-graphitschwarz\\\/#breadcrumb\"},\"inLanguage\":\"fr-FR\",\"potentialAction\":[{\"@type\":\"ReadAction\",\"target\":[\"https:\\\/\\\/kurato.ch\\\/product\\\/usm-haller-korpus-graphitschwarz\\\/\"]}]},{\"@type\":\"ImageObject\",\"inLanguage\":\"fr-FR\",\"@id\":\"https:\\\/\\\/kurato.ch\\\/product\\\/usm-haller-korpus-graphitschwarz\\\/#primaryimage\",\"url\":\"https:\\\/\\\/kurato.ch\\\/wp-content\\\/uploads\\\/2021\\\/08\\\/Website-Product-Catalogue-2.jpg\",\"contentUrl\":\"https:\\\/\\\/kurato.ch\\\/wp-content\\\/uploads\\\/2021\\\/08\\\/Website-Product-Catalogue-2.jpg\",\"width\":800,\"height\":800,\"caption\":\"USM Haller Korpus graphitschwarz vintage secondhand gebraucht schweiz kurato\"},{\"@type\":\"BreadcrumbList\",\"@id\":\"https:\\\/\\\/kurato.ch\\\/product\\\/usm-haller-korpus-graphitschwarz\\\/#breadcrumb\",\"itemListElement\":[{\"@type\":\"ListItem\",\"position\":1,\"name\":\"Home\",\"item\":\"https:\\\/\\\/kurato.ch\\\/\"},{\"@type\":\"ListItem\",\"position\":2,\"name\":\"Neuheiten\",\"item\":\"https:\\\/\\\/kurato.ch\\\/neuheiten\\\/\"},{\"@type\":\"ListItem\",\"position\":3,\"name\":\"USM Haller Korpus graphitschwarz\"}]},{\"@type\":\"WebSite\",\"@id\":\"https:\\\/\\\/kurato.ch\\\/#website\",\"url\":\"https:\\\/\\\/kurato.ch\\\/\",\"name\":\"Vintage M\u00f6bel &amp; Dekoration I Kurato\",\"description\":\"Vintage M\u00f6bel &amp; Dekoration I Kurato\",\"publisher\":{\"@id\":\"https:\\\/\\\/kurato.ch\\\/#organization\"},\"potentialAction\":[{\"@type\":\"SearchAction\",\"target\":{\"@type\":\"EntryPoint\",\"urlTemplate\":\"https:\\\/\\\/kurato.ch\\\/?s={search_term_string}\"},\"query-input\":{\"@type\":\"PropertyValueSpecification\",\"valueRequired\":true,\"valueName\":\"search_term_string\"}}],\"inLanguage\":\"fr-FR\"},{\"@type\":\"Organization\",\"@id\":\"https:\\\/\\\/kurato.ch\\\/#organization\",\"name\":\"Kurato.\",\"url\":\"https:\\\/\\\/kurato.ch\\\/\",\"logo\":{\"@type\":\"ImageObject\",\"inLanguage\":\"fr-FR\",\"@id\":\"https:\\\/\\\/kurato.ch\\\/#\\\/schema\\\/logo\\\/image\\\/\",\"url\":\"\",\"contentUrl\":\"\",\"caption\":\"Kurato.\"},\"image\":{\"@id\":\"https:\\\/\\\/kurato.ch\\\/#\\\/schema\\\/logo\\\/image\\\/\"},\"sameAs\":[\"https:\\\/\\\/www.facebook.com\\\/kuratoswitzerland\",\"https:\\\/\\\/www.instagram.com\\\/kurato.ch\\\/\",\"https:\\\/\\\/www.pinterest.ch\\\/kurato_ch\\\/_created\\\/\"]}]}<\/script>\n<!-- \/ Yoast SEO plugin. -->","yoast_head_json":{"title":"USM Haller Korpus graphitschwarz | Vintage M\u00f6bel kaufen auf KURATO.CH","description":"Entdecke Vintage M\u00f6bel & Dekoration \u27a4 USM Haller Korpus graphitschwarz auf Kurato. \u2713Lieferung Schweiz \u271314-Tage R\u00fcckgabe \u2713Secondhand Unikat","robots":{"index":"index","follow":"follow","max-snippet":"max-snippet:-1","max-image-preview":"max-image-preview:large","max-video-preview":"max-video-preview:-1"},"canonical":"https:\/\/kurato.ch\/fr\/product\/usm-haller-korpus-graphitschwarz\/","og_locale":"fr_FR","og_type":"article","og_title":"USM Haller Korpus graphitschwarz | Vintage M\u00f6bel kaufen auf KURATO.CH","og_description":"Entdecke Vintage M\u00f6bel & Dekoration \u27a4 USM Haller Korpus graphitschwarz auf Kurato. \u2713Lieferung Schweiz \u271314-Tage R\u00fcckgabe \u2713Secondhand Unikat","og_url":"https:\/\/kurato.ch\/fr\/product\/usm-haller-korpus-graphitschwarz\/","og_site_name":"Vintage M\u00f6bel &amp; Dekoration I Kurato","article_publisher":"https:\/\/www.facebook.com\/kuratoswitzerland","article_modified_time":"2021-08-29T15:01:24+00:00","og_image":[{"width":800,"height":800,"url":"https:\/\/kurato.ch\/wp-content\/uploads\/2021\/08\/Website-Product-Catalogue-2.jpg","type":"image\/jpeg"}],"twitter_misc":{"Dur\u00e9e de lecture estim\u00e9e":"1 minute"},"schema":{"@context":"https:\/\/schema.org","@graph":[{"@type":"WebPage","@id":"https:\/\/kurato.ch\/product\/usm-haller-korpus-graphitschwarz\/","url":"https:\/\/kurato.ch\/product\/usm-haller-korpus-graphitschwarz\/","name":"USM Haller Korpus graphitschwarz | Vintage M\u00f6bel kaufen auf KURATO.CH","isPartOf":{"@id":"https:\/\/kurato.ch\/#website"},"primaryImageOfPage":{"@id":"https:\/\/kurato.ch\/product\/usm-haller-korpus-graphitschwarz\/#primaryimage"},"image":{"@id":"https:\/\/kurato.ch\/product\/usm-haller-korpus-graphitschwarz\/#primaryimage"},"thumbnailUrl":"https:\/\/kurato.ch\/wp-content\/uploads\/2021\/08\/Website-Product-Catalogue-2.jpg","datePublished":"2021-08-28T17:03:19+00:00","dateModified":"2021-08-29T15:01:24+00:00","description":"Entdecke Vintage M\u00f6bel & Dekoration \u27a4 USM Haller Korpus graphitschwarz auf Kurato. \u2713Lieferung Schweiz \u271314-Tage R\u00fcckgabe \u2713Secondhand Unikat","breadcrumb":{"@id":"https:\/\/kurato.ch\/product\/usm-haller-korpus-graphitschwarz\/#breadcrumb"},"inLanguage":"fr-FR","potentialAction":[{"@type":"ReadAction","target":["https:\/\/kurato.ch\/product\/usm-haller-korpus-graphitschwarz\/"]}]},{"@type":"ImageObject","inLanguage":"fr-FR","@id":"https:\/\/kurato.ch\/product\/usm-haller-korpus-graphitschwarz\/#primaryimage","url":"https:\/\/kurato.ch\/wp-content\/uploads\/2021\/08\/Website-Product-Catalogue-2.jpg","contentUrl":"https:\/\/kurato.ch\/wp-content\/uploads\/2021\/08\/Website-Product-Catalogue-2.jpg","width":800,"height":800,"caption":"USM Haller Korpus graphitschwarz vintage secondhand gebraucht schweiz kurato"},{"@type":"BreadcrumbList","@id":"https:\/\/kurato.ch\/product\/usm-haller-korpus-graphitschwarz\/#breadcrumb","itemListElement":[{"@type":"ListItem","position":1,"name":"Home","item":"https:\/\/kurato.ch\/"},{"@type":"ListItem","position":2,"name":"Neuheiten","item":"https:\/\/kurato.ch\/neuheiten\/"},{"@type":"ListItem","position":3,"name":"USM Haller Korpus graphitschwarz"}]},{"@type":"WebSite","@id":"https:\/\/kurato.ch\/#website","url":"https:\/\/kurato.ch\/","name":"Meubles vintage &amp; d\u00e9coration I Kurato","description":"Meubles vintage &amp; d\u00e9coration I Kurato","publisher":{"@id":"https:\/\/kurato.ch\/#organization"},"potentialAction":[{"@type":"SearchAction","target":{"@type":"EntryPoint","urlTemplate":"https:\/\/kurato.ch\/?s={search_term_string}"},"query-input":{"@type":"PropertyValueSpecification","valueRequired":true,"valueName":"search_term_string"}}],"inLanguage":"fr-FR"},{"@type":"Organization","@id":"https:\/\/kurato.ch\/#organization","name":"Kurato.","url":"https:\/\/kurato.ch\/","logo":{"@type":"ImageObject","inLanguage":"fr-FR","@id":"https:\/\/kurato.ch\/#\/schema\/logo\/image\/","url":"","contentUrl":"","caption":"Kurato."},"image":{"@id":"https:\/\/kurato.ch\/#\/schema\/logo\/image\/"},"sameAs":["https:\/\/www.facebook.com\/kuratoswitzerland","https:\/\/www.instagram.com\/kurato.ch\/","https:\/\/www.pinterest.ch\/kurato_ch\/_created\/"]}]}},"_links":{"self":[{"href":"https:\/\/kurato.ch\/fr\/wp-json\/wp\/v2\/product\/22898","targetHints":{"allow":["GET"]}}],"collection":[{"href":"https:\/\/kurato.ch\/fr\/wp-json\/wp\/v2\/product"}],"about":[{"href":"https:\/\/kurato.ch\/fr\/wp-json\/wp\/v2\/types\/product"}],"wp:featuredmedia":[{"embeddable":true,"href":"https:\/\/kurato.ch\/fr\/wp-json\/wp\/v2\/media\/22900"}],"wp:attachment":[{"href":"https:\/\/kurato.ch\/fr\/wp-json\/wp\/v2\/media?parent=22898"}],"wp:term":[{"taxonomy":"product_brand","embeddable":true,"href":"https:\/\/kurato.ch\/fr\/wp-json\/wp\/v2\/product_brand?post=22898"},{"taxonomy":"product_cat","embeddable":true,"href":"https:\/\/kurato.ch\/fr\/wp-json\/wp\/v2\/product_cat?post=22898"},{"taxonomy":"product_tag","embeddable":true,"href":"https:\/\/kurato.ch\/fr\/wp-json\/wp\/v2\/product_tag?post=22898"}],"curies":[{"name":"wp","href":"https:\/\/api.w.org\/{rel}","templated":true}]}}