{"id":22919,"date":"2021-09-01T12:53:12","date_gmt":"2021-09-01T10:53:12","guid":{"rendered":"https:\/\/kurato.ch\/?post_type=product&#038;p=22919"},"modified":"2024-05-13T20:20:29","modified_gmt":"2024-05-13T18:20:29","slug":"vintage-sitzgruppe-samt-vinyl-chrom","status":"publish","type":"product","link":"https:\/\/kurato.ch\/fr\/product\/vintage-sitzgruppe-samt-vinyl-chrom\/","title":{"rendered":"Salon vintage velours vinyle chrome"},"content":{"rendered":"<p>Exceptionnel ensemble de si\u00e8ges compos\u00e9 d'un canap\u00e9 et d'un fauteuil pivotant des sixties au design mid century dans son \u00e9tat d'origine.<\/p>\n<p>Il provient probablement d'un fabricant de meubles suisse, comme Str\u00e4ssle, mais le fabricant est inconnu.<\/p>\n<p>Le canap\u00e9 et le fauteuil pivotant ont un pied m\u00e9tallique \u00e9l\u00e9gant et des accoudoirs respectivement en vinyle et en similicuir.<\/p>\n<p>L'\u00e9tat de l'ensemble de meubles rembourr\u00e9s est tout simplement excellent pour son \u00e2ge !<\/p>\n<p>Les coussins sont propres et bien entretenus. Le vinyle est un peu fragile sur un accoudoir du fauteuil (au niveau du bord), mais il ne se d\u00e9chire pas et cela se remarque \u00e0 peine.<\/p>\n<p>Les housses de coussin sont amovibles individuellement par fermeture \u00e0 glissi\u00e8re.<\/p>\n<p>Couleur : Noir\/jaune-vert<\/p>\n<p>Masse :<br \/>L environ 225 cm<br \/>P environ 92 cm<br \/>H environ 76 cm<br \/>Hauteur d'assise environ 43 cm<\/p>\n<p>Largeur du fauteuil environ 78 cm<\/p>\n<p>Pour la possibilit\u00e9 d'une livraison \u00e0 domicile, veuillez contacter directement le service client de Kurato.<\/p>","protected":false},"excerpt":{"rendered":"<p>Aussergew\u00f6hnlich sch\u00f6ne Sitzgruppe, bestehend aus Sofa und Drehsessel aus den Sixties im Mid Century Design im Originalzustand. Vermutlich stammt es von einem Schweizer M\u00f6belhersteller wie z.B. Str\u00e4ssle, allerdings ist der Hersteller unbekannt. Das Sofa und der Drehsessel haben einen eleganten Metallfuss und Armlehnen aus Vinyl bzw. Kunstleder. Der Zustand der Polsterm\u00f6belgruppe ist f\u00fcr das Alter [&hellip;]<\/p>\n","protected":false},"featured_media":23169,"template":"","meta":{"_acf_changed":false,"site-sidebar-layout":"default","site-content-layout":"default","ast-site-content-layout":"default","site-content-style":"default","site-sidebar-style":"default","ast-global-header-display":"","ast-banner-title-visibility":"","ast-main-header-display":"","ast-hfb-above-header-display":"","ast-hfb-below-header-display":"","ast-hfb-mobile-header-display":"","site-post-title":"","ast-breadcrumbs-content":"","ast-featured-img":"","footer-sml-layout":"","ast-disable-related-posts":"","theme-transparent-header-meta":"default","adv-header-id-meta":"","stick-header-meta":"default","header-above-stick-meta":"","header-main-stick-meta":"","header-below-stick-meta":"","astra-migrate-meta-layouts":"default","ast-page-background-enabled":"default","ast-page-background-meta":{"desktop":{"background-color":"","background-image":"","background-repeat":"repeat","background-position":"center center","background-size":"auto","background-attachment":"scroll","background-type":"","background-media":"","overlay-type":"","overlay-color":"","overlay-opacity":"","overlay-gradient":""},"tablet":{"background-color":"","background-image":"","background-repeat":"repeat","background-position":"center center","background-size":"auto","background-attachment":"scroll","background-type":"","background-media":"","overlay-type":"","overlay-color":"","overlay-opacity":"","overlay-gradient":""},"mobile":{"background-color":"","background-image":"","background-repeat":"repeat","background-position":"center center","background-size":"auto","background-attachment":"scroll","background-type":"","background-media":"","overlay-type":"","overlay-color":"","overlay-opacity":"","overlay-gradient":""}},"ast-content-background-meta":{"desktop":{"background-color":"var(--ast-global-color-5)","background-image":"","background-repeat":"repeat","background-position":"center center","background-size":"auto","background-attachment":"scroll","background-type":"","background-media":"","overlay-type":"","overlay-color":"","overlay-opacity":"","overlay-gradient":""},"tablet":{"background-color":"var(--ast-global-color-5)","background-image":"","background-repeat":"repeat","background-position":"center center","background-size":"auto","background-attachment":"scroll","background-type":"","background-media":"","overlay-type":"","overlay-color":"","overlay-opacity":"","overlay-gradient":""},"mobile":{"background-color":"var(--ast-global-color-5)","background-image":"","background-repeat":"repeat","background-position":"center center","background-size":"auto","background-attachment":"scroll","background-type":"","background-media":"","overlay-type":"","overlay-color":"","overlay-opacity":"","overlay-gradient":""}}},"product_brand":[],"product_cat":[159,155,162],"product_tag":[],"class_list":{"0":"post-22919","1":"product","2":"type-product","3":"status-publish","4":"has-post-thumbnail","6":"product_cat-4-sitzer-und-mehr","7":"product_cat-vintage-sessel","8":"product_cat-vintage-sitzgruppe","9":"pa_designer-sonstige","10":"pa_farbe-oliv","11":"pa_material-samt","12":"pa_standort-ostschweiz","13":"pa_stil-design","14":"pa_stil-skandinavisch-mid-century","15":"pa_stil-vintage","16":"desktop-align-left","17":"tablet-align-left","18":"mobile-align-left","20":"first","21":"instock","22":"sold-individually","23":"shipping-taxable","24":"purchasable","25":"product-type-simple"},"acf":[],"yoast_head":"<!-- This site is optimized with the Yoast SEO plugin v27.5 - https:\/\/yoast.com\/product\/yoast-seo-wordpress\/ -->\n<title>Vintage Sitzgruppe Samt Vinyl Chrom | Vintage M\u00f6bel kaufen auf KURATO.CH<\/title>\n<meta name=\"description\" content=\"Entdecke Vintage M\u00f6bel &amp; Dekoration \u27a4 Vintage Sitzgruppe Samt Vinyl Chrom auf Kurato. \u2713Lieferung Schweiz \u271314-Tage R\u00fcckgabe \u2713Secondhand Unikat\" \/>\n<meta name=\"robots\" content=\"index, follow, max-snippet:-1, max-image-preview:large, max-video-preview:-1\" \/>\n<link rel=\"canonical\" href=\"https:\/\/kurato.ch\/fr\/product\/vintage-sitzgruppe-samt-vinyl-chrom\/\" \/>\n<meta property=\"og:locale\" content=\"fr_FR\" \/>\n<meta property=\"og:type\" content=\"article\" \/>\n<meta property=\"og:title\" content=\"Vintage Sitzgruppe Samt Vinyl Chrom | Vintage M\u00f6bel kaufen auf KURATO.CH\" \/>\n<meta property=\"og:description\" content=\"Entdecke Vintage M\u00f6bel &amp; Dekoration \u27a4 Vintage Sitzgruppe Samt Vinyl Chrom auf Kurato. \u2713Lieferung Schweiz \u271314-Tage R\u00fcckgabe \u2713Secondhand Unikat\" \/>\n<meta property=\"og:url\" content=\"https:\/\/kurato.ch\/fr\/product\/vintage-sitzgruppe-samt-vinyl-chrom\/\" \/>\n<meta property=\"og:site_name\" content=\"Vintage M\u00f6bel &amp; Dekoration I Kurato\" \/>\n<meta property=\"article:publisher\" content=\"https:\/\/www.facebook.com\/kuratoswitzerland\" \/>\n<meta property=\"article:modified_time\" content=\"2024-05-13T18:20:29+00:00\" \/>\n<meta property=\"og:image\" content=\"https:\/\/kurato.ch\/wp-content\/uploads\/2021\/09\/sitzgruppe-polstergruppe-50er-vintage-secondhand-schweiz-kurato.jpg\" \/>\n\t<meta property=\"og:image:width\" content=\"800\" \/>\n\t<meta property=\"og:image:height\" content=\"800\" \/>\n\t<meta property=\"og:image:type\" content=\"image\/jpeg\" \/>\n<meta name=\"twitter:label1\" content=\"Dur\u00e9e de lecture estim\u00e9e\" \/>\n\t<meta name=\"twitter:data1\" content=\"1 minute\" \/>\n<script type=\"application\/ld+json\" class=\"yoast-schema-graph\">{\"@context\":\"https:\\\/\\\/schema.org\",\"@graph\":[{\"@type\":\"WebPage\",\"@id\":\"https:\\\/\\\/kurato.ch\\\/product\\\/vintage-sitzgruppe-samt-vinyl-chrom\\\/\",\"url\":\"https:\\\/\\\/kurato.ch\\\/product\\\/vintage-sitzgruppe-samt-vinyl-chrom\\\/\",\"name\":\"Vintage Sitzgruppe Samt Vinyl Chrom | Vintage M\u00f6bel kaufen auf KURATO.CH\",\"isPartOf\":{\"@id\":\"https:\\\/\\\/kurato.ch\\\/#website\"},\"primaryImageOfPage\":{\"@id\":\"https:\\\/\\\/kurato.ch\\\/product\\\/vintage-sitzgruppe-samt-vinyl-chrom\\\/#primaryimage\"},\"image\":{\"@id\":\"https:\\\/\\\/kurato.ch\\\/product\\\/vintage-sitzgruppe-samt-vinyl-chrom\\\/#primaryimage\"},\"thumbnailUrl\":\"https:\\\/\\\/kurato.ch\\\/wp-content\\\/uploads\\\/2021\\\/09\\\/sitzgruppe-polstergruppe-50er-vintage-secondhand-schweiz-kurato.jpg\",\"datePublished\":\"2021-09-01T10:53:12+00:00\",\"dateModified\":\"2024-05-13T18:20:29+00:00\",\"description\":\"Entdecke Vintage M\u00f6bel & Dekoration \u27a4 Vintage Sitzgruppe Samt Vinyl Chrom auf Kurato. \u2713Lieferung Schweiz \u271314-Tage R\u00fcckgabe \u2713Secondhand Unikat\",\"breadcrumb\":{\"@id\":\"https:\\\/\\\/kurato.ch\\\/product\\\/vintage-sitzgruppe-samt-vinyl-chrom\\\/#breadcrumb\"},\"inLanguage\":\"fr-FR\",\"potentialAction\":[{\"@type\":\"ReadAction\",\"target\":[\"https:\\\/\\\/kurato.ch\\\/product\\\/vintage-sitzgruppe-samt-vinyl-chrom\\\/\"]}]},{\"@type\":\"ImageObject\",\"inLanguage\":\"fr-FR\",\"@id\":\"https:\\\/\\\/kurato.ch\\\/product\\\/vintage-sitzgruppe-samt-vinyl-chrom\\\/#primaryimage\",\"url\":\"https:\\\/\\\/kurato.ch\\\/wp-content\\\/uploads\\\/2021\\\/09\\\/sitzgruppe-polstergruppe-50er-vintage-secondhand-schweiz-kurato.jpg\",\"contentUrl\":\"https:\\\/\\\/kurato.ch\\\/wp-content\\\/uploads\\\/2021\\\/09\\\/sitzgruppe-polstergruppe-50er-vintage-secondhand-schweiz-kurato.jpg\",\"width\":800,\"height\":800,\"caption\":\"sitzgruppe polstergruppe 50er vintage secondhand schweiz kurato\"},{\"@type\":\"BreadcrumbList\",\"@id\":\"https:\\\/\\\/kurato.ch\\\/product\\\/vintage-sitzgruppe-samt-vinyl-chrom\\\/#breadcrumb\",\"itemListElement\":[{\"@type\":\"ListItem\",\"position\":1,\"name\":\"Home\",\"item\":\"https:\\\/\\\/kurato.ch\\\/\"},{\"@type\":\"ListItem\",\"position\":2,\"name\":\"Neuheiten\",\"item\":\"https:\\\/\\\/kurato.ch\\\/neuheiten\\\/\"},{\"@type\":\"ListItem\",\"position\":3,\"name\":\"Vintage Sitzgruppe Samt Vinyl Chrom\"}]},{\"@type\":\"WebSite\",\"@id\":\"https:\\\/\\\/kurato.ch\\\/#website\",\"url\":\"https:\\\/\\\/kurato.ch\\\/\",\"name\":\"Vintage M\u00f6bel &amp; Dekoration I Kurato\",\"description\":\"Vintage M\u00f6bel &amp; Dekoration I Kurato\",\"publisher\":{\"@id\":\"https:\\\/\\\/kurato.ch\\\/#organization\"},\"potentialAction\":[{\"@type\":\"SearchAction\",\"target\":{\"@type\":\"EntryPoint\",\"urlTemplate\":\"https:\\\/\\\/kurato.ch\\\/?s={search_term_string}\"},\"query-input\":{\"@type\":\"PropertyValueSpecification\",\"valueRequired\":true,\"valueName\":\"search_term_string\"}}],\"inLanguage\":\"fr-FR\"},{\"@type\":\"Organization\",\"@id\":\"https:\\\/\\\/kurato.ch\\\/#organization\",\"name\":\"Kurato.\",\"url\":\"https:\\\/\\\/kurato.ch\\\/\",\"logo\":{\"@type\":\"ImageObject\",\"inLanguage\":\"fr-FR\",\"@id\":\"https:\\\/\\\/kurato.ch\\\/#\\\/schema\\\/logo\\\/image\\\/\",\"url\":\"\",\"contentUrl\":\"\",\"caption\":\"Kurato.\"},\"image\":{\"@id\":\"https:\\\/\\\/kurato.ch\\\/#\\\/schema\\\/logo\\\/image\\\/\"},\"sameAs\":[\"https:\\\/\\\/www.facebook.com\\\/kuratoswitzerland\",\"https:\\\/\\\/www.instagram.com\\\/kurato.ch\\\/\",\"https:\\\/\\\/www.pinterest.ch\\\/kurato_ch\\\/_created\\\/\"]}]}<\/script>\n<!-- \/ Yoast SEO plugin. -->","yoast_head_json":{"title":"Vintage Sitzgruppe Samt Vinyl Chrom | Vintage M\u00f6bel kaufen auf KURATO.CH","description":"Entdecke Vintage M\u00f6bel & Dekoration \u27a4 Vintage Sitzgruppe Samt Vinyl Chrom auf Kurato. \u2713Lieferung Schweiz \u271314-Tage R\u00fcckgabe \u2713Secondhand Unikat","robots":{"index":"index","follow":"follow","max-snippet":"max-snippet:-1","max-image-preview":"max-image-preview:large","max-video-preview":"max-video-preview:-1"},"canonical":"https:\/\/kurato.ch\/fr\/product\/vintage-sitzgruppe-samt-vinyl-chrom\/","og_locale":"fr_FR","og_type":"article","og_title":"Vintage Sitzgruppe Samt Vinyl Chrom | Vintage M\u00f6bel kaufen auf KURATO.CH","og_description":"Entdecke Vintage M\u00f6bel & Dekoration \u27a4 Vintage Sitzgruppe Samt Vinyl Chrom auf Kurato. \u2713Lieferung Schweiz \u271314-Tage R\u00fcckgabe \u2713Secondhand Unikat","og_url":"https:\/\/kurato.ch\/fr\/product\/vintage-sitzgruppe-samt-vinyl-chrom\/","og_site_name":"Vintage M\u00f6bel &amp; Dekoration I Kurato","article_publisher":"https:\/\/www.facebook.com\/kuratoswitzerland","article_modified_time":"2024-05-13T18:20:29+00:00","og_image":[{"width":800,"height":800,"url":"https:\/\/kurato.ch\/wp-content\/uploads\/2021\/09\/sitzgruppe-polstergruppe-50er-vintage-secondhand-schweiz-kurato.jpg","type":"image\/jpeg"}],"twitter_misc":{"Dur\u00e9e de lecture estim\u00e9e":"1 minute"},"schema":{"@context":"https:\/\/schema.org","@graph":[{"@type":"WebPage","@id":"https:\/\/kurato.ch\/product\/vintage-sitzgruppe-samt-vinyl-chrom\/","url":"https:\/\/kurato.ch\/product\/vintage-sitzgruppe-samt-vinyl-chrom\/","name":"Vintage Sitzgruppe Samt Vinyl Chrom | Vintage M\u00f6bel kaufen auf KURATO.CH","isPartOf":{"@id":"https:\/\/kurato.ch\/#website"},"primaryImageOfPage":{"@id":"https:\/\/kurato.ch\/product\/vintage-sitzgruppe-samt-vinyl-chrom\/#primaryimage"},"image":{"@id":"https:\/\/kurato.ch\/product\/vintage-sitzgruppe-samt-vinyl-chrom\/#primaryimage"},"thumbnailUrl":"https:\/\/kurato.ch\/wp-content\/uploads\/2021\/09\/sitzgruppe-polstergruppe-50er-vintage-secondhand-schweiz-kurato.jpg","datePublished":"2021-09-01T10:53:12+00:00","dateModified":"2024-05-13T18:20:29+00:00","description":"Entdecke Vintage M\u00f6bel & Dekoration \u27a4 Vintage Sitzgruppe Samt Vinyl Chrom auf Kurato. \u2713Lieferung Schweiz \u271314-Tage R\u00fcckgabe \u2713Secondhand Unikat","breadcrumb":{"@id":"https:\/\/kurato.ch\/product\/vintage-sitzgruppe-samt-vinyl-chrom\/#breadcrumb"},"inLanguage":"fr-FR","potentialAction":[{"@type":"ReadAction","target":["https:\/\/kurato.ch\/product\/vintage-sitzgruppe-samt-vinyl-chrom\/"]}]},{"@type":"ImageObject","inLanguage":"fr-FR","@id":"https:\/\/kurato.ch\/product\/vintage-sitzgruppe-samt-vinyl-chrom\/#primaryimage","url":"https:\/\/kurato.ch\/wp-content\/uploads\/2021\/09\/sitzgruppe-polstergruppe-50er-vintage-secondhand-schweiz-kurato.jpg","contentUrl":"https:\/\/kurato.ch\/wp-content\/uploads\/2021\/09\/sitzgruppe-polstergruppe-50er-vintage-secondhand-schweiz-kurato.jpg","width":800,"height":800,"caption":"sitzgruppe polstergruppe 50er vintage secondhand schweiz kurato"},{"@type":"BreadcrumbList","@id":"https:\/\/kurato.ch\/product\/vintage-sitzgruppe-samt-vinyl-chrom\/#breadcrumb","itemListElement":[{"@type":"ListItem","position":1,"name":"Home","item":"https:\/\/kurato.ch\/"},{"@type":"ListItem","position":2,"name":"Neuheiten","item":"https:\/\/kurato.ch\/neuheiten\/"},{"@type":"ListItem","position":3,"name":"Vintage Sitzgruppe Samt Vinyl Chrom"}]},{"@type":"WebSite","@id":"https:\/\/kurato.ch\/#website","url":"https:\/\/kurato.ch\/","name":"Meubles vintage &amp; d\u00e9coration I Kurato","description":"Meubles vintage &amp; d\u00e9coration I Kurato","publisher":{"@id":"https:\/\/kurato.ch\/#organization"},"potentialAction":[{"@type":"SearchAction","target":{"@type":"EntryPoint","urlTemplate":"https:\/\/kurato.ch\/?s={search_term_string}"},"query-input":{"@type":"PropertyValueSpecification","valueRequired":true,"valueName":"search_term_string"}}],"inLanguage":"fr-FR"},{"@type":"Organization","@id":"https:\/\/kurato.ch\/#organization","name":"Kurato.","url":"https:\/\/kurato.ch\/","logo":{"@type":"ImageObject","inLanguage":"fr-FR","@id":"https:\/\/kurato.ch\/#\/schema\/logo\/image\/","url":"","contentUrl":"","caption":"Kurato."},"image":{"@id":"https:\/\/kurato.ch\/#\/schema\/logo\/image\/"},"sameAs":["https:\/\/www.facebook.com\/kuratoswitzerland","https:\/\/www.instagram.com\/kurato.ch\/","https:\/\/www.pinterest.ch\/kurato_ch\/_created\/"]}]}},"_links":{"self":[{"href":"https:\/\/kurato.ch\/fr\/wp-json\/wp\/v2\/product\/22919","targetHints":{"allow":["GET"]}}],"collection":[{"href":"https:\/\/kurato.ch\/fr\/wp-json\/wp\/v2\/product"}],"about":[{"href":"https:\/\/kurato.ch\/fr\/wp-json\/wp\/v2\/types\/product"}],"wp:featuredmedia":[{"embeddable":true,"href":"https:\/\/kurato.ch\/fr\/wp-json\/wp\/v2\/media\/23169"}],"wp:attachment":[{"href":"https:\/\/kurato.ch\/fr\/wp-json\/wp\/v2\/media?parent=22919"}],"wp:term":[{"taxonomy":"product_brand","embeddable":true,"href":"https:\/\/kurato.ch\/fr\/wp-json\/wp\/v2\/product_brand?post=22919"},{"taxonomy":"product_cat","embeddable":true,"href":"https:\/\/kurato.ch\/fr\/wp-json\/wp\/v2\/product_cat?post=22919"},{"taxonomy":"product_tag","embeddable":true,"href":"https:\/\/kurato.ch\/fr\/wp-json\/wp\/v2\/product_tag?post=22919"}],"curies":[{"name":"wp","href":"https:\/\/api.w.org\/{rel}","templated":true}]}}