{"id":43763,"date":"2023-04-12T11:09:31","date_gmt":"2023-04-12T09:09:31","guid":{"rendered":"https:\/\/kurato.ch\/?post_type=product&#038;p=43763"},"modified":"2023-04-12T11:09:32","modified_gmt":"2023-04-12T09:09:32","slug":"art-deco-sofa-hugues-chevalier-paris","status":"publish","type":"product","link":"https:\/\/kurato.ch\/fr\/product\/art-deco-sofa-hugues-chevalier-paris\/","title":{"rendered":"Canap\u00e9 Art d\u00e9co Hugues Chevalier Paris"},"content":{"rendered":"<p>2 canap\u00e9s Art d\u00e9co identiques de Hugues Chevalier Paris. Cuir beige clair avec bois fonc\u00e9. De chaque c\u00f4t\u00e9, une biblioth\u00e8que dans le dossier lat\u00e9ral. Plateau extensible l'un avec cendrier en laiton.<\/p>\n<p><b><span data-contrast=\"none\">Vous souhaitez vous faire livrer l'article ?<\/span><\/b>\u00a0<br \/><span data-contrast=\"auto\">Pour une offre de livraison dans toute la Suisse, veuillez contacter le Kurato<\/span><a href=\"https:\/\/kurato.ch\/fr\/kontakt\/\" data-mce-href=\"https:\/\/kurato.ch\/kontakt\/\"><span data-contrast=\"auto\">Service client\u00e8le<\/span><\/a><span data-contrast=\"auto\">demander.<\/span><\/p>","protected":false},"excerpt":{"rendered":"<p>2 identische Art Deco Sofas von Hugues Chevalier Paris. Hellbeiges Leder mit dunklem Holz. Auf beiden Seiten ein B\u00fccherregal in der Seitenlehne. Ausziehbares Tablett eines mit Messing Aschenbecher. Du m\u00f6chtest Dir den Artikel liefern lassen?\u00a0Eine Offerte f\u00fcr die schweizweite Lieferung bitte bei dem Kurato\u202fKundendienst\u202fanfragen.<\/p>","protected":false},"featured_media":43768,"template":"","meta":{"_acf_changed":false,"site-sidebar-layout":"default","site-content-layout":"","ast-site-content-layout":"default","site-content-style":"default","site-sidebar-style":"default","ast-global-header-display":"","ast-banner-title-visibility":"","ast-main-header-display":"","ast-hfb-above-header-display":"","ast-hfb-below-header-display":"","ast-hfb-mobile-header-display":"","site-post-title":"","ast-breadcrumbs-content":"","ast-featured-img":"","footer-sml-layout":"","ast-disable-related-posts":"","theme-transparent-header-meta":"","adv-header-id-meta":"","stick-header-meta":"","header-above-stick-meta":"","header-main-stick-meta":"","header-below-stick-meta":"","astra-migrate-meta-layouts":"default","ast-page-background-enabled":"default","ast-page-background-meta":{"desktop":{"background-color":"","background-image":"","background-repeat":"repeat","background-position":"center center","background-size":"auto","background-attachment":"scroll","background-type":"","background-media":"","overlay-type":"","overlay-color":"","overlay-opacity":"","overlay-gradient":""},"tablet":{"background-color":"","background-image":"","background-repeat":"repeat","background-position":"center center","background-size":"auto","background-attachment":"scroll","background-type":"","background-media":"","overlay-type":"","overlay-color":"","overlay-opacity":"","overlay-gradient":""},"mobile":{"background-color":"","background-image":"","background-repeat":"repeat","background-position":"center center","background-size":"auto","background-attachment":"scroll","background-type":"","background-media":"","overlay-type":"","overlay-color":"","overlay-opacity":"","overlay-gradient":""}},"ast-content-background-meta":{"desktop":{"background-color":"var(--ast-global-color-5)","background-image":"","background-repeat":"repeat","background-position":"center center","background-size":"auto","background-attachment":"scroll","background-type":"","background-media":"","overlay-type":"","overlay-color":"","overlay-opacity":"","overlay-gradient":""},"tablet":{"background-color":"var(--ast-global-color-5)","background-image":"","background-repeat":"repeat","background-position":"center center","background-size":"auto","background-attachment":"scroll","background-type":"","background-media":"","overlay-type":"","overlay-color":"","overlay-opacity":"","overlay-gradient":""},"mobile":{"background-color":"var(--ast-global-color-5)","background-image":"","background-repeat":"repeat","background-position":"center center","background-size":"auto","background-attachment":"scroll","background-type":"","background-media":"","overlay-type":"","overlay-color":"","overlay-opacity":"","overlay-gradient":""}}},"product_brand":[],"product_cat":[157,156],"product_tag":[],"class_list":{"0":"post-43763","1":"product","2":"type-product","3":"status-publish","4":"has-post-thumbnail","6":"product_cat-2-sitzer","7":"product_cat-vintage-sofas-sitzbank","8":"pa_farbe-farbebeige","9":"pa_material-leder","10":"pa_standort-zurich","11":"pa_stil-klassisch","12":"desktop-align-left","13":"tablet-align-left","14":"mobile-align-left","16":"first","17":"instock","18":"shipping-taxable","19":"purchasable","20":"product-type-simple"},"acf":[],"yoast_head":"<!-- This site is optimized with the Yoast SEO plugin v27.4 - https:\/\/yoast.com\/product\/yoast-seo-wordpress\/ -->\n<title>Art Deco Sofa Hugues Chevalier Paris | Vintage M\u00f6bel kaufen auf KURATO.CH<\/title>\n<meta name=\"description\" content=\"Entdecke Vintage M\u00f6bel &amp; Dekoration \u27a4 Art Deco Sofa Hugues Chevalier Paris auf Kurato. \u2713Lieferung Schweiz \u271314-Tage R\u00fcckgabe \u2713Secondhand Unikat\" \/>\n<meta name=\"robots\" content=\"index, follow, max-snippet:-1, max-image-preview:large, max-video-preview:-1\" \/>\n<link rel=\"canonical\" href=\"https:\/\/kurato.ch\/fr\/product\/art-deco-sofa-hugues-chevalier-paris\/\" \/>\n<meta property=\"og:locale\" content=\"fr_FR\" \/>\n<meta property=\"og:type\" content=\"article\" \/>\n<meta property=\"og:title\" content=\"Art Deco Sofa Hugues Chevalier Paris | Vintage M\u00f6bel kaufen auf KURATO.CH\" \/>\n<meta property=\"og:description\" content=\"Entdecke Vintage M\u00f6bel &amp; Dekoration \u27a4 Art Deco Sofa Hugues Chevalier Paris auf Kurato. \u2713Lieferung Schweiz \u271314-Tage R\u00fcckgabe \u2713Secondhand Unikat\" \/>\n<meta property=\"og:url\" content=\"https:\/\/kurato.ch\/fr\/product\/art-deco-sofa-hugues-chevalier-paris\/\" \/>\n<meta property=\"og:site_name\" content=\"Vintage M\u00f6bel &amp; Dekoration I Kurato\" \/>\n<meta property=\"article:publisher\" content=\"https:\/\/www.facebook.com\/kuratoswitzerland\" \/>\n<meta property=\"article:modified_time\" content=\"2023-04-12T09:09:32+00:00\" \/>\n<meta property=\"og:image\" content=\"https:\/\/kurato.ch\/wp-content\/uploads\/2023\/04\/Art-Deco-Sofa-Hugues-Chevalier-Paris-vintage-secondhand-gebraucht-occassion.jpg\" \/>\n\t<meta property=\"og:image:width\" content=\"800\" \/>\n\t<meta property=\"og:image:height\" content=\"800\" \/>\n\t<meta property=\"og:image:type\" content=\"image\/jpeg\" \/>\n<script type=\"application\/ld+json\" class=\"yoast-schema-graph\">{\"@context\":\"https:\\\/\\\/schema.org\",\"@graph\":[{\"@type\":\"WebPage\",\"@id\":\"https:\\\/\\\/kurato.ch\\\/product\\\/art-deco-sofa-hugues-chevalier-paris\\\/\",\"url\":\"https:\\\/\\\/kurato.ch\\\/product\\\/art-deco-sofa-hugues-chevalier-paris\\\/\",\"name\":\"Art Deco Sofa Hugues Chevalier Paris | Vintage M\u00f6bel kaufen auf KURATO.CH\",\"isPartOf\":{\"@id\":\"https:\\\/\\\/kurato.ch\\\/#website\"},\"primaryImageOfPage\":{\"@id\":\"https:\\\/\\\/kurato.ch\\\/product\\\/art-deco-sofa-hugues-chevalier-paris\\\/#primaryimage\"},\"image\":{\"@id\":\"https:\\\/\\\/kurato.ch\\\/product\\\/art-deco-sofa-hugues-chevalier-paris\\\/#primaryimage\"},\"thumbnailUrl\":\"https:\\\/\\\/kurato.ch\\\/wp-content\\\/uploads\\\/2023\\\/04\\\/Art-Deco-Sofa-Hugues-Chevalier-Paris-vintage-secondhand-gebraucht-occassion.jpg\",\"datePublished\":\"2023-04-12T09:09:31+00:00\",\"dateModified\":\"2023-04-12T09:09:32+00:00\",\"description\":\"Entdecke Vintage M\u00f6bel & Dekoration \u27a4 Art Deco Sofa Hugues Chevalier Paris auf Kurato. \u2713Lieferung Schweiz \u271314-Tage R\u00fcckgabe \u2713Secondhand Unikat\",\"breadcrumb\":{\"@id\":\"https:\\\/\\\/kurato.ch\\\/product\\\/art-deco-sofa-hugues-chevalier-paris\\\/#breadcrumb\"},\"inLanguage\":\"fr-FR\",\"potentialAction\":[{\"@type\":\"ReadAction\",\"target\":[\"https:\\\/\\\/kurato.ch\\\/product\\\/art-deco-sofa-hugues-chevalier-paris\\\/\"]}]},{\"@type\":\"ImageObject\",\"inLanguage\":\"fr-FR\",\"@id\":\"https:\\\/\\\/kurato.ch\\\/product\\\/art-deco-sofa-hugues-chevalier-paris\\\/#primaryimage\",\"url\":\"https:\\\/\\\/kurato.ch\\\/wp-content\\\/uploads\\\/2023\\\/04\\\/Art-Deco-Sofa-Hugues-Chevalier-Paris-vintage-secondhand-gebraucht-occassion.jpg\",\"contentUrl\":\"https:\\\/\\\/kurato.ch\\\/wp-content\\\/uploads\\\/2023\\\/04\\\/Art-Deco-Sofa-Hugues-Chevalier-Paris-vintage-secondhand-gebraucht-occassion.jpg\",\"width\":800,\"height\":800,\"caption\":\"Art Deco Sofa Hugues Chevalier Paris\"},{\"@type\":\"BreadcrumbList\",\"@id\":\"https:\\\/\\\/kurato.ch\\\/product\\\/art-deco-sofa-hugues-chevalier-paris\\\/#breadcrumb\",\"itemListElement\":[{\"@type\":\"ListItem\",\"position\":1,\"name\":\"Home\",\"item\":\"https:\\\/\\\/kurato.ch\\\/\"},{\"@type\":\"ListItem\",\"position\":2,\"name\":\"Neuheiten\",\"item\":\"https:\\\/\\\/kurato.ch\\\/neuheiten\\\/\"},{\"@type\":\"ListItem\",\"position\":3,\"name\":\"Art Deco Sofa Hugues Chevalier Paris\"}]},{\"@type\":\"WebSite\",\"@id\":\"https:\\\/\\\/kurato.ch\\\/#website\",\"url\":\"https:\\\/\\\/kurato.ch\\\/\",\"name\":\"Vintage M\u00f6bel &amp; Dekoration I Kurato\",\"description\":\"Vintage M\u00f6bel &amp; Dekoration I Kurato\",\"publisher\":{\"@id\":\"https:\\\/\\\/kurato.ch\\\/#organization\"},\"potentialAction\":[{\"@type\":\"SearchAction\",\"target\":{\"@type\":\"EntryPoint\",\"urlTemplate\":\"https:\\\/\\\/kurato.ch\\\/?s={search_term_string}\"},\"query-input\":{\"@type\":\"PropertyValueSpecification\",\"valueRequired\":true,\"valueName\":\"search_term_string\"}}],\"inLanguage\":\"fr-FR\"},{\"@type\":\"Organization\",\"@id\":\"https:\\\/\\\/kurato.ch\\\/#organization\",\"name\":\"Kurato.\",\"url\":\"https:\\\/\\\/kurato.ch\\\/\",\"logo\":{\"@type\":\"ImageObject\",\"inLanguage\":\"fr-FR\",\"@id\":\"https:\\\/\\\/kurato.ch\\\/#\\\/schema\\\/logo\\\/image\\\/\",\"url\":\"\",\"contentUrl\":\"\",\"caption\":\"Kurato.\"},\"image\":{\"@id\":\"https:\\\/\\\/kurato.ch\\\/#\\\/schema\\\/logo\\\/image\\\/\"},\"sameAs\":[\"https:\\\/\\\/www.facebook.com\\\/kuratoswitzerland\",\"https:\\\/\\\/www.instagram.com\\\/kurato.ch\\\/\",\"https:\\\/\\\/www.pinterest.ch\\\/kurato_ch\\\/_created\\\/\"]}]}<\/script>\n<!-- \/ Yoast SEO plugin. -->","yoast_head_json":{"title":"Art Deco Sofa Hugues Chevalier Paris | Vintage M\u00f6bel kaufen auf KURATO.CH","description":"Entdecke Vintage M\u00f6bel & Dekoration \u27a4 Art Deco Sofa Hugues Chevalier Paris auf Kurato. \u2713Lieferung Schweiz \u271314-Tage R\u00fcckgabe \u2713Secondhand Unikat","robots":{"index":"index","follow":"follow","max-snippet":"max-snippet:-1","max-image-preview":"max-image-preview:large","max-video-preview":"max-video-preview:-1"},"canonical":"https:\/\/kurato.ch\/fr\/product\/art-deco-sofa-hugues-chevalier-paris\/","og_locale":"fr_FR","og_type":"article","og_title":"Art Deco Sofa Hugues Chevalier Paris | Vintage M\u00f6bel kaufen auf KURATO.CH","og_description":"Entdecke Vintage M\u00f6bel & Dekoration \u27a4 Art Deco Sofa Hugues Chevalier Paris auf Kurato. \u2713Lieferung Schweiz \u271314-Tage R\u00fcckgabe \u2713Secondhand Unikat","og_url":"https:\/\/kurato.ch\/fr\/product\/art-deco-sofa-hugues-chevalier-paris\/","og_site_name":"Vintage M\u00f6bel &amp; Dekoration I Kurato","article_publisher":"https:\/\/www.facebook.com\/kuratoswitzerland","article_modified_time":"2023-04-12T09:09:32+00:00","og_image":[{"width":800,"height":800,"url":"https:\/\/kurato.ch\/wp-content\/uploads\/2023\/04\/Art-Deco-Sofa-Hugues-Chevalier-Paris-vintage-secondhand-gebraucht-occassion.jpg","type":"image\/jpeg"}],"schema":{"@context":"https:\/\/schema.org","@graph":[{"@type":"WebPage","@id":"https:\/\/kurato.ch\/product\/art-deco-sofa-hugues-chevalier-paris\/","url":"https:\/\/kurato.ch\/product\/art-deco-sofa-hugues-chevalier-paris\/","name":"Art Deco Sofa Hugues Chevalier Paris | Vintage M\u00f6bel kaufen auf KURATO.CH","isPartOf":{"@id":"https:\/\/kurato.ch\/#website"},"primaryImageOfPage":{"@id":"https:\/\/kurato.ch\/product\/art-deco-sofa-hugues-chevalier-paris\/#primaryimage"},"image":{"@id":"https:\/\/kurato.ch\/product\/art-deco-sofa-hugues-chevalier-paris\/#primaryimage"},"thumbnailUrl":"https:\/\/kurato.ch\/wp-content\/uploads\/2023\/04\/Art-Deco-Sofa-Hugues-Chevalier-Paris-vintage-secondhand-gebraucht-occassion.jpg","datePublished":"2023-04-12T09:09:31+00:00","dateModified":"2023-04-12T09:09:32+00:00","description":"Entdecke Vintage M\u00f6bel & Dekoration \u27a4 Art Deco Sofa Hugues Chevalier Paris auf Kurato. \u2713Lieferung Schweiz \u271314-Tage R\u00fcckgabe \u2713Secondhand Unikat","breadcrumb":{"@id":"https:\/\/kurato.ch\/product\/art-deco-sofa-hugues-chevalier-paris\/#breadcrumb"},"inLanguage":"fr-FR","potentialAction":[{"@type":"ReadAction","target":["https:\/\/kurato.ch\/product\/art-deco-sofa-hugues-chevalier-paris\/"]}]},{"@type":"ImageObject","inLanguage":"fr-FR","@id":"https:\/\/kurato.ch\/product\/art-deco-sofa-hugues-chevalier-paris\/#primaryimage","url":"https:\/\/kurato.ch\/wp-content\/uploads\/2023\/04\/Art-Deco-Sofa-Hugues-Chevalier-Paris-vintage-secondhand-gebraucht-occassion.jpg","contentUrl":"https:\/\/kurato.ch\/wp-content\/uploads\/2023\/04\/Art-Deco-Sofa-Hugues-Chevalier-Paris-vintage-secondhand-gebraucht-occassion.jpg","width":800,"height":800,"caption":"Art Deco Sofa Hugues Chevalier Paris"},{"@type":"BreadcrumbList","@id":"https:\/\/kurato.ch\/product\/art-deco-sofa-hugues-chevalier-paris\/#breadcrumb","itemListElement":[{"@type":"ListItem","position":1,"name":"Home","item":"https:\/\/kurato.ch\/"},{"@type":"ListItem","position":2,"name":"Neuheiten","item":"https:\/\/kurato.ch\/neuheiten\/"},{"@type":"ListItem","position":3,"name":"Art Deco Sofa Hugues Chevalier Paris"}]},{"@type":"WebSite","@id":"https:\/\/kurato.ch\/#website","url":"https:\/\/kurato.ch\/","name":"Meubles vintage &amp; d\u00e9coration I Kurato","description":"Meubles vintage &amp; d\u00e9coration I Kurato","publisher":{"@id":"https:\/\/kurato.ch\/#organization"},"potentialAction":[{"@type":"SearchAction","target":{"@type":"EntryPoint","urlTemplate":"https:\/\/kurato.ch\/?s={search_term_string}"},"query-input":{"@type":"PropertyValueSpecification","valueRequired":true,"valueName":"search_term_string"}}],"inLanguage":"fr-FR"},{"@type":"Organization","@id":"https:\/\/kurato.ch\/#organization","name":"Kurato.","url":"https:\/\/kurato.ch\/","logo":{"@type":"ImageObject","inLanguage":"fr-FR","@id":"https:\/\/kurato.ch\/#\/schema\/logo\/image\/","url":"","contentUrl":"","caption":"Kurato."},"image":{"@id":"https:\/\/kurato.ch\/#\/schema\/logo\/image\/"},"sameAs":["https:\/\/www.facebook.com\/kuratoswitzerland","https:\/\/www.instagram.com\/kurato.ch\/","https:\/\/www.pinterest.ch\/kurato_ch\/_created\/"]}]}},"_links":{"self":[{"href":"https:\/\/kurato.ch\/fr\/wp-json\/wp\/v2\/product\/43763","targetHints":{"allow":["GET"]}}],"collection":[{"href":"https:\/\/kurato.ch\/fr\/wp-json\/wp\/v2\/product"}],"about":[{"href":"https:\/\/kurato.ch\/fr\/wp-json\/wp\/v2\/types\/product"}],"wp:featuredmedia":[{"embeddable":true,"href":"https:\/\/kurato.ch\/fr\/wp-json\/wp\/v2\/media\/43768"}],"wp:attachment":[{"href":"https:\/\/kurato.ch\/fr\/wp-json\/wp\/v2\/media?parent=43763"}],"wp:term":[{"taxonomy":"product_brand","embeddable":true,"href":"https:\/\/kurato.ch\/fr\/wp-json\/wp\/v2\/product_brand?post=43763"},{"taxonomy":"product_cat","embeddable":true,"href":"https:\/\/kurato.ch\/fr\/wp-json\/wp\/v2\/product_cat?post=43763"},{"taxonomy":"product_tag","embeddable":true,"href":"https:\/\/kurato.ch\/fr\/wp-json\/wp\/v2\/product_tag?post=43763"}],"curies":[{"name":"wp","href":"https:\/\/api.w.org\/{rel}","templated":true}]}}