{"id":48769,"date":"2023-10-04T11:01:51","date_gmt":"2023-10-04T09:01:51","guid":{"rendered":"https:\/\/kurato.ch\/fr\/?post_type=product&#038;p=48769"},"modified":"2023-11-22T13:33:41","modified_gmt":"2023-11-22T11:33:41","slug":"5-teiliges-set-eclepens-von-adrien-rovero-fuer-atelier-pfister","status":"publish","type":"product","link":"https:\/\/kurato.ch\/fr\/product\/5-teiliges-set-eclepens-von-adrien-rovero-fuer-atelier-pfister\/","title":{"rendered":"Set de 5 pi\u00e8ces Eclepens d'Adrien Rovero pour Atelier Pfister"},"content":{"rendered":"<p>ATELIER PFISTER est synonyme d'innovation, de design suisse et de durabilit\u00e9. Ce qui a commenc\u00e9 comme un concours de promotion pour les jeunes designers suisses est aujourd'hui une marque qui s'est \u00e9tablie sur le march\u00e9 suisse du design. Chez Atelier Pfister, les amateurs de design trouvent des produits esth\u00e9tiques de grande qualit\u00e9 qui sont devenus de v\u00e9ritables classiques.<\/p>\n<p>ADRIEN ROVERO<br \/>Le designer industriel Adrien Rovero exerce ses talents dans les domaines du mobilier, de l'\u00e9clairage et du design d'exposition. Apr\u00e8s des \u00e9tudes \u00e0 l'ECAL, l'\u00c9cole cantonale d'art de Lausanne, il a ouvert son propre studio \u00e0 Renens en 2006. Adrien Rovero est n\u00e9 \u00e0 Pompaples en 1981 et fait preuve d'un grand talent dans la conception d'expositions. Parmi ses clients les plus prestigieux figurent des institutions telles que le Centre Pompidou (Paris), le Grand-Hornu Images (Belgique), la Manufacture de S\u00e8vres (France), le mudac (Lausanne) et la Villa Noailles (France).<br \/>Ses id\u00e9es de produits cr\u00e9atives et extr\u00eamement inventives comprennent un lexique de formes bas\u00e9 sur l'accumulation, le r\u00e9arrangement et le d\u00e9placement de formes, de mat\u00e9riaux, de r\u00e9f\u00e9rences et d'utilit\u00e9s.<\/p>\n<p>Ce meuble a \u00e9t\u00e9 con\u00e7u pour une seule collection et ne sera plus produit. Il est donc exclusif.<\/p>\n<p>A vendre pour CHF 3'800.<\/p>\n<p>2 canap\u00e9s 3 places<br \/>1 canap\u00e9 1 place<br \/>1 chaise longue<br \/>1 repose-pieds<br \/>Prix de d\u00e9part : 15'690.<\/p>\n<p>Les meubles peuvent \u00e9ventuellement \u00eatre vendus s\u00e9par\u00e9ment.<\/p>","protected":false},"excerpt":{"rendered":"<p>ATELIER PFISTER steht f\u00fcr Innovation, Schweizer Design und Nachhaltigkeit. Was als F\u00f6rderwettbewerb f\u00fcr junge Schweizer Designer begann, ist heute eine Marke, die sich auf dem Schweizer Designmarkt etabliert hat. Bei Atelier Pfister finden Designliebhaberinnen und -liebhaber \u00e4sthetische Produkte von hoher Qualit\u00e4t, die zu echten Klassikern geworden sind. ADRIEN ROVERODer Industriedesigner Adrien Rovero \u00fcbt seine Talente [&hellip;]<\/p>\n","protected":false},"featured_media":48829,"template":"","meta":{"_acf_changed":false,"site-sidebar-layout":"default","site-content-layout":"","ast-site-content-layout":"default","site-content-style":"default","site-sidebar-style":"default","ast-global-header-display":"","ast-banner-title-visibility":"","ast-main-header-display":"","ast-hfb-above-header-display":"","ast-hfb-below-header-display":"","ast-hfb-mobile-header-display":"","site-post-title":"","ast-breadcrumbs-content":"","ast-featured-img":"","footer-sml-layout":"","ast-disable-related-posts":"","theme-transparent-header-meta":"default","adv-header-id-meta":"","stick-header-meta":"default","header-above-stick-meta":"","header-main-stick-meta":"","header-below-stick-meta":"","astra-migrate-meta-layouts":"set","ast-page-background-enabled":"default","ast-page-background-meta":{"desktop":{"background-color":"","background-image":"","background-repeat":"repeat","background-position":"center center","background-size":"auto","background-attachment":"scroll","background-type":"","background-media":"","overlay-type":"","overlay-color":"","overlay-opacity":"","overlay-gradient":""},"tablet":{"background-color":"","background-image":"","background-repeat":"repeat","background-position":"center center","background-size":"auto","background-attachment":"scroll","background-type":"","background-media":"","overlay-type":"","overlay-color":"","overlay-opacity":"","overlay-gradient":""},"mobile":{"background-color":"","background-image":"","background-repeat":"repeat","background-position":"center center","background-size":"auto","background-attachment":"scroll","background-type":"","background-media":"","overlay-type":"","overlay-color":"","overlay-opacity":"","overlay-gradient":""}},"ast-content-background-meta":{"desktop":{"background-color":"var(--ast-global-color-5)","background-image":"","background-repeat":"repeat","background-position":"center center","background-size":"auto","background-attachment":"scroll","background-type":"","background-media":"","overlay-type":"","overlay-color":"","overlay-opacity":"","overlay-gradient":""},"tablet":{"background-color":"var(--ast-global-color-5)","background-image":"","background-repeat":"repeat","background-position":"center center","background-size":"auto","background-attachment":"scroll","background-type":"","background-media":"","overlay-type":"","overlay-color":"","overlay-opacity":"","overlay-gradient":""},"mobile":{"background-color":"var(--ast-global-color-5)","background-image":"","background-repeat":"repeat","background-position":"center center","background-size":"auto","background-attachment":"scroll","background-type":"","background-media":"","overlay-type":"","overlay-color":"","overlay-opacity":"","overlay-gradient":""}}},"product_brand":[],"product_cat":[158,150,153,156],"product_tag":[],"class_list":{"0":"post-48769","1":"product","2":"type-product","3":"status-publish","4":"has-post-thumbnail","6":"product_cat-3-sitzer","7":"product_cat-vintage-fussbank-ottoman","8":"product_cat-vintage-liege","9":"product_cat-vintage-sofas-sitzbank","10":"pa_designer-sonstige","11":"pa_farbe-mehrfarbig","12":"pa_material-wolle-auf-wolle","13":"pa_standort-genferseeregion","14":"pa_stil-design","15":"desktop-align-left","16":"tablet-align-left","17":"mobile-align-left","19":"first","20":"instock","21":"sold-individually","22":"shipping-taxable","23":"purchasable","24":"product-type-simple"},"acf":[],"yoast_head":"<!-- This site is optimized with the Yoast SEO plugin v27.4 - https:\/\/yoast.com\/product\/yoast-seo-wordpress\/ -->\n<title>5-teiliges Set Eclepens von Adrien Rovero f\u00fcr Atelier Pfister | Vintage M\u00f6bel kaufen auf KURATO.CH<\/title>\n<meta name=\"description\" content=\"Entdecke Vintage M\u00f6bel &amp; Dekoration \u27a4 5-teiliges Set Eclepens von Adrien Rovero f\u00fcr Atelier Pfister auf Kurato. \u2713Lieferung Schweiz \u271314-Tage R\u00fcckgabe \u2713Secondhand Unikat\" \/>\n<meta name=\"robots\" content=\"index, follow, max-snippet:-1, max-image-preview:large, max-video-preview:-1\" \/>\n<link rel=\"canonical\" href=\"https:\/\/kurato.ch\/fr\/product\/5-teiliges-set-eclepens-von-adrien-rovero-fuer-atelier-pfister\/\" \/>\n<meta property=\"og:locale\" content=\"fr_FR\" \/>\n<meta property=\"og:type\" content=\"article\" \/>\n<meta property=\"og:title\" content=\"5-teiliges Set Eclepens von Adrien Rovero f\u00fcr Atelier Pfister | Vintage M\u00f6bel kaufen auf KURATO.CH\" \/>\n<meta property=\"og:description\" content=\"Entdecke Vintage M\u00f6bel &amp; Dekoration \u27a4 5-teiliges Set Eclepens von Adrien Rovero f\u00fcr Atelier Pfister auf Kurato. \u2713Lieferung Schweiz \u271314-Tage R\u00fcckgabe \u2713Secondhand Unikat\" \/>\n<meta property=\"og:url\" content=\"https:\/\/kurato.ch\/fr\/product\/5-teiliges-set-eclepens-von-adrien-rovero-fuer-atelier-pfister\/\" \/>\n<meta property=\"og:site_name\" content=\"Vintage M\u00f6bel &amp; Dekoration I Kurato\" \/>\n<meta property=\"article:publisher\" content=\"https:\/\/www.facebook.com\/kuratoswitzerland\" \/>\n<meta property=\"article:modified_time\" content=\"2023-11-22T11:33:41+00:00\" \/>\n<meta property=\"og:image\" content=\"https:\/\/kurato.ch\/wp-content\/uploads\/2023\/10\/Eclepens-von-Adrien-Rovero-fuer-Atelier-Pfister-vintage-secondhand-gebraucht-occassion.jpg\" \/>\n\t<meta property=\"og:image:width\" content=\"800\" \/>\n\t<meta property=\"og:image:height\" content=\"800\" \/>\n\t<meta property=\"og:image:type\" content=\"image\/jpeg\" \/>\n<meta name=\"twitter:label1\" content=\"Dur\u00e9e de lecture estim\u00e9e\" \/>\n\t<meta name=\"twitter:data1\" content=\"2 minutes\" \/>\n<script type=\"application\/ld+json\" class=\"yoast-schema-graph\">{\"@context\":\"https:\\\/\\\/schema.org\",\"@graph\":[{\"@type\":\"WebPage\",\"@id\":\"https:\\\/\\\/kurato.ch\\\/product\\\/5-teiliges-set-eclepens-von-adrien-rovero-fuer-atelier-pfister\\\/\",\"url\":\"https:\\\/\\\/kurato.ch\\\/product\\\/5-teiliges-set-eclepens-von-adrien-rovero-fuer-atelier-pfister\\\/\",\"name\":\"5-teiliges Set Eclepens von Adrien Rovero f\u00fcr Atelier Pfister | Vintage M\u00f6bel kaufen auf KURATO.CH\",\"isPartOf\":{\"@id\":\"https:\\\/\\\/kurato.ch\\\/#website\"},\"primaryImageOfPage\":{\"@id\":\"https:\\\/\\\/kurato.ch\\\/product\\\/5-teiliges-set-eclepens-von-adrien-rovero-fuer-atelier-pfister\\\/#primaryimage\"},\"image\":{\"@id\":\"https:\\\/\\\/kurato.ch\\\/product\\\/5-teiliges-set-eclepens-von-adrien-rovero-fuer-atelier-pfister\\\/#primaryimage\"},\"thumbnailUrl\":\"https:\\\/\\\/kurato.ch\\\/wp-content\\\/uploads\\\/2023\\\/10\\\/Eclepens-von-Adrien-Rovero-fuer-Atelier-Pfister-vintage-secondhand-gebraucht-occassion.jpg\",\"datePublished\":\"2023-10-04T09:01:51+00:00\",\"dateModified\":\"2023-11-22T11:33:41+00:00\",\"description\":\"Entdecke Vintage M\u00f6bel & Dekoration \u27a4 5-teiliges Set Eclepens von Adrien Rovero f\u00fcr Atelier Pfister auf Kurato. \u2713Lieferung Schweiz \u271314-Tage R\u00fcckgabe \u2713Secondhand Unikat\",\"breadcrumb\":{\"@id\":\"https:\\\/\\\/kurato.ch\\\/product\\\/5-teiliges-set-eclepens-von-adrien-rovero-fuer-atelier-pfister\\\/#breadcrumb\"},\"inLanguage\":\"fr-FR\",\"potentialAction\":[{\"@type\":\"ReadAction\",\"target\":[\"https:\\\/\\\/kurato.ch\\\/product\\\/5-teiliges-set-eclepens-von-adrien-rovero-fuer-atelier-pfister\\\/\"]}]},{\"@type\":\"ImageObject\",\"inLanguage\":\"fr-FR\",\"@id\":\"https:\\\/\\\/kurato.ch\\\/product\\\/5-teiliges-set-eclepens-von-adrien-rovero-fuer-atelier-pfister\\\/#primaryimage\",\"url\":\"https:\\\/\\\/kurato.ch\\\/wp-content\\\/uploads\\\/2023\\\/10\\\/Eclepens-von-Adrien-Rovero-fuer-Atelier-Pfister-vintage-secondhand-gebraucht-occassion.jpg\",\"contentUrl\":\"https:\\\/\\\/kurato.ch\\\/wp-content\\\/uploads\\\/2023\\\/10\\\/Eclepens-von-Adrien-Rovero-fuer-Atelier-Pfister-vintage-secondhand-gebraucht-occassion.jpg\",\"width\":800,\"height\":800,\"caption\":\"Eclepens von Adrien Rovero fu\u0308r Atelier Pfister -vintage-secondhand-gebraucht-occassion\"},{\"@type\":\"BreadcrumbList\",\"@id\":\"https:\\\/\\\/kurato.ch\\\/product\\\/5-teiliges-set-eclepens-von-adrien-rovero-fuer-atelier-pfister\\\/#breadcrumb\",\"itemListElement\":[{\"@type\":\"ListItem\",\"position\":1,\"name\":\"Home\",\"item\":\"https:\\\/\\\/kurato.ch\\\/\"},{\"@type\":\"ListItem\",\"position\":2,\"name\":\"Neuheiten\",\"item\":\"https:\\\/\\\/kurato.ch\\\/neuheiten\\\/\"},{\"@type\":\"ListItem\",\"position\":3,\"name\":\"5-teiliges Set Eclepens von Adrien Rovero f\u00fcr Atelier Pfister\"}]},{\"@type\":\"WebSite\",\"@id\":\"https:\\\/\\\/kurato.ch\\\/#website\",\"url\":\"https:\\\/\\\/kurato.ch\\\/\",\"name\":\"Vintage M\u00f6bel &amp; Dekoration I Kurato\",\"description\":\"Vintage M\u00f6bel &amp; Dekoration I Kurato\",\"publisher\":{\"@id\":\"https:\\\/\\\/kurato.ch\\\/#organization\"},\"potentialAction\":[{\"@type\":\"SearchAction\",\"target\":{\"@type\":\"EntryPoint\",\"urlTemplate\":\"https:\\\/\\\/kurato.ch\\\/?s={search_term_string}\"},\"query-input\":{\"@type\":\"PropertyValueSpecification\",\"valueRequired\":true,\"valueName\":\"search_term_string\"}}],\"inLanguage\":\"fr-FR\"},{\"@type\":\"Organization\",\"@id\":\"https:\\\/\\\/kurato.ch\\\/#organization\",\"name\":\"Kurato.\",\"url\":\"https:\\\/\\\/kurato.ch\\\/\",\"logo\":{\"@type\":\"ImageObject\",\"inLanguage\":\"fr-FR\",\"@id\":\"https:\\\/\\\/kurato.ch\\\/#\\\/schema\\\/logo\\\/image\\\/\",\"url\":\"\",\"contentUrl\":\"\",\"caption\":\"Kurato.\"},\"image\":{\"@id\":\"https:\\\/\\\/kurato.ch\\\/#\\\/schema\\\/logo\\\/image\\\/\"},\"sameAs\":[\"https:\\\/\\\/www.facebook.com\\\/kuratoswitzerland\",\"https:\\\/\\\/www.instagram.com\\\/kurato.ch\\\/\",\"https:\\\/\\\/www.pinterest.ch\\\/kurato_ch\\\/_created\\\/\"]}]}<\/script>\n<!-- \/ Yoast SEO plugin. -->","yoast_head_json":{"title":"5-teiliges Set Eclepens von Adrien Rovero f\u00fcr Atelier Pfister | Vintage M\u00f6bel kaufen auf KURATO.CH","description":"Entdecke Vintage M\u00f6bel & Dekoration \u27a4 5-teiliges Set Eclepens von Adrien Rovero f\u00fcr Atelier Pfister auf Kurato. \u2713Lieferung Schweiz \u271314-Tage R\u00fcckgabe \u2713Secondhand Unikat","robots":{"index":"index","follow":"follow","max-snippet":"max-snippet:-1","max-image-preview":"max-image-preview:large","max-video-preview":"max-video-preview:-1"},"canonical":"https:\/\/kurato.ch\/fr\/product\/5-teiliges-set-eclepens-von-adrien-rovero-fuer-atelier-pfister\/","og_locale":"fr_FR","og_type":"article","og_title":"5-teiliges Set Eclepens von Adrien Rovero f\u00fcr Atelier Pfister | Vintage M\u00f6bel kaufen auf KURATO.CH","og_description":"Entdecke Vintage M\u00f6bel & Dekoration \u27a4 5-teiliges Set Eclepens von Adrien Rovero f\u00fcr Atelier Pfister auf Kurato. \u2713Lieferung Schweiz \u271314-Tage R\u00fcckgabe \u2713Secondhand Unikat","og_url":"https:\/\/kurato.ch\/fr\/product\/5-teiliges-set-eclepens-von-adrien-rovero-fuer-atelier-pfister\/","og_site_name":"Vintage M\u00f6bel &amp; Dekoration I Kurato","article_publisher":"https:\/\/www.facebook.com\/kuratoswitzerland","article_modified_time":"2023-11-22T11:33:41+00:00","og_image":[{"width":800,"height":800,"url":"https:\/\/kurato.ch\/wp-content\/uploads\/2023\/10\/Eclepens-von-Adrien-Rovero-fuer-Atelier-Pfister-vintage-secondhand-gebraucht-occassion.jpg","type":"image\/jpeg"}],"twitter_misc":{"Dur\u00e9e de lecture estim\u00e9e":"2 minutes"},"schema":{"@context":"https:\/\/schema.org","@graph":[{"@type":"WebPage","@id":"https:\/\/kurato.ch\/product\/5-teiliges-set-eclepens-von-adrien-rovero-fuer-atelier-pfister\/","url":"https:\/\/kurato.ch\/product\/5-teiliges-set-eclepens-von-adrien-rovero-fuer-atelier-pfister\/","name":"5-teiliges Set Eclepens von Adrien Rovero f\u00fcr Atelier Pfister | Vintage M\u00f6bel kaufen auf KURATO.CH","isPartOf":{"@id":"https:\/\/kurato.ch\/#website"},"primaryImageOfPage":{"@id":"https:\/\/kurato.ch\/product\/5-teiliges-set-eclepens-von-adrien-rovero-fuer-atelier-pfister\/#primaryimage"},"image":{"@id":"https:\/\/kurato.ch\/product\/5-teiliges-set-eclepens-von-adrien-rovero-fuer-atelier-pfister\/#primaryimage"},"thumbnailUrl":"https:\/\/kurato.ch\/wp-content\/uploads\/2023\/10\/Eclepens-von-Adrien-Rovero-fuer-Atelier-Pfister-vintage-secondhand-gebraucht-occassion.jpg","datePublished":"2023-10-04T09:01:51+00:00","dateModified":"2023-11-22T11:33:41+00:00","description":"Entdecke Vintage M\u00f6bel & Dekoration \u27a4 5-teiliges Set Eclepens von Adrien Rovero f\u00fcr Atelier Pfister auf Kurato. \u2713Lieferung Schweiz \u271314-Tage R\u00fcckgabe \u2713Secondhand Unikat","breadcrumb":{"@id":"https:\/\/kurato.ch\/product\/5-teiliges-set-eclepens-von-adrien-rovero-fuer-atelier-pfister\/#breadcrumb"},"inLanguage":"fr-FR","potentialAction":[{"@type":"ReadAction","target":["https:\/\/kurato.ch\/product\/5-teiliges-set-eclepens-von-adrien-rovero-fuer-atelier-pfister\/"]}]},{"@type":"ImageObject","inLanguage":"fr-FR","@id":"https:\/\/kurato.ch\/product\/5-teiliges-set-eclepens-von-adrien-rovero-fuer-atelier-pfister\/#primaryimage","url":"https:\/\/kurato.ch\/wp-content\/uploads\/2023\/10\/Eclepens-von-Adrien-Rovero-fuer-Atelier-Pfister-vintage-secondhand-gebraucht-occassion.jpg","contentUrl":"https:\/\/kurato.ch\/wp-content\/uploads\/2023\/10\/Eclepens-von-Adrien-Rovero-fuer-Atelier-Pfister-vintage-secondhand-gebraucht-occassion.jpg","width":800,"height":800,"caption":"Eclepens von Adrien Rovero fu\u0308r Atelier Pfister -vintage-secondhand-gebraucht-occassion"},{"@type":"BreadcrumbList","@id":"https:\/\/kurato.ch\/product\/5-teiliges-set-eclepens-von-adrien-rovero-fuer-atelier-pfister\/#breadcrumb","itemListElement":[{"@type":"ListItem","position":1,"name":"Home","item":"https:\/\/kurato.ch\/"},{"@type":"ListItem","position":2,"name":"Neuheiten","item":"https:\/\/kurato.ch\/neuheiten\/"},{"@type":"ListItem","position":3,"name":"5-teiliges Set Eclepens von Adrien Rovero f\u00fcr Atelier Pfister"}]},{"@type":"WebSite","@id":"https:\/\/kurato.ch\/#website","url":"https:\/\/kurato.ch\/","name":"Meubles vintage &amp; d\u00e9coration I Kurato","description":"Meubles vintage &amp; d\u00e9coration I Kurato","publisher":{"@id":"https:\/\/kurato.ch\/#organization"},"potentialAction":[{"@type":"SearchAction","target":{"@type":"EntryPoint","urlTemplate":"https:\/\/kurato.ch\/?s={search_term_string}"},"query-input":{"@type":"PropertyValueSpecification","valueRequired":true,"valueName":"search_term_string"}}],"inLanguage":"fr-FR"},{"@type":"Organization","@id":"https:\/\/kurato.ch\/#organization","name":"Kurato.","url":"https:\/\/kurato.ch\/","logo":{"@type":"ImageObject","inLanguage":"fr-FR","@id":"https:\/\/kurato.ch\/#\/schema\/logo\/image\/","url":"","contentUrl":"","caption":"Kurato."},"image":{"@id":"https:\/\/kurato.ch\/#\/schema\/logo\/image\/"},"sameAs":["https:\/\/www.facebook.com\/kuratoswitzerland","https:\/\/www.instagram.com\/kurato.ch\/","https:\/\/www.pinterest.ch\/kurato_ch\/_created\/"]}]}},"_links":{"self":[{"href":"https:\/\/kurato.ch\/fr\/wp-json\/wp\/v2\/product\/48769","targetHints":{"allow":["GET"]}}],"collection":[{"href":"https:\/\/kurato.ch\/fr\/wp-json\/wp\/v2\/product"}],"about":[{"href":"https:\/\/kurato.ch\/fr\/wp-json\/wp\/v2\/types\/product"}],"wp:featuredmedia":[{"embeddable":true,"href":"https:\/\/kurato.ch\/fr\/wp-json\/wp\/v2\/media\/48829"}],"wp:attachment":[{"href":"https:\/\/kurato.ch\/fr\/wp-json\/wp\/v2\/media?parent=48769"}],"wp:term":[{"taxonomy":"product_brand","embeddable":true,"href":"https:\/\/kurato.ch\/fr\/wp-json\/wp\/v2\/product_brand?post=48769"},{"taxonomy":"product_cat","embeddable":true,"href":"https:\/\/kurato.ch\/fr\/wp-json\/wp\/v2\/product_cat?post=48769"},{"taxonomy":"product_tag","embeddable":true,"href":"https:\/\/kurato.ch\/fr\/wp-json\/wp\/v2\/product_tag?post=48769"}],"curies":[{"name":"wp","href":"https:\/\/api.w.org\/{rel}","templated":true}]}}