{"id":50115,"date":"2023-11-22T14:01:14","date_gmt":"2023-11-22T12:01:14","guid":{"rendered":"https:\/\/kurato.ch\/?post_type=product&#038;p=50115"},"modified":"2023-11-22T14:03:02","modified_gmt":"2023-11-22T12:03:02","slug":"frohlichsegg-oelgemaelde-von-ehrbar-36","status":"publish","type":"product","link":"https:\/\/kurato.ch\/fr\/product\/frohlichsegg-oelgemaelde-von-ehrbar-36\/","title":{"rendered":"&#8222;Frohlichsegg&#8220; \u00d6lgem\u00e4lde von Ehrbar &#8217;36"},"content":{"rendered":"<p>Une huile sur carton dans son cadre original par le c\u00e9l\u00e8bre artiste et graphiste suisse Walther Georg Ehrbar (1884-1960).<\/p>\n<p>Apr\u00e8s avoir suivi une formation de designer textile \u00e0 Saint-Gall, Paris et New York, Ehrbar est retourn\u00e9 en Suisse orientale o\u00f9 il a v\u00e9cu \u00e0 Teufen, Appenzell Rhodes-Ext\u00e9rieures (AR), et a travaill\u00e9 comme concepteur textile ind\u00e9pendant. En 1930, l'industrie textile de Suisse orientale est entr\u00e9e en crise et Ehrbar a commenc\u00e9 \u00e0 concevoir des affiches publicitaires \u00e0 titre professionnel et \u00e0 cr\u00e9er des peintures, des dessins et des linogravures pendant son temps libre.<\/p>\n<p>Ehrbar ist daf\u00fcr bekannt, dass er Szenen aus dem Appenzellerland darstellt, wo er die meiste Zeit seines Lebens verbrachte, und auf der R\u00fcckseite dieses Werks vermerkt er, dass es die &#8222;frohe Aussicht Teufen (Fr\u00f6hlichsegg)&#8220; zeigt.<\/p>\n<p>Ehrbar \u00e9tait un artiste prolifique ; la biblioth\u00e8que cantonale AR poss\u00e8de 481 \u0153uvres d'Ehrbar qui, \u00e9tonnamment, peuvent \u00eatre emprunt\u00e9es. Bien que le nombre total d'\u0153uvres d'Ehrbar ne soit pas accessible au public, mes recherches montrent qu'il est tr\u00e8s rare d'acheter une \u0153uvre d'Ehrbar.<\/p>\n<p>Cette pi\u00e8ce est en bon \u00e9tat, surtout si l'on consid\u00e8re qu'elle a pr\u00e8s de 90 ans. Sur l'herbe devant la maison, il y a trois taches de peinture noire de 1 cm, 0,5 cm et 2,5 cm de long, qui n'\u00e9taient probablement pas l\u00e0 \u00e0 l'origine. Il y a \u00e9galement quelques petites rayures dans les coins sup\u00e9rieurs droit et gauche, mais je pense qu'elles s'int\u00e8grent bien dans le tableau. Le cadre a un petit creux dans le coin inf\u00e9rieur droit.<\/p>\n<p>Le tableau mesure 40 cm x 31 cm sans le cadre et 48 cm x 39 cm avec le cadre original.<\/p>","protected":false},"excerpt":{"rendered":"<p>Ein \u00d6lgem\u00e4lde auf Karton im Originalrahmen des bekannten Schweizer K\u00fcnstlers und Grafikers Walther Georg Ehrbar (1884-1960). Nach seiner Ausbildung zum Textildesigner in St. Gallen, Paris und New York kehrte Ehrbar in die Ostschweiz zur\u00fcck, wo er in Teufen, Appenzell Ausserrhoden (AR), lebte und als selbstst\u00e4ndiger Textilentwickler arbeitete. 1930 geriet die Ostschweizer Textilindustrie in eine Krise, [&hellip;]<\/p>\n","protected":false},"featured_media":50158,"template":"","meta":{"_acf_changed":false,"site-sidebar-layout":"default","site-content-layout":"","ast-site-content-layout":"default","site-content-style":"default","site-sidebar-style":"default","ast-global-header-display":"","ast-banner-title-visibility":"","ast-main-header-display":"","ast-hfb-above-header-display":"","ast-hfb-below-header-display":"","ast-hfb-mobile-header-display":"","site-post-title":"","ast-breadcrumbs-content":"","ast-featured-img":"","footer-sml-layout":"","ast-disable-related-posts":"","theme-transparent-header-meta":"","adv-header-id-meta":"","stick-header-meta":"","header-above-stick-meta":"","header-main-stick-meta":"","header-below-stick-meta":"","astra-migrate-meta-layouts":"default","ast-page-background-enabled":"default","ast-page-background-meta":{"desktop":{"background-color":"","background-image":"","background-repeat":"repeat","background-position":"center center","background-size":"auto","background-attachment":"scroll","background-type":"","background-media":"","overlay-type":"","overlay-color":"","overlay-opacity":"","overlay-gradient":""},"tablet":{"background-color":"","background-image":"","background-repeat":"repeat","background-position":"center center","background-size":"auto","background-attachment":"scroll","background-type":"","background-media":"","overlay-type":"","overlay-color":"","overlay-opacity":"","overlay-gradient":""},"mobile":{"background-color":"","background-image":"","background-repeat":"repeat","background-position":"center center","background-size":"auto","background-attachment":"scroll","background-type":"","background-media":"","overlay-type":"","overlay-color":"","overlay-opacity":"","overlay-gradient":""}},"ast-content-background-meta":{"desktop":{"background-color":"var(--ast-global-color-5)","background-image":"","background-repeat":"repeat","background-position":"center center","background-size":"auto","background-attachment":"scroll","background-type":"","background-media":"","overlay-type":"","overlay-color":"","overlay-opacity":"","overlay-gradient":""},"tablet":{"background-color":"var(--ast-global-color-5)","background-image":"","background-repeat":"repeat","background-position":"center center","background-size":"auto","background-attachment":"scroll","background-type":"","background-media":"","overlay-type":"","overlay-color":"","overlay-opacity":"","overlay-gradient":""},"mobile":{"background-color":"var(--ast-global-color-5)","background-image":"","background-repeat":"repeat","background-position":"center center","background-size":"auto","background-attachment":"scroll","background-type":"","background-media":"","overlay-type":"","overlay-color":"","overlay-opacity":"","overlay-gradient":""}}},"product_brand":[],"product_cat":[122],"product_tag":[],"class_list":{"0":"post-50115","1":"product","2":"type-product","3":"status-publish","4":"has-post-thumbnail","6":"product_cat-vintage-oelgemaelde","7":"pa_farbe-mehrfarbig","8":"pa_material-holz","9":"pa_standort-zurich","10":"pa_stil-vintage","11":"desktop-align-left","12":"tablet-align-left","13":"mobile-align-left","15":"first","16":"instock","17":"sold-individually","18":"shipping-taxable","19":"purchasable","20":"product-type-simple"},"acf":[],"yoast_head":"<!-- This site is optimized with the Yoast SEO plugin v27.4 - https:\/\/yoast.com\/product\/yoast-seo-wordpress\/ -->\n<title>&quot;Frohlichsegg&quot; \u00d6lgem\u00e4lde von Ehrbar &#039;36 | Vintage M\u00f6bel kaufen auf KURATO.CH<\/title>\n<meta name=\"description\" content=\"Entdecke Vintage M\u00f6bel &amp; Dekoration \u27a4 &quot;Frohlichsegg&quot; \u00d6lgem\u00e4lde von Ehrbar &#039;36 auf Kurato. \u2713Lieferung Schweiz \u271314-Tage R\u00fcckgabe \u2713Secondhand Unikat\" \/>\n<meta name=\"robots\" content=\"index, follow, max-snippet:-1, max-image-preview:large, max-video-preview:-1\" \/>\n<link rel=\"canonical\" href=\"https:\/\/kurato.ch\/fr\/product\/frohlichsegg-oelgemaelde-von-ehrbar-36\/\" \/>\n<meta property=\"og:locale\" content=\"fr_FR\" \/>\n<meta property=\"og:type\" content=\"article\" \/>\n<meta property=\"og:title\" content=\"&quot;Frohlichsegg&quot; \u00d6lgem\u00e4lde von Ehrbar &#039;36 | Vintage M\u00f6bel kaufen auf KURATO.CH\" \/>\n<meta property=\"og:description\" content=\"Entdecke Vintage M\u00f6bel &amp; Dekoration \u27a4 &quot;Frohlichsegg&quot; \u00d6lgem\u00e4lde von Ehrbar &#039;36 auf Kurato. \u2713Lieferung Schweiz \u271314-Tage R\u00fcckgabe \u2713Secondhand Unikat\" \/>\n<meta property=\"og:url\" content=\"https:\/\/kurato.ch\/fr\/product\/frohlichsegg-oelgemaelde-von-ehrbar-36\/\" \/>\n<meta property=\"og:site_name\" content=\"Vintage M\u00f6bel &amp; Dekoration I Kurato\" \/>\n<meta property=\"article:publisher\" content=\"https:\/\/www.facebook.com\/kuratoswitzerland\" \/>\n<meta property=\"article:modified_time\" content=\"2023-11-22T12:03:02+00:00\" \/>\n<meta property=\"og:image\" content=\"https:\/\/kurato.ch\/wp-content\/uploads\/2023\/11\/22Frohlichsegg22-Oelgemaelde-von-Ehrbar-1936-vintage-secondhand-gebraucht-schweiz.jpg\" \/>\n\t<meta property=\"og:image:width\" content=\"800\" \/>\n\t<meta property=\"og:image:height\" content=\"800\" \/>\n\t<meta property=\"og:image:type\" content=\"image\/jpeg\" \/>\n<meta name=\"twitter:label1\" content=\"Dur\u00e9e de lecture estim\u00e9e\" \/>\n\t<meta name=\"twitter:data1\" content=\"1 minute\" \/>\n<script type=\"application\/ld+json\" class=\"yoast-schema-graph\">{\"@context\":\"https:\\\/\\\/schema.org\",\"@graph\":[{\"@type\":\"WebPage\",\"@id\":\"https:\\\/\\\/kurato.ch\\\/product\\\/frohlichsegg-oelgemaelde-von-ehrbar-36\\\/\",\"url\":\"https:\\\/\\\/kurato.ch\\\/product\\\/frohlichsegg-oelgemaelde-von-ehrbar-36\\\/\",\"name\":\"\\\"Frohlichsegg\\\" \u00d6lgem\u00e4lde von Ehrbar '36 | Vintage M\u00f6bel kaufen auf KURATO.CH\",\"isPartOf\":{\"@id\":\"https:\\\/\\\/kurato.ch\\\/#website\"},\"primaryImageOfPage\":{\"@id\":\"https:\\\/\\\/kurato.ch\\\/product\\\/frohlichsegg-oelgemaelde-von-ehrbar-36\\\/#primaryimage\"},\"image\":{\"@id\":\"https:\\\/\\\/kurato.ch\\\/product\\\/frohlichsegg-oelgemaelde-von-ehrbar-36\\\/#primaryimage\"},\"thumbnailUrl\":\"https:\\\/\\\/kurato.ch\\\/wp-content\\\/uploads\\\/2023\\\/11\\\/22Frohlichsegg22-Oelgemaelde-von-Ehrbar-1936-vintage-secondhand-gebraucht-schweiz.jpg\",\"datePublished\":\"2023-11-22T12:01:14+00:00\",\"dateModified\":\"2023-11-22T12:03:02+00:00\",\"description\":\"Entdecke Vintage M\u00f6bel & Dekoration \u27a4 \\\"Frohlichsegg\\\" \u00d6lgem\u00e4lde von Ehrbar '36 auf Kurato. \u2713Lieferung Schweiz \u271314-Tage R\u00fcckgabe \u2713Secondhand Unikat\",\"breadcrumb\":{\"@id\":\"https:\\\/\\\/kurato.ch\\\/product\\\/frohlichsegg-oelgemaelde-von-ehrbar-36\\\/#breadcrumb\"},\"inLanguage\":\"fr-FR\",\"potentialAction\":[{\"@type\":\"ReadAction\",\"target\":[\"https:\\\/\\\/kurato.ch\\\/product\\\/frohlichsegg-oelgemaelde-von-ehrbar-36\\\/\"]}]},{\"@type\":\"ImageObject\",\"inLanguage\":\"fr-FR\",\"@id\":\"https:\\\/\\\/kurato.ch\\\/product\\\/frohlichsegg-oelgemaelde-von-ehrbar-36\\\/#primaryimage\",\"url\":\"https:\\\/\\\/kurato.ch\\\/wp-content\\\/uploads\\\/2023\\\/11\\\/22Frohlichsegg22-Oelgemaelde-von-Ehrbar-1936-vintage-secondhand-gebraucht-schweiz.jpg\",\"contentUrl\":\"https:\\\/\\\/kurato.ch\\\/wp-content\\\/uploads\\\/2023\\\/11\\\/22Frohlichsegg22-Oelgemaelde-von-Ehrbar-1936-vintage-secondhand-gebraucht-schweiz.jpg\",\"width\":800,\"height\":800,\"caption\":\"\\\"Frohlichsegg\\\" \u00d6lgem\u00e4lde von Ehrbar 1936\"},{\"@type\":\"BreadcrumbList\",\"@id\":\"https:\\\/\\\/kurato.ch\\\/product\\\/frohlichsegg-oelgemaelde-von-ehrbar-36\\\/#breadcrumb\",\"itemListElement\":[{\"@type\":\"ListItem\",\"position\":1,\"name\":\"Home\",\"item\":\"https:\\\/\\\/kurato.ch\\\/\"},{\"@type\":\"ListItem\",\"position\":2,\"name\":\"Neuheiten\",\"item\":\"https:\\\/\\\/kurato.ch\\\/neuheiten\\\/\"},{\"@type\":\"ListItem\",\"position\":3,\"name\":\"&#8220;Frohlichsegg&#8221; \u00d6lgem\u00e4lde von Ehrbar &#8217;36\"}]},{\"@type\":\"WebSite\",\"@id\":\"https:\\\/\\\/kurato.ch\\\/#website\",\"url\":\"https:\\\/\\\/kurato.ch\\\/\",\"name\":\"Vintage M\u00f6bel &amp; Dekoration I Kurato\",\"description\":\"Vintage M\u00f6bel &amp; Dekoration I Kurato\",\"publisher\":{\"@id\":\"https:\\\/\\\/kurato.ch\\\/#organization\"},\"potentialAction\":[{\"@type\":\"SearchAction\",\"target\":{\"@type\":\"EntryPoint\",\"urlTemplate\":\"https:\\\/\\\/kurato.ch\\\/?s={search_term_string}\"},\"query-input\":{\"@type\":\"PropertyValueSpecification\",\"valueRequired\":true,\"valueName\":\"search_term_string\"}}],\"inLanguage\":\"fr-FR\"},{\"@type\":\"Organization\",\"@id\":\"https:\\\/\\\/kurato.ch\\\/#organization\",\"name\":\"Kurato.\",\"url\":\"https:\\\/\\\/kurato.ch\\\/\",\"logo\":{\"@type\":\"ImageObject\",\"inLanguage\":\"fr-FR\",\"@id\":\"https:\\\/\\\/kurato.ch\\\/#\\\/schema\\\/logo\\\/image\\\/\",\"url\":\"\",\"contentUrl\":\"\",\"caption\":\"Kurato.\"},\"image\":{\"@id\":\"https:\\\/\\\/kurato.ch\\\/#\\\/schema\\\/logo\\\/image\\\/\"},\"sameAs\":[\"https:\\\/\\\/www.facebook.com\\\/kuratoswitzerland\",\"https:\\\/\\\/www.instagram.com\\\/kurato.ch\\\/\",\"https:\\\/\\\/www.pinterest.ch\\\/kurato_ch\\\/_created\\\/\"]}]}<\/script>\n<!-- \/ Yoast SEO plugin. -->","yoast_head_json":{"title":"\"Frohlichsegg\" \u00d6lgem\u00e4lde von Ehrbar '36 | Vintage M\u00f6bel kaufen auf KURATO.CH","description":"Entdecke Vintage M\u00f6bel & Dekoration \u27a4 \"Frohlichsegg\" \u00d6lgem\u00e4lde von Ehrbar '36 auf Kurato. \u2713Lieferung Schweiz \u271314-Tage R\u00fcckgabe \u2713Secondhand Unikat","robots":{"index":"index","follow":"follow","max-snippet":"max-snippet:-1","max-image-preview":"max-image-preview:large","max-video-preview":"max-video-preview:-1"},"canonical":"https:\/\/kurato.ch\/fr\/product\/frohlichsegg-oelgemaelde-von-ehrbar-36\/","og_locale":"fr_FR","og_type":"article","og_title":"\"Frohlichsegg\" \u00d6lgem\u00e4lde von Ehrbar '36 | Vintage M\u00f6bel kaufen auf KURATO.CH","og_description":"Entdecke Vintage M\u00f6bel & Dekoration \u27a4 \"Frohlichsegg\" \u00d6lgem\u00e4lde von Ehrbar '36 auf Kurato. \u2713Lieferung Schweiz \u271314-Tage R\u00fcckgabe \u2713Secondhand Unikat","og_url":"https:\/\/kurato.ch\/fr\/product\/frohlichsegg-oelgemaelde-von-ehrbar-36\/","og_site_name":"Vintage M\u00f6bel &amp; Dekoration I Kurato","article_publisher":"https:\/\/www.facebook.com\/kuratoswitzerland","article_modified_time":"2023-11-22T12:03:02+00:00","og_image":[{"width":800,"height":800,"url":"https:\/\/kurato.ch\/wp-content\/uploads\/2023\/11\/22Frohlichsegg22-Oelgemaelde-von-Ehrbar-1936-vintage-secondhand-gebraucht-schweiz.jpg","type":"image\/jpeg"}],"twitter_misc":{"Dur\u00e9e de lecture estim\u00e9e":"1 minute"},"schema":{"@context":"https:\/\/schema.org","@graph":[{"@type":"WebPage","@id":"https:\/\/kurato.ch\/product\/frohlichsegg-oelgemaelde-von-ehrbar-36\/","url":"https:\/\/kurato.ch\/product\/frohlichsegg-oelgemaelde-von-ehrbar-36\/","name":"\"Frohlichsegg\" \u00d6lgem\u00e4lde von Ehrbar '36 | Vintage M\u00f6bel kaufen auf KURATO.CH","isPartOf":{"@id":"https:\/\/kurato.ch\/#website"},"primaryImageOfPage":{"@id":"https:\/\/kurato.ch\/product\/frohlichsegg-oelgemaelde-von-ehrbar-36\/#primaryimage"},"image":{"@id":"https:\/\/kurato.ch\/product\/frohlichsegg-oelgemaelde-von-ehrbar-36\/#primaryimage"},"thumbnailUrl":"https:\/\/kurato.ch\/wp-content\/uploads\/2023\/11\/22Frohlichsegg22-Oelgemaelde-von-Ehrbar-1936-vintage-secondhand-gebraucht-schweiz.jpg","datePublished":"2023-11-22T12:01:14+00:00","dateModified":"2023-11-22T12:03:02+00:00","description":"Entdecke Vintage M\u00f6bel & Dekoration \u27a4 \"Frohlichsegg\" \u00d6lgem\u00e4lde von Ehrbar '36 auf Kurato. \u2713Lieferung Schweiz \u271314-Tage R\u00fcckgabe \u2713Secondhand Unikat","breadcrumb":{"@id":"https:\/\/kurato.ch\/product\/frohlichsegg-oelgemaelde-von-ehrbar-36\/#breadcrumb"},"inLanguage":"fr-FR","potentialAction":[{"@type":"ReadAction","target":["https:\/\/kurato.ch\/product\/frohlichsegg-oelgemaelde-von-ehrbar-36\/"]}]},{"@type":"ImageObject","inLanguage":"fr-FR","@id":"https:\/\/kurato.ch\/product\/frohlichsegg-oelgemaelde-von-ehrbar-36\/#primaryimage","url":"https:\/\/kurato.ch\/wp-content\/uploads\/2023\/11\/22Frohlichsegg22-Oelgemaelde-von-Ehrbar-1936-vintage-secondhand-gebraucht-schweiz.jpg","contentUrl":"https:\/\/kurato.ch\/wp-content\/uploads\/2023\/11\/22Frohlichsegg22-Oelgemaelde-von-Ehrbar-1936-vintage-secondhand-gebraucht-schweiz.jpg","width":800,"height":800,"caption":"\"Frohlichsegg\" \u00d6lgem\u00e4lde von Ehrbar 1936"},{"@type":"BreadcrumbList","@id":"https:\/\/kurato.ch\/product\/frohlichsegg-oelgemaelde-von-ehrbar-36\/#breadcrumb","itemListElement":[{"@type":"ListItem","position":1,"name":"Home","item":"https:\/\/kurato.ch\/"},{"@type":"ListItem","position":2,"name":"Neuheiten","item":"https:\/\/kurato.ch\/neuheiten\/"},{"@type":"ListItem","position":3,"name":"&#8220;Frohlichsegg&#8221; \u00d6lgem\u00e4lde von Ehrbar &#8217;36"}]},{"@type":"WebSite","@id":"https:\/\/kurato.ch\/#website","url":"https:\/\/kurato.ch\/","name":"Meubles vintage &amp; d\u00e9coration I Kurato","description":"Meubles vintage &amp; d\u00e9coration I Kurato","publisher":{"@id":"https:\/\/kurato.ch\/#organization"},"potentialAction":[{"@type":"SearchAction","target":{"@type":"EntryPoint","urlTemplate":"https:\/\/kurato.ch\/?s={search_term_string}"},"query-input":{"@type":"PropertyValueSpecification","valueRequired":true,"valueName":"search_term_string"}}],"inLanguage":"fr-FR"},{"@type":"Organization","@id":"https:\/\/kurato.ch\/#organization","name":"Kurato.","url":"https:\/\/kurato.ch\/","logo":{"@type":"ImageObject","inLanguage":"fr-FR","@id":"https:\/\/kurato.ch\/#\/schema\/logo\/image\/","url":"","contentUrl":"","caption":"Kurato."},"image":{"@id":"https:\/\/kurato.ch\/#\/schema\/logo\/image\/"},"sameAs":["https:\/\/www.facebook.com\/kuratoswitzerland","https:\/\/www.instagram.com\/kurato.ch\/","https:\/\/www.pinterest.ch\/kurato_ch\/_created\/"]}]}},"_links":{"self":[{"href":"https:\/\/kurato.ch\/fr\/wp-json\/wp\/v2\/product\/50115","targetHints":{"allow":["GET"]}}],"collection":[{"href":"https:\/\/kurato.ch\/fr\/wp-json\/wp\/v2\/product"}],"about":[{"href":"https:\/\/kurato.ch\/fr\/wp-json\/wp\/v2\/types\/product"}],"wp:featuredmedia":[{"embeddable":true,"href":"https:\/\/kurato.ch\/fr\/wp-json\/wp\/v2\/media\/50158"}],"wp:attachment":[{"href":"https:\/\/kurato.ch\/fr\/wp-json\/wp\/v2\/media?parent=50115"}],"wp:term":[{"taxonomy":"product_brand","embeddable":true,"href":"https:\/\/kurato.ch\/fr\/wp-json\/wp\/v2\/product_brand?post=50115"},{"taxonomy":"product_cat","embeddable":true,"href":"https:\/\/kurato.ch\/fr\/wp-json\/wp\/v2\/product_cat?post=50115"},{"taxonomy":"product_tag","embeddable":true,"href":"https:\/\/kurato.ch\/fr\/wp-json\/wp\/v2\/product_tag?post=50115"}],"curies":[{"name":"wp","href":"https:\/\/api.w.org\/{rel}","templated":true}]}}