{"id":56796,"date":"2024-06-11T07:40:22","date_gmt":"2024-06-11T05:40:22","guid":{"rendered":"https:\/\/kurato.ch\/?post_type=product&#038;p=56796"},"modified":"2024-11-22T16:29:18","modified_gmt":"2024-11-22T14:29:18","slug":"achat-aschenbecher-rotbraun","status":"publish","type":"product","link":"https:\/\/kurato.ch\/fr\/product\/achat-aschenbecher-rotbraun\/","title":{"rendered":"Achat Aschenbecher Rotbraun"},"content":{"rendered":"<p>Urspr\u00fcnglich designed als kleiner Aschenbecher kann aber auch als kleine Ablageschale (bspw. f\u00fcr Schmuck \/ Ringe \/ Ketten oder Seifenschale) genutzt werden.<\/p>\n<p>Das Material ist Achat Stein welches eine Variet\u00e4t von Quarz ist.<br \/>Les agates ont entre 250 et 270 millions d'ann\u00e9es.<\/p>\n<p>Fliessende fast gleichm\u00e4ssige, strahlenf\u00f6rmige Ablagerungen aufgrund der rhythmischen Kristallisation. Sanfte und harmonische Textur mit fliessenden Farbt\u00f6nen von Hellbraun bis intensives Rostbraun. Bei unterschiedlichem Licht ver\u00e4ndert sich die Farb Intensit\u00e4t.<\/p>\n<p>Les agates sont nombreuses mais celle-ci est particuli\u00e8rement belle et pr\u00e9cieuse.<\/p>\n<p>Un bel ornement pour une d\u00e9coration de bon go\u00fbt avec une utilit\u00e9 pratique.<\/p>\n<p>Origine : Cette pi\u00e8ce provient du Br\u00e9sil et est en excellent \u00e9tat.<\/p>\n<p>P.S., Dans la m\u00e9decine des pierres, on attribue \u00e0 l'agate un effet positif sur les douleurs telles que la fi\u00e8vre et les migraines, mais ce n'est qu'une information suppl\u00e9mentaire sur la pierre.<\/p>\n<p>En raison de son \u00e2ge, la pi\u00e8ce pourrait pr\u00e9senter des traces d'utilisation et d'autres signes du temps.<\/p>\n<p>Style : Vintage<br \/>Origine : Br\u00e9sil<br \/>Alter: ca. 50 Jahre<br \/>Farbe: Rotbraun<br \/>Material: Achat<br \/>\u00c9tat : tr\u00e8s bon<br \/>En raison de son \u00e2ge, la pi\u00e8ce pr\u00e9sente des traces d'utilisation et d'autres signes du temps.<\/p>\n<p>Poids et masse :<br \/>Hauteur : 2 cm<br \/>Longueur : 8 cm<br \/>Largeur : 13 cm<\/p>","protected":false},"excerpt":{"rendered":"<p>Urspr\u00fcnglich designed als kleiner Aschenbecher kann aber auch als kleine Ablageschale (bspw. f\u00fcr Schmuck \/ Ringe \/ Ketten oder Seifenschale) genutzt werden. Das Material ist Achat Stein welches eine Variet\u00e4t von Quarz ist.Achate sind 250 \u2013 270 Millionen Jahre alt. Fliessende fast gleichm\u00e4ssige, strahlenf\u00f6rmige Ablagerungen aufgrund der rhythmischen Kristallisation. Sanfte und harmonische Textur mit fliessenden [&hellip;]<\/p>\n","protected":false},"featured_media":56984,"template":"","meta":{"_acf_changed":false,"site-sidebar-layout":"default","site-content-layout":"","ast-site-content-layout":"default","site-content-style":"default","site-sidebar-style":"default","ast-global-header-display":"","ast-banner-title-visibility":"","ast-main-header-display":"","ast-hfb-above-header-display":"","ast-hfb-below-header-display":"","ast-hfb-mobile-header-display":"","site-post-title":"","ast-breadcrumbs-content":"","ast-featured-img":"","footer-sml-layout":"","ast-disable-related-posts":"","theme-transparent-header-meta":"","adv-header-id-meta":"","stick-header-meta":"","header-above-stick-meta":"","header-main-stick-meta":"","header-below-stick-meta":"","astra-migrate-meta-layouts":"default","ast-page-background-enabled":"default","ast-page-background-meta":{"desktop":{"background-color":"","background-image":"","background-repeat":"repeat","background-position":"center center","background-size":"auto","background-attachment":"scroll","background-type":"","background-media":"","overlay-type":"","overlay-color":"","overlay-opacity":"","overlay-gradient":""},"tablet":{"background-color":"","background-image":"","background-repeat":"repeat","background-position":"center center","background-size":"auto","background-attachment":"scroll","background-type":"","background-media":"","overlay-type":"","overlay-color":"","overlay-opacity":"","overlay-gradient":""},"mobile":{"background-color":"","background-image":"","background-repeat":"repeat","background-position":"center center","background-size":"auto","background-attachment":"scroll","background-type":"","background-media":"","overlay-type":"","overlay-color":"","overlay-opacity":"","overlay-gradient":""}},"ast-content-background-meta":{"desktop":{"background-color":"var(--ast-global-color-5)","background-image":"","background-repeat":"repeat","background-position":"center center","background-size":"auto","background-attachment":"scroll","background-type":"","background-media":"","overlay-type":"","overlay-color":"","overlay-opacity":"","overlay-gradient":""},"tablet":{"background-color":"var(--ast-global-color-5)","background-image":"","background-repeat":"repeat","background-position":"center center","background-size":"auto","background-attachment":"scroll","background-type":"","background-media":"","overlay-type":"","overlay-color":"","overlay-opacity":"","overlay-gradient":""},"mobile":{"background-color":"var(--ast-global-color-5)","background-image":"","background-repeat":"repeat","background-position":"center center","background-size":"auto","background-attachment":"scroll","background-type":"","background-media":"","overlay-type":"","overlay-color":"","overlay-opacity":"","overlay-gradient":""}}},"product_brand":[],"product_cat":[82],"product_tag":[],"class_list":{"0":"post-56796","1":"product","2":"type-product","3":"status-publish","4":"has-post-thumbnail","6":"product_cat-vintage-aschenbecher","7":"pa_farbe-braun","8":"pa_material-stein","9":"pa_standort-ostschweiz","10":"pa_stil-vintage","11":"desktop-align-left","12":"tablet-align-left","13":"mobile-align-left","15":"first","16":"instock","17":"sold-individually","18":"shipping-taxable","19":"purchasable","20":"product-type-simple"},"acf":[],"yoast_head":"<!-- This site is optimized with the Yoast SEO plugin v27.4 - https:\/\/yoast.com\/product\/yoast-seo-wordpress\/ -->\n<title>Achat Aschenbecher Rotbraun | Vintage M\u00f6bel kaufen auf KURATO.CH<\/title>\n<meta name=\"description\" content=\"Entdecke Vintage M\u00f6bel &amp; Dekoration \u27a4 Achat Aschenbecher Rotbraun auf Kurato. \u2713Lieferung Schweiz \u271314-Tage R\u00fcckgabe \u2713Secondhand Unikat\" \/>\n<meta name=\"robots\" content=\"index, follow, max-snippet:-1, max-image-preview:large, max-video-preview:-1\" \/>\n<link rel=\"canonical\" href=\"https:\/\/kurato.ch\/fr\/product\/achat-aschenbecher-rotbraun\/\" \/>\n<meta property=\"og:locale\" content=\"fr_FR\" \/>\n<meta property=\"og:type\" content=\"article\" \/>\n<meta property=\"og:title\" content=\"Achat Aschenbecher Rotbraun | Vintage M\u00f6bel kaufen auf KURATO.CH\" \/>\n<meta property=\"og:description\" content=\"Entdecke Vintage M\u00f6bel &amp; Dekoration \u27a4 Achat Aschenbecher Rotbraun auf Kurato. \u2713Lieferung Schweiz \u271314-Tage R\u00fcckgabe \u2713Secondhand Unikat\" \/>\n<meta property=\"og:url\" content=\"https:\/\/kurato.ch\/fr\/product\/achat-aschenbecher-rotbraun\/\" \/>\n<meta property=\"og:site_name\" content=\"Vintage M\u00f6bel &amp; Dekoration I Kurato\" \/>\n<meta property=\"article:publisher\" content=\"https:\/\/www.facebook.com\/kuratoswitzerland\" \/>\n<meta property=\"article:modified_time\" content=\"2024-11-22T14:29:18+00:00\" \/>\n<meta property=\"og:image\" content=\"https:\/\/kurato.ch\/wp-content\/uploads\/2024\/06\/Achat-Aschenbecher-Rotbraun-vintage-secondhand-gebraucht-schweiz.jpg\" \/>\n\t<meta property=\"og:image:width\" content=\"800\" \/>\n\t<meta property=\"og:image:height\" content=\"800\" \/>\n\t<meta property=\"og:image:type\" content=\"image\/jpeg\" \/>\n<meta name=\"twitter:label1\" content=\"Dur\u00e9e de lecture estim\u00e9e\" \/>\n\t<meta name=\"twitter:data1\" content=\"1 minute\" \/>\n<script type=\"application\/ld+json\" class=\"yoast-schema-graph\">{\"@context\":\"https:\\\/\\\/schema.org\",\"@graph\":[{\"@type\":\"WebPage\",\"@id\":\"https:\\\/\\\/kurato.ch\\\/product\\\/achat-aschenbecher-rotbraun\\\/\",\"url\":\"https:\\\/\\\/kurato.ch\\\/product\\\/achat-aschenbecher-rotbraun\\\/\",\"name\":\"Achat Aschenbecher Rotbraun | Vintage M\u00f6bel kaufen auf KURATO.CH\",\"isPartOf\":{\"@id\":\"https:\\\/\\\/kurato.ch\\\/#website\"},\"primaryImageOfPage\":{\"@id\":\"https:\\\/\\\/kurato.ch\\\/product\\\/achat-aschenbecher-rotbraun\\\/#primaryimage\"},\"image\":{\"@id\":\"https:\\\/\\\/kurato.ch\\\/product\\\/achat-aschenbecher-rotbraun\\\/#primaryimage\"},\"thumbnailUrl\":\"https:\\\/\\\/kurato.ch\\\/wp-content\\\/uploads\\\/2024\\\/06\\\/Achat-Aschenbecher-Rotbraun-vintage-secondhand-gebraucht-schweiz.jpg\",\"datePublished\":\"2024-06-11T05:40:22+00:00\",\"dateModified\":\"2024-11-22T14:29:18+00:00\",\"description\":\"Entdecke Vintage M\u00f6bel & Dekoration \u27a4 Achat Aschenbecher Rotbraun auf Kurato. \u2713Lieferung Schweiz \u271314-Tage R\u00fcckgabe \u2713Secondhand Unikat\",\"breadcrumb\":{\"@id\":\"https:\\\/\\\/kurato.ch\\\/product\\\/achat-aschenbecher-rotbraun\\\/#breadcrumb\"},\"inLanguage\":\"fr-FR\",\"potentialAction\":[{\"@type\":\"ReadAction\",\"target\":[\"https:\\\/\\\/kurato.ch\\\/product\\\/achat-aschenbecher-rotbraun\\\/\"]}]},{\"@type\":\"ImageObject\",\"inLanguage\":\"fr-FR\",\"@id\":\"https:\\\/\\\/kurato.ch\\\/product\\\/achat-aschenbecher-rotbraun\\\/#primaryimage\",\"url\":\"https:\\\/\\\/kurato.ch\\\/wp-content\\\/uploads\\\/2024\\\/06\\\/Achat-Aschenbecher-Rotbraun-vintage-secondhand-gebraucht-schweiz.jpg\",\"contentUrl\":\"https:\\\/\\\/kurato.ch\\\/wp-content\\\/uploads\\\/2024\\\/06\\\/Achat-Aschenbecher-Rotbraun-vintage-secondhand-gebraucht-schweiz.jpg\",\"width\":800,\"height\":800,\"caption\":\"Achat Aschenbecher Rotbraun\"},{\"@type\":\"BreadcrumbList\",\"@id\":\"https:\\\/\\\/kurato.ch\\\/product\\\/achat-aschenbecher-rotbraun\\\/#breadcrumb\",\"itemListElement\":[{\"@type\":\"ListItem\",\"position\":1,\"name\":\"Home\",\"item\":\"https:\\\/\\\/kurato.ch\\\/\"},{\"@type\":\"ListItem\",\"position\":2,\"name\":\"Neuheiten\",\"item\":\"https:\\\/\\\/kurato.ch\\\/neuheiten\\\/\"},{\"@type\":\"ListItem\",\"position\":3,\"name\":\"Achat Aschenbecher Rotbraun\"}]},{\"@type\":\"WebSite\",\"@id\":\"https:\\\/\\\/kurato.ch\\\/#website\",\"url\":\"https:\\\/\\\/kurato.ch\\\/\",\"name\":\"Vintage M\u00f6bel &amp; Dekoration I Kurato\",\"description\":\"Vintage M\u00f6bel &amp; Dekoration I Kurato\",\"publisher\":{\"@id\":\"https:\\\/\\\/kurato.ch\\\/#organization\"},\"potentialAction\":[{\"@type\":\"SearchAction\",\"target\":{\"@type\":\"EntryPoint\",\"urlTemplate\":\"https:\\\/\\\/kurato.ch\\\/?s={search_term_string}\"},\"query-input\":{\"@type\":\"PropertyValueSpecification\",\"valueRequired\":true,\"valueName\":\"search_term_string\"}}],\"inLanguage\":\"fr-FR\"},{\"@type\":\"Organization\",\"@id\":\"https:\\\/\\\/kurato.ch\\\/#organization\",\"name\":\"Kurato.\",\"url\":\"https:\\\/\\\/kurato.ch\\\/\",\"logo\":{\"@type\":\"ImageObject\",\"inLanguage\":\"fr-FR\",\"@id\":\"https:\\\/\\\/kurato.ch\\\/#\\\/schema\\\/logo\\\/image\\\/\",\"url\":\"\",\"contentUrl\":\"\",\"caption\":\"Kurato.\"},\"image\":{\"@id\":\"https:\\\/\\\/kurato.ch\\\/#\\\/schema\\\/logo\\\/image\\\/\"},\"sameAs\":[\"https:\\\/\\\/www.facebook.com\\\/kuratoswitzerland\",\"https:\\\/\\\/www.instagram.com\\\/kurato.ch\\\/\",\"https:\\\/\\\/www.pinterest.ch\\\/kurato_ch\\\/_created\\\/\"]}]}<\/script>\n<!-- \/ Yoast SEO plugin. -->","yoast_head_json":{"title":"Achat Aschenbecher Rotbraun | Vintage M\u00f6bel kaufen auf KURATO.CH","description":"Entdecke Vintage M\u00f6bel & Dekoration \u27a4 Achat Aschenbecher Rotbraun auf Kurato. \u2713Lieferung Schweiz \u271314-Tage R\u00fcckgabe \u2713Secondhand Unikat","robots":{"index":"index","follow":"follow","max-snippet":"max-snippet:-1","max-image-preview":"max-image-preview:large","max-video-preview":"max-video-preview:-1"},"canonical":"https:\/\/kurato.ch\/fr\/product\/achat-aschenbecher-rotbraun\/","og_locale":"fr_FR","og_type":"article","og_title":"Achat Aschenbecher Rotbraun | Vintage M\u00f6bel kaufen auf KURATO.CH","og_description":"Entdecke Vintage M\u00f6bel & Dekoration \u27a4 Achat Aschenbecher Rotbraun auf Kurato. \u2713Lieferung Schweiz \u271314-Tage R\u00fcckgabe \u2713Secondhand Unikat","og_url":"https:\/\/kurato.ch\/fr\/product\/achat-aschenbecher-rotbraun\/","og_site_name":"Vintage M\u00f6bel &amp; Dekoration I Kurato","article_publisher":"https:\/\/www.facebook.com\/kuratoswitzerland","article_modified_time":"2024-11-22T14:29:18+00:00","og_image":[{"width":800,"height":800,"url":"https:\/\/kurato.ch\/wp-content\/uploads\/2024\/06\/Achat-Aschenbecher-Rotbraun-vintage-secondhand-gebraucht-schweiz.jpg","type":"image\/jpeg"}],"twitter_misc":{"Dur\u00e9e de lecture estim\u00e9e":"1 minute"},"schema":{"@context":"https:\/\/schema.org","@graph":[{"@type":"WebPage","@id":"https:\/\/kurato.ch\/product\/achat-aschenbecher-rotbraun\/","url":"https:\/\/kurato.ch\/product\/achat-aschenbecher-rotbraun\/","name":"Achat Aschenbecher Rotbraun | Vintage M\u00f6bel kaufen auf KURATO.CH","isPartOf":{"@id":"https:\/\/kurato.ch\/#website"},"primaryImageOfPage":{"@id":"https:\/\/kurato.ch\/product\/achat-aschenbecher-rotbraun\/#primaryimage"},"image":{"@id":"https:\/\/kurato.ch\/product\/achat-aschenbecher-rotbraun\/#primaryimage"},"thumbnailUrl":"https:\/\/kurato.ch\/wp-content\/uploads\/2024\/06\/Achat-Aschenbecher-Rotbraun-vintage-secondhand-gebraucht-schweiz.jpg","datePublished":"2024-06-11T05:40:22+00:00","dateModified":"2024-11-22T14:29:18+00:00","description":"Entdecke Vintage M\u00f6bel & Dekoration \u27a4 Achat Aschenbecher Rotbraun auf Kurato. \u2713Lieferung Schweiz \u271314-Tage R\u00fcckgabe \u2713Secondhand Unikat","breadcrumb":{"@id":"https:\/\/kurato.ch\/product\/achat-aschenbecher-rotbraun\/#breadcrumb"},"inLanguage":"fr-FR","potentialAction":[{"@type":"ReadAction","target":["https:\/\/kurato.ch\/product\/achat-aschenbecher-rotbraun\/"]}]},{"@type":"ImageObject","inLanguage":"fr-FR","@id":"https:\/\/kurato.ch\/product\/achat-aschenbecher-rotbraun\/#primaryimage","url":"https:\/\/kurato.ch\/wp-content\/uploads\/2024\/06\/Achat-Aschenbecher-Rotbraun-vintage-secondhand-gebraucht-schweiz.jpg","contentUrl":"https:\/\/kurato.ch\/wp-content\/uploads\/2024\/06\/Achat-Aschenbecher-Rotbraun-vintage-secondhand-gebraucht-schweiz.jpg","width":800,"height":800,"caption":"Achat Aschenbecher Rotbraun"},{"@type":"BreadcrumbList","@id":"https:\/\/kurato.ch\/product\/achat-aschenbecher-rotbraun\/#breadcrumb","itemListElement":[{"@type":"ListItem","position":1,"name":"Home","item":"https:\/\/kurato.ch\/"},{"@type":"ListItem","position":2,"name":"Neuheiten","item":"https:\/\/kurato.ch\/neuheiten\/"},{"@type":"ListItem","position":3,"name":"Achat Aschenbecher Rotbraun"}]},{"@type":"WebSite","@id":"https:\/\/kurato.ch\/#website","url":"https:\/\/kurato.ch\/","name":"Meubles vintage &amp; d\u00e9coration I Kurato","description":"Meubles vintage &amp; d\u00e9coration I Kurato","publisher":{"@id":"https:\/\/kurato.ch\/#organization"},"potentialAction":[{"@type":"SearchAction","target":{"@type":"EntryPoint","urlTemplate":"https:\/\/kurato.ch\/?s={search_term_string}"},"query-input":{"@type":"PropertyValueSpecification","valueRequired":true,"valueName":"search_term_string"}}],"inLanguage":"fr-FR"},{"@type":"Organization","@id":"https:\/\/kurato.ch\/#organization","name":"Kurato.","url":"https:\/\/kurato.ch\/","logo":{"@type":"ImageObject","inLanguage":"fr-FR","@id":"https:\/\/kurato.ch\/#\/schema\/logo\/image\/","url":"","contentUrl":"","caption":"Kurato."},"image":{"@id":"https:\/\/kurato.ch\/#\/schema\/logo\/image\/"},"sameAs":["https:\/\/www.facebook.com\/kuratoswitzerland","https:\/\/www.instagram.com\/kurato.ch\/","https:\/\/www.pinterest.ch\/kurato_ch\/_created\/"]}]}},"_links":{"self":[{"href":"https:\/\/kurato.ch\/fr\/wp-json\/wp\/v2\/product\/56796","targetHints":{"allow":["GET"]}}],"collection":[{"href":"https:\/\/kurato.ch\/fr\/wp-json\/wp\/v2\/product"}],"about":[{"href":"https:\/\/kurato.ch\/fr\/wp-json\/wp\/v2\/types\/product"}],"wp:featuredmedia":[{"embeddable":true,"href":"https:\/\/kurato.ch\/fr\/wp-json\/wp\/v2\/media\/56984"}],"wp:attachment":[{"href":"https:\/\/kurato.ch\/fr\/wp-json\/wp\/v2\/media?parent=56796"}],"wp:term":[{"taxonomy":"product_brand","embeddable":true,"href":"https:\/\/kurato.ch\/fr\/wp-json\/wp\/v2\/product_brand?post=56796"},{"taxonomy":"product_cat","embeddable":true,"href":"https:\/\/kurato.ch\/fr\/wp-json\/wp\/v2\/product_cat?post=56796"},{"taxonomy":"product_tag","embeddable":true,"href":"https:\/\/kurato.ch\/fr\/wp-json\/wp\/v2\/product_tag?post=56796"}],"curies":[{"name":"wp","href":"https:\/\/api.w.org\/{rel}","templated":true}]}}