{"id":60165,"date":"2024-07-23T18:02:46","date_gmt":"2024-07-23T16:02:46","guid":{"rendered":"https:\/\/kurato.ch\/?post_type=product&#038;p=60165"},"modified":"2024-07-23T18:02:46","modified_gmt":"2024-07-23T16:02:46","slug":"sitzgruppe-modus-von-kristian-solmer-vedel-fuer-soren-willadsen-mobelfabrik-daen","status":"publish","type":"product","link":"https:\/\/kurato.ch\/fr\/product\/sitzgruppe-modus-von-kristian-solmer-vedel-fuer-soren-willadsen-mobelfabrik-daen\/","title":{"rendered":"Sitzgruppe &#8222;Modus&#8220; von Kristian Solmer Vedel f\u00fcr S\u00f8ren Willadsen M\u00f8belfabrik D\u00e4n."},"content":{"rendered":"<p>Sitzgruppe bestehend aus 2 Sessel, 2 Hocker und einem Beistelltisch.<\/p>\n<p>Die M\u00f6bellinie &#8222;Modus&#8220; ist ein Entwurf von des d\u00e4nischen Designers Kristian Solmer Vedel f\u00fcr S\u00f8ren Willadsen M\u00f8belfabrik, die zwischen 1960 bis 1969 entstand.<\/p>\n<p>Der Zustand der M\u00f6bel ist sehr gut. Das Leder weist Gebrauchsspuren auf. Alle M\u00f6bel sind aus Palisander Holz gefertigt, bis auf den Beistelltisch (wom\u00f6glich Eiche). Der Beistelltisch hat eine Spiegeloberfl\u00e4che, welche nicht original ist.<\/p>\n<p>Preis:\u00a0 CHF 5&#8217;800.00 f\u00fcr das ganze Set (2 Sessel, 2 Hocker und Beistelltisch)<\/p>","protected":false},"excerpt":{"rendered":"<p>Sitzgruppe bestehend aus 2 Sessel, 2 Hocker und einem Beistelltisch. Die M\u00f6bellinie &#8222;Modus&#8220; ist ein Entwurf von des d\u00e4nischen Designers Kristian Solmer Vedel f\u00fcr S\u00f8ren Willadsen M\u00f8belfabrik, die zwischen 1960 bis 1969 entstand. Der Zustand der M\u00f6bel ist sehr gut. Das Leder weist Gebrauchsspuren auf. Alle M\u00f6bel sind aus Palisander Holz gefertigt, bis auf den [&hellip;]<\/p>\n","protected":false},"featured_media":60183,"template":"","meta":{"_acf_changed":false,"site-sidebar-layout":"default","site-content-layout":"","ast-site-content-layout":"default","site-content-style":"default","site-sidebar-style":"default","ast-global-header-display":"","ast-banner-title-visibility":"","ast-main-header-display":"","ast-hfb-above-header-display":"","ast-hfb-below-header-display":"","ast-hfb-mobile-header-display":"","site-post-title":"","ast-breadcrumbs-content":"","ast-featured-img":"","footer-sml-layout":"","ast-disable-related-posts":"","theme-transparent-header-meta":"","adv-header-id-meta":"","stick-header-meta":"","header-above-stick-meta":"","header-main-stick-meta":"","header-below-stick-meta":"","astra-migrate-meta-layouts":"default","ast-page-background-enabled":"default","ast-page-background-meta":{"desktop":{"background-color":"","background-image":"","background-repeat":"repeat","background-position":"center center","background-size":"auto","background-attachment":"scroll","background-type":"","background-media":"","overlay-type":"","overlay-color":"","overlay-opacity":"","overlay-gradient":""},"tablet":{"background-color":"","background-image":"","background-repeat":"repeat","background-position":"center center","background-size":"auto","background-attachment":"scroll","background-type":"","background-media":"","overlay-type":"","overlay-color":"","overlay-opacity":"","overlay-gradient":""},"mobile":{"background-color":"","background-image":"","background-repeat":"repeat","background-position":"center center","background-size":"auto","background-attachment":"scroll","background-type":"","background-media":"","overlay-type":"","overlay-color":"","overlay-opacity":"","overlay-gradient":""}},"ast-content-background-meta":{"desktop":{"background-color":"var(--ast-global-color-5)","background-image":"","background-repeat":"repeat","background-position":"center center","background-size":"auto","background-attachment":"scroll","background-type":"","background-media":"","overlay-type":"","overlay-color":"","overlay-opacity":"","overlay-gradient":""},"tablet":{"background-color":"var(--ast-global-color-5)","background-image":"","background-repeat":"repeat","background-position":"center center","background-size":"auto","background-attachment":"scroll","background-type":"","background-media":"","overlay-type":"","overlay-color":"","overlay-opacity":"","overlay-gradient":""},"mobile":{"background-color":"var(--ast-global-color-5)","background-image":"","background-repeat":"repeat","background-position":"center center","background-size":"auto","background-attachment":"scroll","background-type":"","background-media":"","overlay-type":"","overlay-color":"","overlay-opacity":"","overlay-gradient":""}}},"product_brand":[],"product_cat":[143,377,152],"product_tag":[],"class_list":{"0":"post-60165","1":"product","2":"type-product","3":"status-publish","4":"has-post-thumbnail","6":"product_cat-vintage-beistelltisch","7":"product_cat-vintage-hocker","8":"product_cat-vintage-sessel-liege","9":"pa_farbe-braun","10":"pa_farbe-schwarz","11":"pa_material-holz","12":"pa_material-leder","13":"pa_stil-design","14":"desktop-align-left","15":"tablet-align-left","16":"mobile-align-left","18":"first","19":"instock","20":"sold-individually","21":"shipping-taxable","22":"purchasable","23":"product-type-simple"},"acf":[],"yoast_head":"<!-- This site is optimized with the Yoast SEO plugin v27.5 - https:\/\/yoast.com\/product\/yoast-seo-wordpress\/ -->\n<title>Sitzgruppe &quot;Modus&quot; von Kristian Solmer Vedel f\u00fcr S\u00f8ren Willadsen M\u00f8belfabrik D\u00e4n. | Vintage M\u00f6bel kaufen auf KURATO.CH<\/title>\n<meta name=\"description\" content=\"Entdecke Vintage M\u00f6bel &amp; Dekoration \u27a4 Sitzgruppe &quot;Modus&quot; von Kristian Solmer Vedel f\u00fcr S\u00f8ren Willadsen M\u00f8belfabrik D\u00e4n. auf Kurato. \u2713Lieferung Schweiz \u271314-Tage R\u00fcckgabe \u2713Secondhand Unikat\" \/>\n<meta name=\"robots\" content=\"index, follow, max-snippet:-1, max-image-preview:large, max-video-preview:-1\" \/>\n<link rel=\"canonical\" href=\"https:\/\/kurato.ch\/fr\/product\/sitzgruppe-modus-von-kristian-solmer-vedel-fuer-soren-willadsen-mobelfabrik-daen\/\" \/>\n<meta property=\"og:locale\" content=\"fr_FR\" \/>\n<meta property=\"og:type\" content=\"article\" \/>\n<meta property=\"og:title\" content=\"Sitzgruppe &quot;Modus&quot; von Kristian Solmer Vedel f\u00fcr S\u00f8ren Willadsen M\u00f8belfabrik D\u00e4n. | Vintage M\u00f6bel kaufen auf KURATO.CH\" \/>\n<meta property=\"og:description\" content=\"Entdecke Vintage M\u00f6bel &amp; Dekoration \u27a4 Sitzgruppe &quot;Modus&quot; von Kristian Solmer Vedel f\u00fcr S\u00f8ren Willadsen M\u00f8belfabrik D\u00e4n. auf Kurato. \u2713Lieferung Schweiz \u271314-Tage R\u00fcckgabe \u2713Secondhand Unikat\" \/>\n<meta property=\"og:url\" content=\"https:\/\/kurato.ch\/fr\/product\/sitzgruppe-modus-von-kristian-solmer-vedel-fuer-soren-willadsen-mobelfabrik-daen\/\" \/>\n<meta property=\"og:site_name\" content=\"Vintage M\u00f6bel &amp; Dekoration I Kurato\" \/>\n<meta property=\"article:publisher\" content=\"https:\/\/www.facebook.com\/kuratoswitzerland\" \/>\n<meta property=\"og:image\" content=\"https:\/\/kurato.ch\/wp-content\/uploads\/2024\/07\/Sitzgruppe-Modus-von-Kristian-Solmer-Vedel-vintage-secondhand-gebraucht-schweiz-5.jpg\" \/>\n\t<meta property=\"og:image:width\" content=\"800\" \/>\n\t<meta property=\"og:image:height\" content=\"800\" \/>\n\t<meta property=\"og:image:type\" content=\"image\/jpeg\" \/>\n<script type=\"application\/ld+json\" class=\"yoast-schema-graph\">{\"@context\":\"https:\\\/\\\/schema.org\",\"@graph\":[{\"@type\":\"WebPage\",\"@id\":\"https:\\\/\\\/kurato.ch\\\/product\\\/sitzgruppe-modus-von-kristian-solmer-vedel-fuer-soren-willadsen-mobelfabrik-daen\\\/\",\"url\":\"https:\\\/\\\/kurato.ch\\\/product\\\/sitzgruppe-modus-von-kristian-solmer-vedel-fuer-soren-willadsen-mobelfabrik-daen\\\/\",\"name\":\"Sitzgruppe \\\"Modus\\\" von Kristian Solmer Vedel f\u00fcr S\u00f8ren Willadsen M\u00f8belfabrik D\u00e4n. | Vintage M\u00f6bel kaufen auf KURATO.CH\",\"isPartOf\":{\"@id\":\"https:\\\/\\\/kurato.ch\\\/#website\"},\"primaryImageOfPage\":{\"@id\":\"https:\\\/\\\/kurato.ch\\\/product\\\/sitzgruppe-modus-von-kristian-solmer-vedel-fuer-soren-willadsen-mobelfabrik-daen\\\/#primaryimage\"},\"image\":{\"@id\":\"https:\\\/\\\/kurato.ch\\\/product\\\/sitzgruppe-modus-von-kristian-solmer-vedel-fuer-soren-willadsen-mobelfabrik-daen\\\/#primaryimage\"},\"thumbnailUrl\":\"https:\\\/\\\/kurato.ch\\\/wp-content\\\/uploads\\\/2024\\\/07\\\/Sitzgruppe-Modus-von-Kristian-Solmer-Vedel-vintage-secondhand-gebraucht-schweiz-5.jpg\",\"datePublished\":\"2024-07-23T16:02:46+00:00\",\"description\":\"Entdecke Vintage M\u00f6bel & Dekoration \u27a4 Sitzgruppe \\\"Modus\\\" von Kristian Solmer Vedel f\u00fcr S\u00f8ren Willadsen M\u00f8belfabrik D\u00e4n. auf Kurato. \u2713Lieferung Schweiz \u271314-Tage R\u00fcckgabe \u2713Secondhand Unikat\",\"breadcrumb\":{\"@id\":\"https:\\\/\\\/kurato.ch\\\/product\\\/sitzgruppe-modus-von-kristian-solmer-vedel-fuer-soren-willadsen-mobelfabrik-daen\\\/#breadcrumb\"},\"inLanguage\":\"fr-FR\",\"potentialAction\":[{\"@type\":\"ReadAction\",\"target\":[\"https:\\\/\\\/kurato.ch\\\/product\\\/sitzgruppe-modus-von-kristian-solmer-vedel-fuer-soren-willadsen-mobelfabrik-daen\\\/\"]}]},{\"@type\":\"ImageObject\",\"inLanguage\":\"fr-FR\",\"@id\":\"https:\\\/\\\/kurato.ch\\\/product\\\/sitzgruppe-modus-von-kristian-solmer-vedel-fuer-soren-willadsen-mobelfabrik-daen\\\/#primaryimage\",\"url\":\"https:\\\/\\\/kurato.ch\\\/wp-content\\\/uploads\\\/2024\\\/07\\\/Sitzgruppe-Modus-von-Kristian-Solmer-Vedel-vintage-secondhand-gebraucht-schweiz-5.jpg\",\"contentUrl\":\"https:\\\/\\\/kurato.ch\\\/wp-content\\\/uploads\\\/2024\\\/07\\\/Sitzgruppe-Modus-von-Kristian-Solmer-Vedel-vintage-secondhand-gebraucht-schweiz-5.jpg\",\"width\":800,\"height\":800,\"caption\":\"Sitzgruppe \\\"Modus\\\" von Kristian Solmer-Vedel\"},{\"@type\":\"BreadcrumbList\",\"@id\":\"https:\\\/\\\/kurato.ch\\\/product\\\/sitzgruppe-modus-von-kristian-solmer-vedel-fuer-soren-willadsen-mobelfabrik-daen\\\/#breadcrumb\",\"itemListElement\":[{\"@type\":\"ListItem\",\"position\":1,\"name\":\"Home\",\"item\":\"https:\\\/\\\/kurato.ch\\\/\"},{\"@type\":\"ListItem\",\"position\":2,\"name\":\"Neuheiten\",\"item\":\"https:\\\/\\\/kurato.ch\\\/neuheiten\\\/\"},{\"@type\":\"ListItem\",\"position\":3,\"name\":\"Sitzgruppe &#8220;Modus&#8221; von Kristian Solmer Vedel f\u00fcr S\u00f8ren Willadsen M\u00f8belfabrik D\u00e4n.\"}]},{\"@type\":\"WebSite\",\"@id\":\"https:\\\/\\\/kurato.ch\\\/#website\",\"url\":\"https:\\\/\\\/kurato.ch\\\/\",\"name\":\"Vintage M\u00f6bel &amp; Dekoration I Kurato\",\"description\":\"Vintage M\u00f6bel &amp; Dekoration I Kurato\",\"publisher\":{\"@id\":\"https:\\\/\\\/kurato.ch\\\/#organization\"},\"potentialAction\":[{\"@type\":\"SearchAction\",\"target\":{\"@type\":\"EntryPoint\",\"urlTemplate\":\"https:\\\/\\\/kurato.ch\\\/?s={search_term_string}\"},\"query-input\":{\"@type\":\"PropertyValueSpecification\",\"valueRequired\":true,\"valueName\":\"search_term_string\"}}],\"inLanguage\":\"fr-FR\"},{\"@type\":\"Organization\",\"@id\":\"https:\\\/\\\/kurato.ch\\\/#organization\",\"name\":\"Kurato.\",\"url\":\"https:\\\/\\\/kurato.ch\\\/\",\"logo\":{\"@type\":\"ImageObject\",\"inLanguage\":\"fr-FR\",\"@id\":\"https:\\\/\\\/kurato.ch\\\/#\\\/schema\\\/logo\\\/image\\\/\",\"url\":\"\",\"contentUrl\":\"\",\"caption\":\"Kurato.\"},\"image\":{\"@id\":\"https:\\\/\\\/kurato.ch\\\/#\\\/schema\\\/logo\\\/image\\\/\"},\"sameAs\":[\"https:\\\/\\\/www.facebook.com\\\/kuratoswitzerland\",\"https:\\\/\\\/www.instagram.com\\\/kurato.ch\\\/\",\"https:\\\/\\\/www.pinterest.ch\\\/kurato_ch\\\/_created\\\/\"]}]}<\/script>\n<!-- \/ Yoast SEO plugin. -->","yoast_head_json":{"title":"Sitzgruppe \"Modus\" von Kristian Solmer Vedel f\u00fcr S\u00f8ren Willadsen M\u00f8belfabrik D\u00e4n. | Vintage M\u00f6bel kaufen auf KURATO.CH","description":"Entdecke Vintage M\u00f6bel & Dekoration \u27a4 Sitzgruppe \"Modus\" von Kristian Solmer Vedel f\u00fcr S\u00f8ren Willadsen M\u00f8belfabrik D\u00e4n. auf Kurato. \u2713Lieferung Schweiz \u271314-Tage R\u00fcckgabe \u2713Secondhand Unikat","robots":{"index":"index","follow":"follow","max-snippet":"max-snippet:-1","max-image-preview":"max-image-preview:large","max-video-preview":"max-video-preview:-1"},"canonical":"https:\/\/kurato.ch\/fr\/product\/sitzgruppe-modus-von-kristian-solmer-vedel-fuer-soren-willadsen-mobelfabrik-daen\/","og_locale":"fr_FR","og_type":"article","og_title":"Sitzgruppe \"Modus\" von Kristian Solmer Vedel f\u00fcr S\u00f8ren Willadsen M\u00f8belfabrik D\u00e4n. | Vintage M\u00f6bel kaufen auf KURATO.CH","og_description":"Entdecke Vintage M\u00f6bel & Dekoration \u27a4 Sitzgruppe \"Modus\" von Kristian Solmer Vedel f\u00fcr S\u00f8ren Willadsen M\u00f8belfabrik D\u00e4n. auf Kurato. \u2713Lieferung Schweiz \u271314-Tage R\u00fcckgabe \u2713Secondhand Unikat","og_url":"https:\/\/kurato.ch\/fr\/product\/sitzgruppe-modus-von-kristian-solmer-vedel-fuer-soren-willadsen-mobelfabrik-daen\/","og_site_name":"Vintage M\u00f6bel &amp; Dekoration I Kurato","article_publisher":"https:\/\/www.facebook.com\/kuratoswitzerland","og_image":[{"width":800,"height":800,"url":"https:\/\/kurato.ch\/wp-content\/uploads\/2024\/07\/Sitzgruppe-Modus-von-Kristian-Solmer-Vedel-vintage-secondhand-gebraucht-schweiz-5.jpg","type":"image\/jpeg"}],"schema":{"@context":"https:\/\/schema.org","@graph":[{"@type":"WebPage","@id":"https:\/\/kurato.ch\/product\/sitzgruppe-modus-von-kristian-solmer-vedel-fuer-soren-willadsen-mobelfabrik-daen\/","url":"https:\/\/kurato.ch\/product\/sitzgruppe-modus-von-kristian-solmer-vedel-fuer-soren-willadsen-mobelfabrik-daen\/","name":"Sitzgruppe \"Modus\" von Kristian Solmer Vedel f\u00fcr S\u00f8ren Willadsen M\u00f8belfabrik D\u00e4n. | Vintage M\u00f6bel kaufen auf KURATO.CH","isPartOf":{"@id":"https:\/\/kurato.ch\/#website"},"primaryImageOfPage":{"@id":"https:\/\/kurato.ch\/product\/sitzgruppe-modus-von-kristian-solmer-vedel-fuer-soren-willadsen-mobelfabrik-daen\/#primaryimage"},"image":{"@id":"https:\/\/kurato.ch\/product\/sitzgruppe-modus-von-kristian-solmer-vedel-fuer-soren-willadsen-mobelfabrik-daen\/#primaryimage"},"thumbnailUrl":"https:\/\/kurato.ch\/wp-content\/uploads\/2024\/07\/Sitzgruppe-Modus-von-Kristian-Solmer-Vedel-vintage-secondhand-gebraucht-schweiz-5.jpg","datePublished":"2024-07-23T16:02:46+00:00","description":"Entdecke Vintage M\u00f6bel & Dekoration \u27a4 Sitzgruppe \"Modus\" von Kristian Solmer Vedel f\u00fcr S\u00f8ren Willadsen M\u00f8belfabrik D\u00e4n. auf Kurato. \u2713Lieferung Schweiz \u271314-Tage R\u00fcckgabe \u2713Secondhand Unikat","breadcrumb":{"@id":"https:\/\/kurato.ch\/product\/sitzgruppe-modus-von-kristian-solmer-vedel-fuer-soren-willadsen-mobelfabrik-daen\/#breadcrumb"},"inLanguage":"fr-FR","potentialAction":[{"@type":"ReadAction","target":["https:\/\/kurato.ch\/product\/sitzgruppe-modus-von-kristian-solmer-vedel-fuer-soren-willadsen-mobelfabrik-daen\/"]}]},{"@type":"ImageObject","inLanguage":"fr-FR","@id":"https:\/\/kurato.ch\/product\/sitzgruppe-modus-von-kristian-solmer-vedel-fuer-soren-willadsen-mobelfabrik-daen\/#primaryimage","url":"https:\/\/kurato.ch\/wp-content\/uploads\/2024\/07\/Sitzgruppe-Modus-von-Kristian-Solmer-Vedel-vintage-secondhand-gebraucht-schweiz-5.jpg","contentUrl":"https:\/\/kurato.ch\/wp-content\/uploads\/2024\/07\/Sitzgruppe-Modus-von-Kristian-Solmer-Vedel-vintage-secondhand-gebraucht-schweiz-5.jpg","width":800,"height":800,"caption":"Sitzgruppe \"Modus\" von Kristian Solmer-Vedel"},{"@type":"BreadcrumbList","@id":"https:\/\/kurato.ch\/product\/sitzgruppe-modus-von-kristian-solmer-vedel-fuer-soren-willadsen-mobelfabrik-daen\/#breadcrumb","itemListElement":[{"@type":"ListItem","position":1,"name":"Home","item":"https:\/\/kurato.ch\/"},{"@type":"ListItem","position":2,"name":"Neuheiten","item":"https:\/\/kurato.ch\/neuheiten\/"},{"@type":"ListItem","position":3,"name":"Sitzgruppe &#8220;Modus&#8221; von Kristian Solmer Vedel f\u00fcr S\u00f8ren Willadsen M\u00f8belfabrik D\u00e4n."}]},{"@type":"WebSite","@id":"https:\/\/kurato.ch\/#website","url":"https:\/\/kurato.ch\/","name":"Meubles vintage &amp; d\u00e9coration I Kurato","description":"Meubles vintage &amp; d\u00e9coration I Kurato","publisher":{"@id":"https:\/\/kurato.ch\/#organization"},"potentialAction":[{"@type":"SearchAction","target":{"@type":"EntryPoint","urlTemplate":"https:\/\/kurato.ch\/?s={search_term_string}"},"query-input":{"@type":"PropertyValueSpecification","valueRequired":true,"valueName":"search_term_string"}}],"inLanguage":"fr-FR"},{"@type":"Organization","@id":"https:\/\/kurato.ch\/#organization","name":"Kurato.","url":"https:\/\/kurato.ch\/","logo":{"@type":"ImageObject","inLanguage":"fr-FR","@id":"https:\/\/kurato.ch\/#\/schema\/logo\/image\/","url":"","contentUrl":"","caption":"Kurato."},"image":{"@id":"https:\/\/kurato.ch\/#\/schema\/logo\/image\/"},"sameAs":["https:\/\/www.facebook.com\/kuratoswitzerland","https:\/\/www.instagram.com\/kurato.ch\/","https:\/\/www.pinterest.ch\/kurato_ch\/_created\/"]}]}},"_links":{"self":[{"href":"https:\/\/kurato.ch\/fr\/wp-json\/wp\/v2\/product\/60165","targetHints":{"allow":["GET"]}}],"collection":[{"href":"https:\/\/kurato.ch\/fr\/wp-json\/wp\/v2\/product"}],"about":[{"href":"https:\/\/kurato.ch\/fr\/wp-json\/wp\/v2\/types\/product"}],"wp:featuredmedia":[{"embeddable":true,"href":"https:\/\/kurato.ch\/fr\/wp-json\/wp\/v2\/media\/60183"}],"wp:attachment":[{"href":"https:\/\/kurato.ch\/fr\/wp-json\/wp\/v2\/media?parent=60165"}],"wp:term":[{"taxonomy":"product_brand","embeddable":true,"href":"https:\/\/kurato.ch\/fr\/wp-json\/wp\/v2\/product_brand?post=60165"},{"taxonomy":"product_cat","embeddable":true,"href":"https:\/\/kurato.ch\/fr\/wp-json\/wp\/v2\/product_cat?post=60165"},{"taxonomy":"product_tag","embeddable":true,"href":"https:\/\/kurato.ch\/fr\/wp-json\/wp\/v2\/product_tag?post=60165"}],"curies":[{"name":"wp","href":"https:\/\/api.w.org\/{rel}","templated":true}]}}