{"id":69351,"date":"2025-07-10T19:50:24","date_gmt":"2025-07-10T17:50:24","guid":{"rendered":"https:\/\/kurato.ch\/fr\/?post_type=product&#038;p=69351"},"modified":"2025-07-10T19:53:52","modified_gmt":"2025-07-10T17:53:52","slug":"beistelltisch-von-jean-francois-crochet-fuer-sergio-terzani","status":"publish","type":"product","link":"https:\/\/kurato.ch\/fr\/product\/beistelltisch-von-jean-francois-crochet-fuer-sergio-terzani\/","title":{"rendered":"Beistelltisch von Jean-Fran\u00e7ois Crochet f\u00fcr Sergio Terzani"},"content":{"rendered":"<p>Schmiedeeiserner Beistelltisch im postmodernen Stil von Jean-Fran\u00e7ois Crochet, der von der italienischen Firma Terzani um 1985 herausgegeben wurde. Die H\u00f6he seiner Tischplatte ist dank eines raffinierten Drehsystems verstellbar. Das Material weist auf der gesamten Platte F\u00e4den auf. Die Tischplatte ruht auf einem h\u00fcbschen dreibeinigen Gestell. Seit seiner Gr\u00fcndung 1972 in Florenz verbindet das Haus Terzani traditionelle italienische Handwerkskunst mit moderner Technologie. Das Know-how wurde von Sergio Terzanis Vater Orlando Terzani geerbt, der in den 60er und 70er Jahren f\u00fcr den amerikanischen Einzelhandel mit Schmiedeeisen gearbeitet hatte. 1985 lernte Sergio Terzani den renommierten Pariser Designer Jean-Fran\u00e7ois Crochet kennen, der sich dem Designerteam des Terzani-Teams anschloss. Gemeinsam aktualisierten sie die handwerkliche Kultur und pr\u00e4sentierten sie aus der Perspektive des zeitgen\u00f6ssischen Designs.<\/p>\n<p>H\u00f6he: 49,5cm-59cm<\/p>\n<p><strong>Vous souhaitez recevoir l'article chez vous ?<\/strong><\/p>\n<p>Contactez le service client\u00e8le de Kurato <a href=\"mailto:hello@kurato.ch\" data-mce-href=\"mailto:hello@kurato.ch\"><strong>hello@kurato.ch<\/strong><\/a> et demandez une offre de livraison personnalis\u00e9e.<\/p>\n<p><\/p>\n<p><\/p>\n<p>\u00dcbersetzt mit DeepL.com (kostenlose Version)<\/p>","protected":false},"excerpt":{"rendered":"<p>Schmiedeeiserner Beistelltisch im postmodernen Stil von Jean-Fran\u00e7ois Crochet, der von der italienischen Firma Terzani um 1985 herausgegeben wurde. Die H\u00f6he seiner Tischplatte ist dank eines raffinierten Drehsystems verstellbar. Das Material weist auf der gesamten Platte F\u00e4den auf. Die Tischplatte ruht auf einem h\u00fcbschen dreibeinigen Gestell. Seit seiner Gr\u00fcndung 1972 in Florenz verbindet das Haus Terzani [&hellip;]<\/p>\n","protected":false},"featured_media":69452,"template":"","meta":{"_acf_changed":false,"site-sidebar-layout":"default","site-content-layout":"","ast-site-content-layout":"default","site-content-style":"default","site-sidebar-style":"default","ast-global-header-display":"","ast-banner-title-visibility":"","ast-main-header-display":"","ast-hfb-above-header-display":"","ast-hfb-below-header-display":"","ast-hfb-mobile-header-display":"","site-post-title":"","ast-breadcrumbs-content":"","ast-featured-img":"","footer-sml-layout":"","ast-disable-related-posts":"","theme-transparent-header-meta":"","adv-header-id-meta":"","stick-header-meta":"","header-above-stick-meta":"","header-main-stick-meta":"","header-below-stick-meta":"","astra-migrate-meta-layouts":"default","ast-page-background-enabled":"default","ast-page-background-meta":{"desktop":{"background-color":"","background-image":"","background-repeat":"repeat","background-position":"center center","background-size":"auto","background-attachment":"scroll","background-type":"","background-media":"","overlay-type":"","overlay-color":"","overlay-opacity":"","overlay-gradient":""},"tablet":{"background-color":"","background-image":"","background-repeat":"repeat","background-position":"center center","background-size":"auto","background-attachment":"scroll","background-type":"","background-media":"","overlay-type":"","overlay-color":"","overlay-opacity":"","overlay-gradient":""},"mobile":{"background-color":"","background-image":"","background-repeat":"repeat","background-position":"center center","background-size":"auto","background-attachment":"scroll","background-type":"","background-media":"","overlay-type":"","overlay-color":"","overlay-opacity":"","overlay-gradient":""}},"ast-content-background-meta":{"desktop":{"background-color":"var(--ast-global-color-5)","background-image":"","background-repeat":"repeat","background-position":"center center","background-size":"auto","background-attachment":"scroll","background-type":"","background-media":"","overlay-type":"","overlay-color":"","overlay-opacity":"","overlay-gradient":""},"tablet":{"background-color":"var(--ast-global-color-5)","background-image":"","background-repeat":"repeat","background-position":"center center","background-size":"auto","background-attachment":"scroll","background-type":"","background-media":"","overlay-type":"","overlay-color":"","overlay-opacity":"","overlay-gradient":""},"mobile":{"background-color":"var(--ast-global-color-5)","background-image":"","background-repeat":"repeat","background-position":"center center","background-size":"auto","background-attachment":"scroll","background-type":"","background-media":"","overlay-type":"","overlay-color":"","overlay-opacity":"","overlay-gradient":""}}},"product_brand":[],"product_cat":[143,141,167],"product_tag":[],"class_list":{"0":"post-69351","1":"product","2":"type-product","3":"status-publish","4":"has-post-thumbnail","6":"product_cat-vintage-beistelltisch","7":"product_cat-vintage-couchtisch-barwagen","8":"product_cat-vintage-tische","9":"pa_farbe-grau","10":"pa_farbe-schwarz","11":"pa_material-metall","12":"pa_stil-design","13":"pa_stil-vintage","14":"desktop-align-left","15":"tablet-align-left","16":"mobile-align-left","18":"first","19":"instock","20":"sold-individually","21":"shipping-taxable","22":"purchasable","23":"product-type-simple"},"acf":[],"yoast_head":"<!-- This site is optimized with the Yoast SEO plugin v27.4 - https:\/\/yoast.com\/product\/yoast-seo-wordpress\/ -->\n<title>Beistelltisch von Jean-Fran\u00e7ois Crochet f\u00fcr Sergio Terzani | Vintage M\u00f6bel kaufen auf KURATO.CH<\/title>\n<meta name=\"description\" content=\"Entdecke Vintage M\u00f6bel &amp; Dekoration \u27a4 Beistelltisch von Jean-Fran\u00e7ois Crochet f\u00fcr Sergio Terzani auf Kurato. \u2713Lieferung Schweiz \u271314-Tage R\u00fcckgabe \u2713Secondhand Unikat\" \/>\n<meta name=\"robots\" content=\"index, follow, max-snippet:-1, max-image-preview:large, max-video-preview:-1\" \/>\n<link rel=\"canonical\" href=\"https:\/\/kurato.ch\/fr\/product\/beistelltisch-von-jean-francois-crochet-fuer-sergio-terzani\/\" \/>\n<meta property=\"og:locale\" content=\"fr_FR\" \/>\n<meta property=\"og:type\" content=\"article\" \/>\n<meta property=\"og:title\" content=\"Beistelltisch von Jean-Fran\u00e7ois Crochet f\u00fcr Sergio Terzani | Vintage M\u00f6bel kaufen auf KURATO.CH\" \/>\n<meta property=\"og:description\" content=\"Entdecke Vintage M\u00f6bel &amp; Dekoration \u27a4 Beistelltisch von Jean-Fran\u00e7ois Crochet f\u00fcr Sergio Terzani auf Kurato. \u2713Lieferung Schweiz \u271314-Tage R\u00fcckgabe \u2713Secondhand Unikat\" \/>\n<meta property=\"og:url\" content=\"https:\/\/kurato.ch\/fr\/product\/beistelltisch-von-jean-francois-crochet-fuer-sergio-terzani\/\" \/>\n<meta property=\"og:site_name\" content=\"Vintage M\u00f6bel &amp; Dekoration I Kurato\" \/>\n<meta property=\"article:publisher\" content=\"https:\/\/www.facebook.com\/kuratoswitzerland\" \/>\n<meta property=\"article:modified_time\" content=\"2025-07-10T17:53:52+00:00\" \/>\n<meta property=\"og:image\" content=\"https:\/\/kurato.ch\/wp-content\/uploads\/2025\/07\/Beistelltisch-von-Jean-Francois-Crochet-fuer-Sergio-Terzani-vintage-secondhand-gebraucht-schweiz-Instagram-Post.jpg\" \/>\n\t<meta property=\"og:image:width\" content=\"810\" \/>\n\t<meta property=\"og:image:height\" content=\"810\" \/>\n\t<meta property=\"og:image:type\" content=\"image\/jpeg\" \/>\n<meta name=\"twitter:label1\" content=\"Dur\u00e9e de lecture estim\u00e9e\" \/>\n\t<meta name=\"twitter:data1\" content=\"1 minute\" \/>\n<script type=\"application\/ld+json\" class=\"yoast-schema-graph\">{\"@context\":\"https:\\\/\\\/schema.org\",\"@graph\":[{\"@type\":\"WebPage\",\"@id\":\"https:\\\/\\\/kurato.ch\\\/product\\\/beistelltisch-von-jean-francois-crochet-fuer-sergio-terzani\\\/\",\"url\":\"https:\\\/\\\/kurato.ch\\\/product\\\/beistelltisch-von-jean-francois-crochet-fuer-sergio-terzani\\\/\",\"name\":\"Beistelltisch von Jean-Fran\u00e7ois Crochet f\u00fcr Sergio Terzani | Vintage M\u00f6bel kaufen auf KURATO.CH\",\"isPartOf\":{\"@id\":\"https:\\\/\\\/kurato.ch\\\/#website\"},\"primaryImageOfPage\":{\"@id\":\"https:\\\/\\\/kurato.ch\\\/product\\\/beistelltisch-von-jean-francois-crochet-fuer-sergio-terzani\\\/#primaryimage\"},\"image\":{\"@id\":\"https:\\\/\\\/kurato.ch\\\/product\\\/beistelltisch-von-jean-francois-crochet-fuer-sergio-terzani\\\/#primaryimage\"},\"thumbnailUrl\":\"https:\\\/\\\/kurato.ch\\\/wp-content\\\/uploads\\\/2025\\\/07\\\/Beistelltisch-von-Jean-Francois-Crochet-fuer-Sergio-Terzani-vintage-secondhand-gebraucht-schweiz-Instagram-Post.jpg\",\"datePublished\":\"2025-07-10T17:50:24+00:00\",\"dateModified\":\"2025-07-10T17:53:52+00:00\",\"description\":\"Entdecke Vintage M\u00f6bel & Dekoration \u27a4 Beistelltisch von Jean-Fran\u00e7ois Crochet f\u00fcr Sergio Terzani auf Kurato. \u2713Lieferung Schweiz \u271314-Tage R\u00fcckgabe \u2713Secondhand Unikat\",\"breadcrumb\":{\"@id\":\"https:\\\/\\\/kurato.ch\\\/product\\\/beistelltisch-von-jean-francois-crochet-fuer-sergio-terzani\\\/#breadcrumb\"},\"inLanguage\":\"fr-FR\",\"potentialAction\":[{\"@type\":\"ReadAction\",\"target\":[\"https:\\\/\\\/kurato.ch\\\/product\\\/beistelltisch-von-jean-francois-crochet-fuer-sergio-terzani\\\/\"]}]},{\"@type\":\"ImageObject\",\"inLanguage\":\"fr-FR\",\"@id\":\"https:\\\/\\\/kurato.ch\\\/product\\\/beistelltisch-von-jean-francois-crochet-fuer-sergio-terzani\\\/#primaryimage\",\"url\":\"https:\\\/\\\/kurato.ch\\\/wp-content\\\/uploads\\\/2025\\\/07\\\/Beistelltisch-von-Jean-Francois-Crochet-fuer-Sergio-Terzani-vintage-secondhand-gebraucht-schweiz-Instagram-Post.jpg\",\"contentUrl\":\"https:\\\/\\\/kurato.ch\\\/wp-content\\\/uploads\\\/2025\\\/07\\\/Beistelltisch-von-Jean-Francois-Crochet-fuer-Sergio-Terzani-vintage-secondhand-gebraucht-schweiz-Instagram-Post.jpg\",\"width\":810,\"height\":810,\"caption\":\"Beistelltisch von Jean-Fran\u00e7ois Crochet f\u00fcr Sergio Terzani\"},{\"@type\":\"BreadcrumbList\",\"@id\":\"https:\\\/\\\/kurato.ch\\\/product\\\/beistelltisch-von-jean-francois-crochet-fuer-sergio-terzani\\\/#breadcrumb\",\"itemListElement\":[{\"@type\":\"ListItem\",\"position\":1,\"name\":\"Home\",\"item\":\"https:\\\/\\\/kurato.ch\\\/\"},{\"@type\":\"ListItem\",\"position\":2,\"name\":\"Neuheiten\",\"item\":\"https:\\\/\\\/kurato.ch\\\/neuheiten\\\/\"},{\"@type\":\"ListItem\",\"position\":3,\"name\":\"Beistelltisch von Jean-Fran\u00e7ois Crochet f\u00fcr Sergio Terzani\"}]},{\"@type\":\"WebSite\",\"@id\":\"https:\\\/\\\/kurato.ch\\\/#website\",\"url\":\"https:\\\/\\\/kurato.ch\\\/\",\"name\":\"Vintage M\u00f6bel &amp; Dekoration I Kurato\",\"description\":\"Vintage M\u00f6bel &amp; Dekoration I Kurato\",\"publisher\":{\"@id\":\"https:\\\/\\\/kurato.ch\\\/#organization\"},\"potentialAction\":[{\"@type\":\"SearchAction\",\"target\":{\"@type\":\"EntryPoint\",\"urlTemplate\":\"https:\\\/\\\/kurato.ch\\\/?s={search_term_string}\"},\"query-input\":{\"@type\":\"PropertyValueSpecification\",\"valueRequired\":true,\"valueName\":\"search_term_string\"}}],\"inLanguage\":\"fr-FR\"},{\"@type\":\"Organization\",\"@id\":\"https:\\\/\\\/kurato.ch\\\/#organization\",\"name\":\"Kurato.\",\"url\":\"https:\\\/\\\/kurato.ch\\\/\",\"logo\":{\"@type\":\"ImageObject\",\"inLanguage\":\"fr-FR\",\"@id\":\"https:\\\/\\\/kurato.ch\\\/#\\\/schema\\\/logo\\\/image\\\/\",\"url\":\"\",\"contentUrl\":\"\",\"caption\":\"Kurato.\"},\"image\":{\"@id\":\"https:\\\/\\\/kurato.ch\\\/#\\\/schema\\\/logo\\\/image\\\/\"},\"sameAs\":[\"https:\\\/\\\/www.facebook.com\\\/kuratoswitzerland\",\"https:\\\/\\\/www.instagram.com\\\/kurato.ch\\\/\",\"https:\\\/\\\/www.pinterest.ch\\\/kurato_ch\\\/_created\\\/\"]}]}<\/script>\n<!-- \/ Yoast SEO plugin. -->","yoast_head_json":{"title":"Beistelltisch von Jean-Fran\u00e7ois Crochet f\u00fcr Sergio Terzani | Vintage M\u00f6bel kaufen auf KURATO.CH","description":"Entdecke Vintage M\u00f6bel & Dekoration \u27a4 Beistelltisch von Jean-Fran\u00e7ois Crochet f\u00fcr Sergio Terzani auf Kurato. \u2713Lieferung Schweiz \u271314-Tage R\u00fcckgabe \u2713Secondhand Unikat","robots":{"index":"index","follow":"follow","max-snippet":"max-snippet:-1","max-image-preview":"max-image-preview:large","max-video-preview":"max-video-preview:-1"},"canonical":"https:\/\/kurato.ch\/fr\/product\/beistelltisch-von-jean-francois-crochet-fuer-sergio-terzani\/","og_locale":"fr_FR","og_type":"article","og_title":"Beistelltisch von Jean-Fran\u00e7ois Crochet f\u00fcr Sergio Terzani | Vintage M\u00f6bel kaufen auf KURATO.CH","og_description":"Entdecke Vintage M\u00f6bel & Dekoration \u27a4 Beistelltisch von Jean-Fran\u00e7ois Crochet f\u00fcr Sergio Terzani auf Kurato. \u2713Lieferung Schweiz \u271314-Tage R\u00fcckgabe \u2713Secondhand Unikat","og_url":"https:\/\/kurato.ch\/fr\/product\/beistelltisch-von-jean-francois-crochet-fuer-sergio-terzani\/","og_site_name":"Vintage M\u00f6bel &amp; Dekoration I Kurato","article_publisher":"https:\/\/www.facebook.com\/kuratoswitzerland","article_modified_time":"2025-07-10T17:53:52+00:00","og_image":[{"width":810,"height":810,"url":"https:\/\/kurato.ch\/wp-content\/uploads\/2025\/07\/Beistelltisch-von-Jean-Francois-Crochet-fuer-Sergio-Terzani-vintage-secondhand-gebraucht-schweiz-Instagram-Post.jpg","type":"image\/jpeg"}],"twitter_misc":{"Dur\u00e9e de lecture estim\u00e9e":"1 minute"},"schema":{"@context":"https:\/\/schema.org","@graph":[{"@type":"WebPage","@id":"https:\/\/kurato.ch\/product\/beistelltisch-von-jean-francois-crochet-fuer-sergio-terzani\/","url":"https:\/\/kurato.ch\/product\/beistelltisch-von-jean-francois-crochet-fuer-sergio-terzani\/","name":"Beistelltisch von Jean-Fran\u00e7ois Crochet f\u00fcr Sergio Terzani | Vintage M\u00f6bel kaufen auf KURATO.CH","isPartOf":{"@id":"https:\/\/kurato.ch\/#website"},"primaryImageOfPage":{"@id":"https:\/\/kurato.ch\/product\/beistelltisch-von-jean-francois-crochet-fuer-sergio-terzani\/#primaryimage"},"image":{"@id":"https:\/\/kurato.ch\/product\/beistelltisch-von-jean-francois-crochet-fuer-sergio-terzani\/#primaryimage"},"thumbnailUrl":"https:\/\/kurato.ch\/wp-content\/uploads\/2025\/07\/Beistelltisch-von-Jean-Francois-Crochet-fuer-Sergio-Terzani-vintage-secondhand-gebraucht-schweiz-Instagram-Post.jpg","datePublished":"2025-07-10T17:50:24+00:00","dateModified":"2025-07-10T17:53:52+00:00","description":"Entdecke Vintage M\u00f6bel & Dekoration \u27a4 Beistelltisch von Jean-Fran\u00e7ois Crochet f\u00fcr Sergio Terzani auf Kurato. \u2713Lieferung Schweiz \u271314-Tage R\u00fcckgabe \u2713Secondhand Unikat","breadcrumb":{"@id":"https:\/\/kurato.ch\/product\/beistelltisch-von-jean-francois-crochet-fuer-sergio-terzani\/#breadcrumb"},"inLanguage":"fr-FR","potentialAction":[{"@type":"ReadAction","target":["https:\/\/kurato.ch\/product\/beistelltisch-von-jean-francois-crochet-fuer-sergio-terzani\/"]}]},{"@type":"ImageObject","inLanguage":"fr-FR","@id":"https:\/\/kurato.ch\/product\/beistelltisch-von-jean-francois-crochet-fuer-sergio-terzani\/#primaryimage","url":"https:\/\/kurato.ch\/wp-content\/uploads\/2025\/07\/Beistelltisch-von-Jean-Francois-Crochet-fuer-Sergio-Terzani-vintage-secondhand-gebraucht-schweiz-Instagram-Post.jpg","contentUrl":"https:\/\/kurato.ch\/wp-content\/uploads\/2025\/07\/Beistelltisch-von-Jean-Francois-Crochet-fuer-Sergio-Terzani-vintage-secondhand-gebraucht-schweiz-Instagram-Post.jpg","width":810,"height":810,"caption":"Beistelltisch von Jean-Fran\u00e7ois Crochet f\u00fcr Sergio Terzani"},{"@type":"BreadcrumbList","@id":"https:\/\/kurato.ch\/product\/beistelltisch-von-jean-francois-crochet-fuer-sergio-terzani\/#breadcrumb","itemListElement":[{"@type":"ListItem","position":1,"name":"Home","item":"https:\/\/kurato.ch\/"},{"@type":"ListItem","position":2,"name":"Neuheiten","item":"https:\/\/kurato.ch\/neuheiten\/"},{"@type":"ListItem","position":3,"name":"Beistelltisch von Jean-Fran\u00e7ois Crochet f\u00fcr Sergio Terzani"}]},{"@type":"WebSite","@id":"https:\/\/kurato.ch\/#website","url":"https:\/\/kurato.ch\/","name":"Meubles vintage &amp; d\u00e9coration I Kurato","description":"Meubles vintage &amp; d\u00e9coration I Kurato","publisher":{"@id":"https:\/\/kurato.ch\/#organization"},"potentialAction":[{"@type":"SearchAction","target":{"@type":"EntryPoint","urlTemplate":"https:\/\/kurato.ch\/?s={search_term_string}"},"query-input":{"@type":"PropertyValueSpecification","valueRequired":true,"valueName":"search_term_string"}}],"inLanguage":"fr-FR"},{"@type":"Organization","@id":"https:\/\/kurato.ch\/#organization","name":"Kurato.","url":"https:\/\/kurato.ch\/","logo":{"@type":"ImageObject","inLanguage":"fr-FR","@id":"https:\/\/kurato.ch\/#\/schema\/logo\/image\/","url":"","contentUrl":"","caption":"Kurato."},"image":{"@id":"https:\/\/kurato.ch\/#\/schema\/logo\/image\/"},"sameAs":["https:\/\/www.facebook.com\/kuratoswitzerland","https:\/\/www.instagram.com\/kurato.ch\/","https:\/\/www.pinterest.ch\/kurato_ch\/_created\/"]}]}},"_links":{"self":[{"href":"https:\/\/kurato.ch\/fr\/wp-json\/wp\/v2\/product\/69351","targetHints":{"allow":["GET"]}}],"collection":[{"href":"https:\/\/kurato.ch\/fr\/wp-json\/wp\/v2\/product"}],"about":[{"href":"https:\/\/kurato.ch\/fr\/wp-json\/wp\/v2\/types\/product"}],"wp:featuredmedia":[{"embeddable":true,"href":"https:\/\/kurato.ch\/fr\/wp-json\/wp\/v2\/media\/69452"}],"wp:attachment":[{"href":"https:\/\/kurato.ch\/fr\/wp-json\/wp\/v2\/media?parent=69351"}],"wp:term":[{"taxonomy":"product_brand","embeddable":true,"href":"https:\/\/kurato.ch\/fr\/wp-json\/wp\/v2\/product_brand?post=69351"},{"taxonomy":"product_cat","embeddable":true,"href":"https:\/\/kurato.ch\/fr\/wp-json\/wp\/v2\/product_cat?post=69351"},{"taxonomy":"product_tag","embeddable":true,"href":"https:\/\/kurato.ch\/fr\/wp-json\/wp\/v2\/product_tag?post=69351"}],"curies":[{"name":"wp","href":"https:\/\/api.w.org\/{rel}","templated":true}]}}