{"id":71427,"date":"2025-11-11T23:22:34","date_gmt":"2025-11-11T21:22:34","guid":{"rendered":"https:\/\/kurato.ch\/?post_type=product&#038;p=71427"},"modified":"2025-11-11T23:22:35","modified_gmt":"2025-11-11T21:22:35","slug":"roter-sessel-modell-ds-2011-01-von-de-sede","status":"publish","type":"product","link":"https:\/\/kurato.ch\/fr\/product\/roter-sessel-modell-ds-2011-01-von-de-sede\/","title":{"rendered":"Roter Sessel Modell DS-2011\/01 von de Sede"},"content":{"rendered":"<p>Roter Sessel Modell DS-2011\/01 von de Sede<\/p>\n<p>Preis: 2577,- CHF<\/p>\n<p>Der DS-2011\/01 Sessel von de Sede ist ein hochwertiger Loungesessel, der durch sein luxuri\u00f6ses Design und die Verwendung feinster Materialien beeindruckt. In leuchtendem Rot wirkt er besonders markant und verleiht jedem Raum einen eleganten, stilvollen Akzent.<\/p>\n<p>Der Sessel zeichnet sich durch klare Linien und eine leicht geneigte R\u00fcckenlehne aus, die f\u00fcr optimalen Sitzkomfort sorgt.<\/p>\n<p>Die grossz\u00fcgige Polsterung und das hochwertige Leder sind typisch f\u00fcr de Sede und garantieren Langlebigkeit und ein angenehmes Sitzgef\u00fchl. Der DS-2011\/01 eignet sich perfekt f\u00fcr Loungebereiche, Wartezonen oder das Wohnzimmer und verleiht dem Raum eine luxuri\u00f6se Note.<\/p>\n<p>Durch sein minimalistisches Design und die hohe Verarbeitungsqualit\u00e4t f\u00fcgt sich der DS-2011\/01 in viele moderne Einrichtungsstile ein und wird zum Blickfang in jeder Umgebung.<\/p>\n<p>Zustand: Dieser rote DS-2011\/01 Sessel pr\u00e4sentiert sich nahezu wie neu und weist so gut wie keine Gebrauchsspuren auf. Das Leder ist glatt, ohne Falten, Kratzer oder Abnutzungen, und die leuchtend rote Farbe strahlt intensiv und gleichm\u00e4ssig. Die Polsterung ist straff und formstabil, was h\u00f6chsten Sitzkomfort bietet.<\/p>\n<p>Die N\u00e4hte und Kanten sind perfekt verarbeitet, und auch das Gestell ist ohne Kratzer oder Besch\u00e4digungen. Der Sessel wirkt insgesamt hochwertig und edel, so als w\u00e4re er gerade erst aus dem Showroom gekommen. Ein echtes Schmuckst\u00fcck, das in jedem Raum f\u00fcr einen luxuri\u00f6sen Akzent sorgt.<\/p>\n<p>Masse: L110 x B80 x H82cm<br \/>Sitzh\u00f6he: 39 cm<br \/>Armlehnh\u00f6he: 52 cm<\/p>\n<p><strong>Vous souhaitez recevoir l'article chez vous ?<\/strong><\/p>\n<p>Contactez le service client\u00e8le de Kurato <a href=\"mailto:hello@kurato.ch\" data-mce-href=\"mailto:hello@kurato.ch\"><strong>hello@kurato.ch<\/strong><\/a> et demandez une offre de livraison personnalis\u00e9e.<\/p>\n<p><br data-mce-bogus=\"1\"><\/p>","protected":false},"excerpt":{"rendered":"<p>Roter Sessel Modell DS-2011\/01 von de Sede Preis: 2577,- CHF Der DS-2011\/01 Sessel von de Sede ist ein hochwertiger Loungesessel, der durch sein luxuri\u00f6ses Design und die Verwendung feinster Materialien beeindruckt. In leuchtendem Rot wirkt er besonders markant und verleiht jedem Raum einen eleganten, stilvollen Akzent. Der Sessel zeichnet sich durch klare Linien und eine [&hellip;]<\/p>\n","protected":false},"featured_media":72343,"template":"","meta":{"_acf_changed":false,"site-sidebar-layout":"default","site-content-layout":"","ast-site-content-layout":"default","site-content-style":"default","site-sidebar-style":"default","ast-global-header-display":"","ast-banner-title-visibility":"","ast-main-header-display":"","ast-hfb-above-header-display":"","ast-hfb-below-header-display":"","ast-hfb-mobile-header-display":"","site-post-title":"","ast-breadcrumbs-content":"","ast-featured-img":"","footer-sml-layout":"","ast-disable-related-posts":"","theme-transparent-header-meta":"","adv-header-id-meta":"","stick-header-meta":"","header-above-stick-meta":"","header-main-stick-meta":"","header-below-stick-meta":"","astra-migrate-meta-layouts":"default","ast-page-background-enabled":"default","ast-page-background-meta":{"desktop":{"background-color":"","background-image":"","background-repeat":"repeat","background-position":"center center","background-size":"auto","background-attachment":"scroll","background-type":"","background-media":"","overlay-type":"","overlay-color":"","overlay-opacity":"","overlay-gradient":""},"tablet":{"background-color":"","background-image":"","background-repeat":"repeat","background-position":"center center","background-size":"auto","background-attachment":"scroll","background-type":"","background-media":"","overlay-type":"","overlay-color":"","overlay-opacity":"","overlay-gradient":""},"mobile":{"background-color":"","background-image":"","background-repeat":"repeat","background-position":"center center","background-size":"auto","background-attachment":"scroll","background-type":"","background-media":"","overlay-type":"","overlay-color":"","overlay-opacity":"","overlay-gradient":""}},"ast-content-background-meta":{"desktop":{"background-color":"var(--ast-global-color-5)","background-image":"","background-repeat":"repeat","background-position":"center center","background-size":"auto","background-attachment":"scroll","background-type":"","background-media":"","overlay-type":"","overlay-color":"","overlay-opacity":"","overlay-gradient":""},"tablet":{"background-color":"var(--ast-global-color-5)","background-image":"","background-repeat":"repeat","background-position":"center center","background-size":"auto","background-attachment":"scroll","background-type":"","background-media":"","overlay-type":"","overlay-color":"","overlay-opacity":"","overlay-gradient":""},"mobile":{"background-color":"var(--ast-global-color-5)","background-image":"","background-repeat":"repeat","background-position":"center center","background-size":"auto","background-attachment":"scroll","background-type":"","background-media":"","overlay-type":"","overlay-color":"","overlay-opacity":"","overlay-gradient":""}}},"product_brand":[],"product_cat":[152],"product_tag":[],"class_list":{"0":"post-71427","1":"product","2":"type-product","3":"status-publish","4":"has-post-thumbnail","6":"product_cat-vintage-sessel-liege","7":"pa_designer-de-sede","8":"pa_farbe-rot","9":"pa_material-leder","10":"pa_stil-vintage","11":"desktop-align-left","12":"tablet-align-left","13":"mobile-align-left","15":"first","16":"instock","17":"sold-individually","18":"shipping-taxable","19":"purchasable","20":"product-type-simple"},"acf":[],"yoast_head":"<!-- This site is optimized with the Yoast SEO plugin v27.4 - https:\/\/yoast.com\/product\/yoast-seo-wordpress\/ -->\n<title>Roter Sessel Modell DS-2011\/01 von de Sede | Vintage M\u00f6bel kaufen auf KURATO.CH<\/title>\n<meta name=\"description\" content=\"Entdecke Vintage M\u00f6bel &amp; Dekoration \u27a4 Roter Sessel Modell DS-2011\/01 von de Sede auf Kurato. \u2713Lieferung Schweiz \u271314-Tage R\u00fcckgabe \u2713Secondhand Unikat\" \/>\n<meta name=\"robots\" content=\"index, follow, max-snippet:-1, max-image-preview:large, max-video-preview:-1\" \/>\n<link rel=\"canonical\" href=\"https:\/\/kurato.ch\/fr\/product\/roter-sessel-modell-ds-2011-01-von-de-sede\/\" \/>\n<meta property=\"og:locale\" content=\"fr_FR\" \/>\n<meta property=\"og:type\" content=\"article\" \/>\n<meta property=\"og:title\" content=\"Roter Sessel Modell DS-2011\/01 von de Sede | Vintage M\u00f6bel kaufen auf KURATO.CH\" \/>\n<meta property=\"og:description\" content=\"Entdecke Vintage M\u00f6bel &amp; Dekoration \u27a4 Roter Sessel Modell DS-2011\/01 von de Sede auf Kurato. \u2713Lieferung Schweiz \u271314-Tage R\u00fcckgabe \u2713Secondhand Unikat\" \/>\n<meta property=\"og:url\" content=\"https:\/\/kurato.ch\/fr\/product\/roter-sessel-modell-ds-2011-01-von-de-sede\/\" \/>\n<meta property=\"og:site_name\" content=\"Vintage M\u00f6bel &amp; Dekoration I Kurato\" \/>\n<meta property=\"article:publisher\" content=\"https:\/\/www.facebook.com\/kuratoswitzerland\" \/>\n<meta property=\"article:modified_time\" content=\"2025-11-11T21:22:35+00:00\" \/>\n<meta property=\"og:image\" content=\"https:\/\/kurato.ch\/wp-content\/uploads\/2025\/11\/Roter-Sessel-Modell-DS-2011-01-von-de-Sede-vintage-secondhand-gebraucht-schweiz-Instagram-Post.jpg\" \/>\n\t<meta property=\"og:image:width\" content=\"810\" \/>\n\t<meta property=\"og:image:height\" content=\"810\" \/>\n\t<meta property=\"og:image:type\" content=\"image\/jpeg\" \/>\n<meta name=\"twitter:label1\" content=\"Dur\u00e9e de lecture estim\u00e9e\" \/>\n\t<meta name=\"twitter:data1\" content=\"1 minute\" \/>\n<script type=\"application\/ld+json\" class=\"yoast-schema-graph\">{\"@context\":\"https:\\\/\\\/schema.org\",\"@graph\":[{\"@type\":\"WebPage\",\"@id\":\"https:\\\/\\\/kurato.ch\\\/product\\\/roter-sessel-modell-ds-2011-01-von-de-sede\\\/\",\"url\":\"https:\\\/\\\/kurato.ch\\\/product\\\/roter-sessel-modell-ds-2011-01-von-de-sede\\\/\",\"name\":\"Roter Sessel Modell DS-2011\\\/01 von de Sede | Vintage M\u00f6bel kaufen auf KURATO.CH\",\"isPartOf\":{\"@id\":\"https:\\\/\\\/kurato.ch\\\/#website\"},\"primaryImageOfPage\":{\"@id\":\"https:\\\/\\\/kurato.ch\\\/product\\\/roter-sessel-modell-ds-2011-01-von-de-sede\\\/#primaryimage\"},\"image\":{\"@id\":\"https:\\\/\\\/kurato.ch\\\/product\\\/roter-sessel-modell-ds-2011-01-von-de-sede\\\/#primaryimage\"},\"thumbnailUrl\":\"https:\\\/\\\/kurato.ch\\\/wp-content\\\/uploads\\\/2025\\\/11\\\/Roter-Sessel-Modell-DS-2011-01-von-de-Sede-vintage-secondhand-gebraucht-schweiz-Instagram-Post.jpg\",\"datePublished\":\"2025-11-11T21:22:34+00:00\",\"dateModified\":\"2025-11-11T21:22:35+00:00\",\"description\":\"Entdecke Vintage M\u00f6bel & Dekoration \u27a4 Roter Sessel Modell DS-2011\\\/01 von de Sede auf Kurato. \u2713Lieferung Schweiz \u271314-Tage R\u00fcckgabe \u2713Secondhand Unikat\",\"breadcrumb\":{\"@id\":\"https:\\\/\\\/kurato.ch\\\/product\\\/roter-sessel-modell-ds-2011-01-von-de-sede\\\/#breadcrumb\"},\"inLanguage\":\"fr-FR\",\"potentialAction\":[{\"@type\":\"ReadAction\",\"target\":[\"https:\\\/\\\/kurato.ch\\\/product\\\/roter-sessel-modell-ds-2011-01-von-de-sede\\\/\"]}]},{\"@type\":\"ImageObject\",\"inLanguage\":\"fr-FR\",\"@id\":\"https:\\\/\\\/kurato.ch\\\/product\\\/roter-sessel-modell-ds-2011-01-von-de-sede\\\/#primaryimage\",\"url\":\"https:\\\/\\\/kurato.ch\\\/wp-content\\\/uploads\\\/2025\\\/11\\\/Roter-Sessel-Modell-DS-2011-01-von-de-Sede-vintage-secondhand-gebraucht-schweiz-Instagram-Post.jpg\",\"contentUrl\":\"https:\\\/\\\/kurato.ch\\\/wp-content\\\/uploads\\\/2025\\\/11\\\/Roter-Sessel-Modell-DS-2011-01-von-de-Sede-vintage-secondhand-gebraucht-schweiz-Instagram-Post.jpg\",\"width\":810,\"height\":810,\"caption\":\"Roter Sessel Modell DS-2011\\\/01 von de Sede\"},{\"@type\":\"BreadcrumbList\",\"@id\":\"https:\\\/\\\/kurato.ch\\\/product\\\/roter-sessel-modell-ds-2011-01-von-de-sede\\\/#breadcrumb\",\"itemListElement\":[{\"@type\":\"ListItem\",\"position\":1,\"name\":\"Home\",\"item\":\"https:\\\/\\\/kurato.ch\\\/\"},{\"@type\":\"ListItem\",\"position\":2,\"name\":\"Neuheiten\",\"item\":\"https:\\\/\\\/kurato.ch\\\/neuheiten\\\/\"},{\"@type\":\"ListItem\",\"position\":3,\"name\":\"Roter Sessel Modell DS-2011\\\/01 von de Sede\"}]},{\"@type\":\"WebSite\",\"@id\":\"https:\\\/\\\/kurato.ch\\\/#website\",\"url\":\"https:\\\/\\\/kurato.ch\\\/\",\"name\":\"Vintage M\u00f6bel &amp; Dekoration I Kurato\",\"description\":\"Vintage M\u00f6bel &amp; Dekoration I Kurato\",\"publisher\":{\"@id\":\"https:\\\/\\\/kurato.ch\\\/#organization\"},\"potentialAction\":[{\"@type\":\"SearchAction\",\"target\":{\"@type\":\"EntryPoint\",\"urlTemplate\":\"https:\\\/\\\/kurato.ch\\\/?s={search_term_string}\"},\"query-input\":{\"@type\":\"PropertyValueSpecification\",\"valueRequired\":true,\"valueName\":\"search_term_string\"}}],\"inLanguage\":\"fr-FR\"},{\"@type\":\"Organization\",\"@id\":\"https:\\\/\\\/kurato.ch\\\/#organization\",\"name\":\"Kurato.\",\"url\":\"https:\\\/\\\/kurato.ch\\\/\",\"logo\":{\"@type\":\"ImageObject\",\"inLanguage\":\"fr-FR\",\"@id\":\"https:\\\/\\\/kurato.ch\\\/#\\\/schema\\\/logo\\\/image\\\/\",\"url\":\"\",\"contentUrl\":\"\",\"caption\":\"Kurato.\"},\"image\":{\"@id\":\"https:\\\/\\\/kurato.ch\\\/#\\\/schema\\\/logo\\\/image\\\/\"},\"sameAs\":[\"https:\\\/\\\/www.facebook.com\\\/kuratoswitzerland\",\"https:\\\/\\\/www.instagram.com\\\/kurato.ch\\\/\",\"https:\\\/\\\/www.pinterest.ch\\\/kurato_ch\\\/_created\\\/\"]}]}<\/script>\n<!-- \/ Yoast SEO plugin. -->","yoast_head_json":{"title":"Roter Sessel Modell DS-2011\/01 von de Sede | Vintage M\u00f6bel kaufen auf KURATO.CH","description":"Entdecke Vintage M\u00f6bel & Dekoration \u27a4 Roter Sessel Modell DS-2011\/01 von de Sede auf Kurato. \u2713Lieferung Schweiz \u271314-Tage R\u00fcckgabe \u2713Secondhand Unikat","robots":{"index":"index","follow":"follow","max-snippet":"max-snippet:-1","max-image-preview":"max-image-preview:large","max-video-preview":"max-video-preview:-1"},"canonical":"https:\/\/kurato.ch\/fr\/product\/roter-sessel-modell-ds-2011-01-von-de-sede\/","og_locale":"fr_FR","og_type":"article","og_title":"Roter Sessel Modell DS-2011\/01 von de Sede | Vintage M\u00f6bel kaufen auf KURATO.CH","og_description":"Entdecke Vintage M\u00f6bel & Dekoration \u27a4 Roter Sessel Modell DS-2011\/01 von de Sede auf Kurato. \u2713Lieferung Schweiz \u271314-Tage R\u00fcckgabe \u2713Secondhand Unikat","og_url":"https:\/\/kurato.ch\/fr\/product\/roter-sessel-modell-ds-2011-01-von-de-sede\/","og_site_name":"Vintage M\u00f6bel &amp; Dekoration I Kurato","article_publisher":"https:\/\/www.facebook.com\/kuratoswitzerland","article_modified_time":"2025-11-11T21:22:35+00:00","og_image":[{"width":810,"height":810,"url":"https:\/\/kurato.ch\/wp-content\/uploads\/2025\/11\/Roter-Sessel-Modell-DS-2011-01-von-de-Sede-vintage-secondhand-gebraucht-schweiz-Instagram-Post.jpg","type":"image\/jpeg"}],"twitter_misc":{"Dur\u00e9e de lecture estim\u00e9e":"1 minute"},"schema":{"@context":"https:\/\/schema.org","@graph":[{"@type":"WebPage","@id":"https:\/\/kurato.ch\/product\/roter-sessel-modell-ds-2011-01-von-de-sede\/","url":"https:\/\/kurato.ch\/product\/roter-sessel-modell-ds-2011-01-von-de-sede\/","name":"Roter Sessel Modell DS-2011\/01 von de Sede | Vintage M\u00f6bel kaufen auf KURATO.CH","isPartOf":{"@id":"https:\/\/kurato.ch\/#website"},"primaryImageOfPage":{"@id":"https:\/\/kurato.ch\/product\/roter-sessel-modell-ds-2011-01-von-de-sede\/#primaryimage"},"image":{"@id":"https:\/\/kurato.ch\/product\/roter-sessel-modell-ds-2011-01-von-de-sede\/#primaryimage"},"thumbnailUrl":"https:\/\/kurato.ch\/wp-content\/uploads\/2025\/11\/Roter-Sessel-Modell-DS-2011-01-von-de-Sede-vintage-secondhand-gebraucht-schweiz-Instagram-Post.jpg","datePublished":"2025-11-11T21:22:34+00:00","dateModified":"2025-11-11T21:22:35+00:00","description":"Entdecke Vintage M\u00f6bel & Dekoration \u27a4 Roter Sessel Modell DS-2011\/01 von de Sede auf Kurato. \u2713Lieferung Schweiz \u271314-Tage R\u00fcckgabe \u2713Secondhand Unikat","breadcrumb":{"@id":"https:\/\/kurato.ch\/product\/roter-sessel-modell-ds-2011-01-von-de-sede\/#breadcrumb"},"inLanguage":"fr-FR","potentialAction":[{"@type":"ReadAction","target":["https:\/\/kurato.ch\/product\/roter-sessel-modell-ds-2011-01-von-de-sede\/"]}]},{"@type":"ImageObject","inLanguage":"fr-FR","@id":"https:\/\/kurato.ch\/product\/roter-sessel-modell-ds-2011-01-von-de-sede\/#primaryimage","url":"https:\/\/kurato.ch\/wp-content\/uploads\/2025\/11\/Roter-Sessel-Modell-DS-2011-01-von-de-Sede-vintage-secondhand-gebraucht-schweiz-Instagram-Post.jpg","contentUrl":"https:\/\/kurato.ch\/wp-content\/uploads\/2025\/11\/Roter-Sessel-Modell-DS-2011-01-von-de-Sede-vintage-secondhand-gebraucht-schweiz-Instagram-Post.jpg","width":810,"height":810,"caption":"Roter Sessel Modell DS-2011\/01 von de Sede"},{"@type":"BreadcrumbList","@id":"https:\/\/kurato.ch\/product\/roter-sessel-modell-ds-2011-01-von-de-sede\/#breadcrumb","itemListElement":[{"@type":"ListItem","position":1,"name":"Home","item":"https:\/\/kurato.ch\/"},{"@type":"ListItem","position":2,"name":"Neuheiten","item":"https:\/\/kurato.ch\/neuheiten\/"},{"@type":"ListItem","position":3,"name":"Roter Sessel Modell DS-2011\/01 von de Sede"}]},{"@type":"WebSite","@id":"https:\/\/kurato.ch\/#website","url":"https:\/\/kurato.ch\/","name":"Meubles vintage &amp; d\u00e9coration I Kurato","description":"Meubles vintage &amp; d\u00e9coration I Kurato","publisher":{"@id":"https:\/\/kurato.ch\/#organization"},"potentialAction":[{"@type":"SearchAction","target":{"@type":"EntryPoint","urlTemplate":"https:\/\/kurato.ch\/?s={search_term_string}"},"query-input":{"@type":"PropertyValueSpecification","valueRequired":true,"valueName":"search_term_string"}}],"inLanguage":"fr-FR"},{"@type":"Organization","@id":"https:\/\/kurato.ch\/#organization","name":"Kurato.","url":"https:\/\/kurato.ch\/","logo":{"@type":"ImageObject","inLanguage":"fr-FR","@id":"https:\/\/kurato.ch\/#\/schema\/logo\/image\/","url":"","contentUrl":"","caption":"Kurato."},"image":{"@id":"https:\/\/kurato.ch\/#\/schema\/logo\/image\/"},"sameAs":["https:\/\/www.facebook.com\/kuratoswitzerland","https:\/\/www.instagram.com\/kurato.ch\/","https:\/\/www.pinterest.ch\/kurato_ch\/_created\/"]}]}},"_links":{"self":[{"href":"https:\/\/kurato.ch\/fr\/wp-json\/wp\/v2\/product\/71427","targetHints":{"allow":["GET"]}}],"collection":[{"href":"https:\/\/kurato.ch\/fr\/wp-json\/wp\/v2\/product"}],"about":[{"href":"https:\/\/kurato.ch\/fr\/wp-json\/wp\/v2\/types\/product"}],"wp:featuredmedia":[{"embeddable":true,"href":"https:\/\/kurato.ch\/fr\/wp-json\/wp\/v2\/media\/72343"}],"wp:attachment":[{"href":"https:\/\/kurato.ch\/fr\/wp-json\/wp\/v2\/media?parent=71427"}],"wp:term":[{"taxonomy":"product_brand","embeddable":true,"href":"https:\/\/kurato.ch\/fr\/wp-json\/wp\/v2\/product_brand?post=71427"},{"taxonomy":"product_cat","embeddable":true,"href":"https:\/\/kurato.ch\/fr\/wp-json\/wp\/v2\/product_cat?post=71427"},{"taxonomy":"product_tag","embeddable":true,"href":"https:\/\/kurato.ch\/fr\/wp-json\/wp\/v2\/product_tag?post=71427"}],"curies":[{"name":"wp","href":"https:\/\/api.w.org\/{rel}","templated":true}]}}