{"id":71620,"date":"2025-10-03T21:01:03","date_gmt":"2025-10-03T19:01:03","guid":{"rendered":"https:\/\/kurato.ch\/?post_type=product&#038;p=71620"},"modified":"2025-10-03T21:01:03","modified_gmt":"2025-10-03T19:01:03","slug":"2er-set-original-charles-ray-eames-fiberglass-armchairs-fo-marking-vintage-vitra","status":"publish","type":"product","link":"https:\/\/kurato.ch\/fr\/product\/2er-set-original-charles-ray-eames-fiberglass-armchairs-fo-marking-vintage-vitra\/","title":{"rendered":"2er Set Original Charles &#038; Ray Eames Fiberglass Armchairs | FO Marking | Vintage Vitra"},"content":{"rendered":"<p>Zum Verkauf steht ein Paar authentischer und ikonischer Fiberglas Armchairs, entworfen von Charles &amp; Ray Eames.<\/p>\n<p>Es handelt sich um eine seltene, fr\u00fche europ\u00e4ische Produktion von Fehlbaum Oberrhein (FO), dem Unternehmen, aus dem sp\u00e4ter der renommierte Schweizer Hersteller Vitra hervorging. Die Unterseite der Schalen ist entsprechend mit &#8222;FO&#8220; gemarkt, was die Echtheit und die fr\u00fche Herkunft dieser Designklassiker best\u00e4tigt.<\/p>\n<p>Die Sitzschalen sind aus dem originalen, stark strukturierten Fiberglas im Farbton &#8222;Parchment&#8220; (Pergament) gefertigt, was ihnen die charakteristische und bei Sammlern begehrte lebendige Oberfl\u00e4che verleiht. Die St\u00fchle stehen auf dem ikonischen &#8222;Eiffel Tower&#8220;-Drahtgestell<\/p>\n<p>Zustand: Die St\u00fchle befinden sich in einem sehr guten Vintage-Zustand mit altersgerechten Gebrauchsspuren, die ihnen Charakter und eine sch\u00f6ne Patina verleihen.<\/p>\n<p><strong>Vous souhaitez recevoir l'article chez vous ?<\/strong><\/p>\n<p>Contactez le service client\u00e8le de Kurato <a href=\"mailto:hello@kurato.ch\" data-mce-href=\"mailto:hello@kurato.ch\"><strong>hello@kurato.ch<\/strong><\/a> et demandez une offre de livraison personnalis\u00e9e.<\/p>","protected":false},"excerpt":{"rendered":"<p>Zum Verkauf steht ein Paar authentischer und ikonischer Fiberglas Armchairs, entworfen von Charles &amp; Ray Eames. Es handelt sich um eine seltene, fr\u00fche europ\u00e4ische Produktion von Fehlbaum Oberrhein (FO), dem Unternehmen, aus dem sp\u00e4ter der renommierte Schweizer Hersteller Vitra hervorging. Die Unterseite der Schalen ist entsprechend mit &#8222;FO&#8220; gemarkt, was die Echtheit und die fr\u00fche [&hellip;]<\/p>\n","protected":false},"featured_media":71735,"template":"","meta":{"_acf_changed":false,"site-sidebar-layout":"default","site-content-layout":"","ast-site-content-layout":"default","site-content-style":"default","site-sidebar-style":"default","ast-global-header-display":"","ast-banner-title-visibility":"","ast-main-header-display":"","ast-hfb-above-header-display":"","ast-hfb-below-header-display":"","ast-hfb-mobile-header-display":"","site-post-title":"","ast-breadcrumbs-content":"","ast-featured-img":"","footer-sml-layout":"","ast-disable-related-posts":"","theme-transparent-header-meta":"","adv-header-id-meta":"","stick-header-meta":"","header-above-stick-meta":"","header-main-stick-meta":"","header-below-stick-meta":"","astra-migrate-meta-layouts":"default","ast-page-background-enabled":"default","ast-page-background-meta":{"desktop":{"background-color":"","background-image":"","background-repeat":"repeat","background-position":"center center","background-size":"auto","background-attachment":"scroll","background-type":"","background-media":"","overlay-type":"","overlay-color":"","overlay-opacity":"","overlay-gradient":""},"tablet":{"background-color":"","background-image":"","background-repeat":"repeat","background-position":"center center","background-size":"auto","background-attachment":"scroll","background-type":"","background-media":"","overlay-type":"","overlay-color":"","overlay-opacity":"","overlay-gradient":""},"mobile":{"background-color":"","background-image":"","background-repeat":"repeat","background-position":"center center","background-size":"auto","background-attachment":"scroll","background-type":"","background-media":"","overlay-type":"","overlay-color":"","overlay-opacity":"","overlay-gradient":""}},"ast-content-background-meta":{"desktop":{"background-color":"var(--ast-global-color-5)","background-image":"","background-repeat":"repeat","background-position":"center center","background-size":"auto","background-attachment":"scroll","background-type":"","background-media":"","overlay-type":"","overlay-color":"","overlay-opacity":"","overlay-gradient":""},"tablet":{"background-color":"var(--ast-global-color-5)","background-image":"","background-repeat":"repeat","background-position":"center center","background-size":"auto","background-attachment":"scroll","background-type":"","background-media":"","overlay-type":"","overlay-color":"","overlay-opacity":"","overlay-gradient":""},"mobile":{"background-color":"var(--ast-global-color-5)","background-image":"","background-repeat":"repeat","background-position":"center center","background-size":"auto","background-attachment":"scroll","background-type":"","background-media":"","overlay-type":"","overlay-color":"","overlay-opacity":"","overlay-gradient":""}}},"product_brand":[],"product_cat":[163],"product_tag":[],"class_list":{"0":"post-71620","1":"product","2":"type-product","3":"status-publish","4":"has-post-thumbnail","6":"product_cat-vintage-stuhl","7":"pa_designer-eames-charles-ray","8":"pa_farbe-farbebeige","9":"pa_material-fiberglas","10":"pa_material-plastik","11":"pa_stil-design","12":"pa_stil-vintage","13":"desktop-align-left","14":"tablet-align-left","15":"mobile-align-left","17":"first","18":"instock","19":"sold-individually","20":"shipping-taxable","21":"purchasable","22":"product-type-simple"},"acf":[],"yoast_head":"<!-- This site is optimized with the Yoast SEO plugin v27.4 - https:\/\/yoast.com\/product\/yoast-seo-wordpress\/ -->\n<title>2er Set Original Charles &amp; Ray Eames Fiberglass Armchairs | FO Marking | Vintage Vitra | Vintage M\u00f6bel kaufen auf KURATO.CH<\/title>\n<meta name=\"description\" content=\"Entdecke Vintage M\u00f6bel &amp; Dekoration \u27a4 2er Set Original Charles &amp; Ray Eames Fiberglass Armchairs | FO Marking | Vintage Vitra auf Kurato. \u2713Lieferung Schweiz \u271314-Tage R\u00fcckgabe \u2713Secondhand Unikat\" \/>\n<meta name=\"robots\" content=\"index, follow, max-snippet:-1, max-image-preview:large, max-video-preview:-1\" \/>\n<link rel=\"canonical\" href=\"https:\/\/kurato.ch\/fr\/product\/2er-set-original-charles-ray-eames-fiberglass-armchairs-fo-marking-vintage-vitra\/\" \/>\n<meta property=\"og:locale\" content=\"fr_FR\" \/>\n<meta property=\"og:type\" content=\"article\" \/>\n<meta property=\"og:title\" content=\"2er Set Original Charles &amp; Ray Eames Fiberglass Armchairs | FO Marking | Vintage Vitra | Vintage M\u00f6bel kaufen auf KURATO.CH\" \/>\n<meta property=\"og:description\" content=\"Entdecke Vintage M\u00f6bel &amp; Dekoration \u27a4 2er Set Original Charles &amp; Ray Eames Fiberglass Armchairs | FO Marking | Vintage Vitra auf Kurato. \u2713Lieferung Schweiz \u271314-Tage R\u00fcckgabe \u2713Secondhand Unikat\" \/>\n<meta property=\"og:url\" content=\"https:\/\/kurato.ch\/fr\/product\/2er-set-original-charles-ray-eames-fiberglass-armchairs-fo-marking-vintage-vitra\/\" \/>\n<meta property=\"og:site_name\" content=\"Vintage M\u00f6bel &amp; Dekoration I Kurato\" \/>\n<meta property=\"article:publisher\" content=\"https:\/\/www.facebook.com\/kuratoswitzerland\" \/>\n<meta property=\"og:image\" content=\"https:\/\/kurato.ch\/wp-content\/uploads\/2025\/10\/2er-Set-Original-Charles-Ray-Eames-Fiberglass-Armchairs-FO-Marking-Vintage-Vitra-vintage-secondhand-gebraucht-schweiz-Instagram-Post.jpg\" \/>\n\t<meta property=\"og:image:width\" content=\"810\" \/>\n\t<meta property=\"og:image:height\" content=\"810\" \/>\n\t<meta property=\"og:image:type\" content=\"image\/jpeg\" \/>\n<meta name=\"twitter:label1\" content=\"Dur\u00e9e de lecture estim\u00e9e\" \/>\n\t<meta name=\"twitter:data1\" content=\"1 minute\" \/>\n<script type=\"application\/ld+json\" class=\"yoast-schema-graph\">{\"@context\":\"https:\\\/\\\/schema.org\",\"@graph\":[{\"@type\":\"WebPage\",\"@id\":\"https:\\\/\\\/kurato.ch\\\/product\\\/2er-set-original-charles-ray-eames-fiberglass-armchairs-fo-marking-vintage-vitra\\\/\",\"url\":\"https:\\\/\\\/kurato.ch\\\/product\\\/2er-set-original-charles-ray-eames-fiberglass-armchairs-fo-marking-vintage-vitra\\\/\",\"name\":\"2er Set Original Charles & Ray Eames Fiberglass Armchairs | FO Marking | Vintage Vitra | Vintage M\u00f6bel kaufen auf KURATO.CH\",\"isPartOf\":{\"@id\":\"https:\\\/\\\/kurato.ch\\\/#website\"},\"primaryImageOfPage\":{\"@id\":\"https:\\\/\\\/kurato.ch\\\/product\\\/2er-set-original-charles-ray-eames-fiberglass-armchairs-fo-marking-vintage-vitra\\\/#primaryimage\"},\"image\":{\"@id\":\"https:\\\/\\\/kurato.ch\\\/product\\\/2er-set-original-charles-ray-eames-fiberglass-armchairs-fo-marking-vintage-vitra\\\/#primaryimage\"},\"thumbnailUrl\":\"https:\\\/\\\/kurato.ch\\\/wp-content\\\/uploads\\\/2025\\\/10\\\/2er-Set-Original-Charles-Ray-Eames-Fiberglass-Armchairs-FO-Marking-Vintage-Vitra-vintage-secondhand-gebraucht-schweiz-Instagram-Post.jpg\",\"datePublished\":\"2025-10-03T19:01:03+00:00\",\"description\":\"Entdecke Vintage M\u00f6bel & Dekoration \u27a4 2er Set Original Charles & Ray Eames Fiberglass Armchairs | FO Marking | Vintage Vitra auf Kurato. \u2713Lieferung Schweiz \u271314-Tage R\u00fcckgabe \u2713Secondhand Unikat\",\"breadcrumb\":{\"@id\":\"https:\\\/\\\/kurato.ch\\\/product\\\/2er-set-original-charles-ray-eames-fiberglass-armchairs-fo-marking-vintage-vitra\\\/#breadcrumb\"},\"inLanguage\":\"fr-FR\",\"potentialAction\":[{\"@type\":\"ReadAction\",\"target\":[\"https:\\\/\\\/kurato.ch\\\/product\\\/2er-set-original-charles-ray-eames-fiberglass-armchairs-fo-marking-vintage-vitra\\\/\"]}]},{\"@type\":\"ImageObject\",\"inLanguage\":\"fr-FR\",\"@id\":\"https:\\\/\\\/kurato.ch\\\/product\\\/2er-set-original-charles-ray-eames-fiberglass-armchairs-fo-marking-vintage-vitra\\\/#primaryimage\",\"url\":\"https:\\\/\\\/kurato.ch\\\/wp-content\\\/uploads\\\/2025\\\/10\\\/2er-Set-Original-Charles-Ray-Eames-Fiberglass-Armchairs-FO-Marking-Vintage-Vitra-vintage-secondhand-gebraucht-schweiz-Instagram-Post.jpg\",\"contentUrl\":\"https:\\\/\\\/kurato.ch\\\/wp-content\\\/uploads\\\/2025\\\/10\\\/2er-Set-Original-Charles-Ray-Eames-Fiberglass-Armchairs-FO-Marking-Vintage-Vitra-vintage-secondhand-gebraucht-schweiz-Instagram-Post.jpg\",\"width\":810,\"height\":810,\"caption\":\"2er Set Original Charles & Ray Eames Fiberglass Armchairs | FO Marking | Vintage Vitra\"},{\"@type\":\"BreadcrumbList\",\"@id\":\"https:\\\/\\\/kurato.ch\\\/product\\\/2er-set-original-charles-ray-eames-fiberglass-armchairs-fo-marking-vintage-vitra\\\/#breadcrumb\",\"itemListElement\":[{\"@type\":\"ListItem\",\"position\":1,\"name\":\"Home\",\"item\":\"https:\\\/\\\/kurato.ch\\\/\"},{\"@type\":\"ListItem\",\"position\":2,\"name\":\"Neuheiten\",\"item\":\"https:\\\/\\\/kurato.ch\\\/neuheiten\\\/\"},{\"@type\":\"ListItem\",\"position\":3,\"name\":\"2er Set Original Charles &#038; Ray Eames Fiberglass Armchairs | FO Marking | Vintage Vitra\"}]},{\"@type\":\"WebSite\",\"@id\":\"https:\\\/\\\/kurato.ch\\\/#website\",\"url\":\"https:\\\/\\\/kurato.ch\\\/\",\"name\":\"Vintage M\u00f6bel &amp; Dekoration I Kurato\",\"description\":\"Vintage M\u00f6bel &amp; Dekoration I Kurato\",\"publisher\":{\"@id\":\"https:\\\/\\\/kurato.ch\\\/#organization\"},\"potentialAction\":[{\"@type\":\"SearchAction\",\"target\":{\"@type\":\"EntryPoint\",\"urlTemplate\":\"https:\\\/\\\/kurato.ch\\\/?s={search_term_string}\"},\"query-input\":{\"@type\":\"PropertyValueSpecification\",\"valueRequired\":true,\"valueName\":\"search_term_string\"}}],\"inLanguage\":\"fr-FR\"},{\"@type\":\"Organization\",\"@id\":\"https:\\\/\\\/kurato.ch\\\/#organization\",\"name\":\"Kurato.\",\"url\":\"https:\\\/\\\/kurato.ch\\\/\",\"logo\":{\"@type\":\"ImageObject\",\"inLanguage\":\"fr-FR\",\"@id\":\"https:\\\/\\\/kurato.ch\\\/#\\\/schema\\\/logo\\\/image\\\/\",\"url\":\"\",\"contentUrl\":\"\",\"caption\":\"Kurato.\"},\"image\":{\"@id\":\"https:\\\/\\\/kurato.ch\\\/#\\\/schema\\\/logo\\\/image\\\/\"},\"sameAs\":[\"https:\\\/\\\/www.facebook.com\\\/kuratoswitzerland\",\"https:\\\/\\\/www.instagram.com\\\/kurato.ch\\\/\",\"https:\\\/\\\/www.pinterest.ch\\\/kurato_ch\\\/_created\\\/\"]}]}<\/script>\n<!-- \/ Yoast SEO plugin. -->","yoast_head_json":{"title":"2er Set Original Charles & Ray Eames Fiberglass Armchairs | FO Marking | Vintage Vitra | Vintage M\u00f6bel kaufen auf KURATO.CH","description":"Entdecke Vintage M\u00f6bel & Dekoration \u27a4 2er Set Original Charles & Ray Eames Fiberglass Armchairs | FO Marking | Vintage Vitra auf Kurato. \u2713Lieferung Schweiz \u271314-Tage R\u00fcckgabe \u2713Secondhand Unikat","robots":{"index":"index","follow":"follow","max-snippet":"max-snippet:-1","max-image-preview":"max-image-preview:large","max-video-preview":"max-video-preview:-1"},"canonical":"https:\/\/kurato.ch\/fr\/product\/2er-set-original-charles-ray-eames-fiberglass-armchairs-fo-marking-vintage-vitra\/","og_locale":"fr_FR","og_type":"article","og_title":"2er Set Original Charles & Ray Eames Fiberglass Armchairs | FO Marking | Vintage Vitra | Vintage M\u00f6bel kaufen auf KURATO.CH","og_description":"Entdecke Vintage M\u00f6bel & Dekoration \u27a4 2er Set Original Charles & Ray Eames Fiberglass Armchairs | FO Marking | Vintage Vitra auf Kurato. \u2713Lieferung Schweiz \u271314-Tage R\u00fcckgabe \u2713Secondhand Unikat","og_url":"https:\/\/kurato.ch\/fr\/product\/2er-set-original-charles-ray-eames-fiberglass-armchairs-fo-marking-vintage-vitra\/","og_site_name":"Vintage M\u00f6bel &amp; Dekoration I Kurato","article_publisher":"https:\/\/www.facebook.com\/kuratoswitzerland","og_image":[{"width":810,"height":810,"url":"https:\/\/kurato.ch\/wp-content\/uploads\/2025\/10\/2er-Set-Original-Charles-Ray-Eames-Fiberglass-Armchairs-FO-Marking-Vintage-Vitra-vintage-secondhand-gebraucht-schweiz-Instagram-Post.jpg","type":"image\/jpeg"}],"twitter_misc":{"Dur\u00e9e de lecture estim\u00e9e":"1 minute"},"schema":{"@context":"https:\/\/schema.org","@graph":[{"@type":"WebPage","@id":"https:\/\/kurato.ch\/product\/2er-set-original-charles-ray-eames-fiberglass-armchairs-fo-marking-vintage-vitra\/","url":"https:\/\/kurato.ch\/product\/2er-set-original-charles-ray-eames-fiberglass-armchairs-fo-marking-vintage-vitra\/","name":"2er Set Original Charles & Ray Eames Fiberglass Armchairs | FO Marking | Vintage Vitra | Vintage M\u00f6bel kaufen auf KURATO.CH","isPartOf":{"@id":"https:\/\/kurato.ch\/#website"},"primaryImageOfPage":{"@id":"https:\/\/kurato.ch\/product\/2er-set-original-charles-ray-eames-fiberglass-armchairs-fo-marking-vintage-vitra\/#primaryimage"},"image":{"@id":"https:\/\/kurato.ch\/product\/2er-set-original-charles-ray-eames-fiberglass-armchairs-fo-marking-vintage-vitra\/#primaryimage"},"thumbnailUrl":"https:\/\/kurato.ch\/wp-content\/uploads\/2025\/10\/2er-Set-Original-Charles-Ray-Eames-Fiberglass-Armchairs-FO-Marking-Vintage-Vitra-vintage-secondhand-gebraucht-schweiz-Instagram-Post.jpg","datePublished":"2025-10-03T19:01:03+00:00","description":"Entdecke Vintage M\u00f6bel & Dekoration \u27a4 2er Set Original Charles & Ray Eames Fiberglass Armchairs | FO Marking | Vintage Vitra auf Kurato. \u2713Lieferung Schweiz \u271314-Tage R\u00fcckgabe \u2713Secondhand Unikat","breadcrumb":{"@id":"https:\/\/kurato.ch\/product\/2er-set-original-charles-ray-eames-fiberglass-armchairs-fo-marking-vintage-vitra\/#breadcrumb"},"inLanguage":"fr-FR","potentialAction":[{"@type":"ReadAction","target":["https:\/\/kurato.ch\/product\/2er-set-original-charles-ray-eames-fiberglass-armchairs-fo-marking-vintage-vitra\/"]}]},{"@type":"ImageObject","inLanguage":"fr-FR","@id":"https:\/\/kurato.ch\/product\/2er-set-original-charles-ray-eames-fiberglass-armchairs-fo-marking-vintage-vitra\/#primaryimage","url":"https:\/\/kurato.ch\/wp-content\/uploads\/2025\/10\/2er-Set-Original-Charles-Ray-Eames-Fiberglass-Armchairs-FO-Marking-Vintage-Vitra-vintage-secondhand-gebraucht-schweiz-Instagram-Post.jpg","contentUrl":"https:\/\/kurato.ch\/wp-content\/uploads\/2025\/10\/2er-Set-Original-Charles-Ray-Eames-Fiberglass-Armchairs-FO-Marking-Vintage-Vitra-vintage-secondhand-gebraucht-schweiz-Instagram-Post.jpg","width":810,"height":810,"caption":"2er Set Original Charles & Ray Eames Fiberglass Armchairs | FO Marking | Vintage Vitra"},{"@type":"BreadcrumbList","@id":"https:\/\/kurato.ch\/product\/2er-set-original-charles-ray-eames-fiberglass-armchairs-fo-marking-vintage-vitra\/#breadcrumb","itemListElement":[{"@type":"ListItem","position":1,"name":"Home","item":"https:\/\/kurato.ch\/"},{"@type":"ListItem","position":2,"name":"Neuheiten","item":"https:\/\/kurato.ch\/neuheiten\/"},{"@type":"ListItem","position":3,"name":"2er Set Original Charles &#038; Ray Eames Fiberglass Armchairs | FO Marking | Vintage Vitra"}]},{"@type":"WebSite","@id":"https:\/\/kurato.ch\/#website","url":"https:\/\/kurato.ch\/","name":"Meubles vintage &amp; d\u00e9coration I Kurato","description":"Meubles vintage &amp; d\u00e9coration I Kurato","publisher":{"@id":"https:\/\/kurato.ch\/#organization"},"potentialAction":[{"@type":"SearchAction","target":{"@type":"EntryPoint","urlTemplate":"https:\/\/kurato.ch\/?s={search_term_string}"},"query-input":{"@type":"PropertyValueSpecification","valueRequired":true,"valueName":"search_term_string"}}],"inLanguage":"fr-FR"},{"@type":"Organization","@id":"https:\/\/kurato.ch\/#organization","name":"Kurato.","url":"https:\/\/kurato.ch\/","logo":{"@type":"ImageObject","inLanguage":"fr-FR","@id":"https:\/\/kurato.ch\/#\/schema\/logo\/image\/","url":"","contentUrl":"","caption":"Kurato."},"image":{"@id":"https:\/\/kurato.ch\/#\/schema\/logo\/image\/"},"sameAs":["https:\/\/www.facebook.com\/kuratoswitzerland","https:\/\/www.instagram.com\/kurato.ch\/","https:\/\/www.pinterest.ch\/kurato_ch\/_created\/"]}]}},"_links":{"self":[{"href":"https:\/\/kurato.ch\/fr\/wp-json\/wp\/v2\/product\/71620","targetHints":{"allow":["GET"]}}],"collection":[{"href":"https:\/\/kurato.ch\/fr\/wp-json\/wp\/v2\/product"}],"about":[{"href":"https:\/\/kurato.ch\/fr\/wp-json\/wp\/v2\/types\/product"}],"wp:featuredmedia":[{"embeddable":true,"href":"https:\/\/kurato.ch\/fr\/wp-json\/wp\/v2\/media\/71735"}],"wp:attachment":[{"href":"https:\/\/kurato.ch\/fr\/wp-json\/wp\/v2\/media?parent=71620"}],"wp:term":[{"taxonomy":"product_brand","embeddable":true,"href":"https:\/\/kurato.ch\/fr\/wp-json\/wp\/v2\/product_brand?post=71620"},{"taxonomy":"product_cat","embeddable":true,"href":"https:\/\/kurato.ch\/fr\/wp-json\/wp\/v2\/product_cat?post=71620"},{"taxonomy":"product_tag","embeddable":true,"href":"https:\/\/kurato.ch\/fr\/wp-json\/wp\/v2\/product_tag?post=71620"}],"curies":[{"name":"wp","href":"https:\/\/api.w.org\/{rel}","templated":true}]}}