{"id":74386,"date":"2026-04-28T21:39:41","date_gmt":"2026-04-28T19:39:41","guid":{"rendered":"https:\/\/kurato.ch\/?post_type=product&#038;p=74386"},"modified":"2026-04-28T21:39:42","modified_gmt":"2026-04-28T19:39:42","slug":"geometrische-reliefarbeit-von-rolf-forster-1992-acryl-auf-holz","status":"publish","type":"product","link":"https:\/\/kurato.ch\/fr\/product\/geometrische-reliefarbeit-von-rolf-forster-1992-acryl-auf-holz\/","title":{"rendered":"Geometrische Reliefarbeit von Rolf Forster, 1992 (Acryl auf Holz)"},"content":{"rendered":"<p>Rolf Forster (*1938) ist ein Schweizer Kuenstler, der der konkreten und konstruktiven Kunst zugeordnet wird \u2013 einer Richtung, die in der Schweiz mit Namen wie Max Bill oder Richard Paul Lohse stark verankert ist. Im Zentrum seines Schaffens steht nicht das Abbilden von Gegenst\u00e4nden, sondern das klare, systematische Arbeiten mit Linie, Struktur und Rhythmus. Seine Werke sind oft reduziert, pr\u00e4zise aufgebaut und wirken auf den ersten Blick ruhig, entfalten aber bei l\u00e4ngerem Betrachten eine grosse Tiefe durch minimale Verschiebungen, \u00dcberlagerungen und feine Reliefwirkungen.<\/p>\n<p>Diese Komposition, ausgef\u00fcrhr in Acryl auf Holz lebt von einer subtilen Ordnung aus fein gearbeiteten, vertikalen Linien, die sich \u00fcber die gesamte Fl\u00e4che ziehen und dem Werk eine ruhige, rhythmische Struktur verleihen. Diese regelm\u00e4ssige Linearit\u00e4t wird durch diagonal verlaufende, leicht erhabene Linien durchbrochen, die sich im rechten Bereich \u00fcberschneiden und eine spannungsreiche Verdichtung erzeugen. Besonders reizvoll ist das Spiel mit Licht und Schatten: Durch die reliefartige Ausarbeitung treten die Linien je nach Blickwinkel unterschiedlich hervor und erzeugen eine sehr feine, fast grafische Tiefenwirkung. Die reduzierte Farbgebung in Weiss und zarten Grau- sowie Blaut\u00f6nen unterstreicht den konstruktiven Charakter und verweist klar auf die Tradition der konkreten Kunst. Die Arbeit wirkt praezise, ruhig und gleichzeitig dynamisch \u2013 ein typisches Merkmal fuer Forsters Auseinandersetzung mit Raum, Struktur und Wahrnehmung. R\u00fcckseitig befindet sich eine signierte Klebeetikette R. Forster 92, welche die Datierung best\u00e4tigt.<\/p>\n<p>Zustand: Sehr guter Zustand mit minimalen, altersbedingten Gebrauchsspuren. Kanten sauber, Oberflaeche gut erhalten.<\/p>\n<p>Masse: L130 x B55.5 x H2 cm<\/p>\n<p><strong>Du m\u00f6chtest den Artikel zu Dir nach Hause geliefert bekommen:<\/strong> Bitte kontaktiere den Kundendienst von Kurato <a href=\"mailto:hello@kurato.ch\" data-mce-href=\"mailto:hello@kurato.ch\"><strong>hello@kurato.ch<\/strong><\/a> et demandez une offre de livraison personnalis\u00e9e.<\/p>\n<p><br data-mce-bogus=\"1\"><\/p>\n<p><br data-mce-bogus=\"1\"><\/p>","protected":false},"excerpt":{"rendered":"<p>Rolf Forster (*1938) ist ein Schweizer Kuenstler, der der konkreten und konstruktiven Kunst zugeordnet wird \u2013 einer Richtung, die in der Schweiz mit Namen wie Max Bill oder Richard Paul Lohse stark verankert ist. Im Zentrum seines Schaffens steht nicht das Abbilden von Gegenst\u00e4nden, sondern das klare, systematische Arbeiten mit Linie, Struktur und Rhythmus. Seine [&hellip;]<\/p>\n","protected":false},"featured_media":74464,"template":"","meta":{"_acf_changed":false,"site-sidebar-layout":"default","site-content-layout":"","ast-site-content-layout":"default","site-content-style":"default","site-sidebar-style":"default","ast-global-header-display":"","ast-banner-title-visibility":"","ast-main-header-display":"","ast-hfb-above-header-display":"","ast-hfb-below-header-display":"","ast-hfb-mobile-header-display":"","site-post-title":"","ast-breadcrumbs-content":"","ast-featured-img":"","footer-sml-layout":"","ast-disable-related-posts":"","theme-transparent-header-meta":"","adv-header-id-meta":"","stick-header-meta":"","header-above-stick-meta":"","header-main-stick-meta":"","header-below-stick-meta":"","astra-migrate-meta-layouts":"default","ast-page-background-enabled":"default","ast-page-background-meta":{"desktop":{"background-color":"","background-image":"","background-repeat":"repeat","background-position":"center center","background-size":"auto","background-attachment":"scroll","background-type":"","background-media":"","overlay-type":"","overlay-color":"","overlay-opacity":"","overlay-gradient":""},"tablet":{"background-color":"","background-image":"","background-repeat":"repeat","background-position":"center center","background-size":"auto","background-attachment":"scroll","background-type":"","background-media":"","overlay-type":"","overlay-color":"","overlay-opacity":"","overlay-gradient":""},"mobile":{"background-color":"","background-image":"","background-repeat":"repeat","background-position":"center center","background-size":"auto","background-attachment":"scroll","background-type":"","background-media":"","overlay-type":"","overlay-color":"","overlay-opacity":"","overlay-gradient":""}},"ast-content-background-meta":{"desktop":{"background-color":"var(--ast-global-color-5)","background-image":"","background-repeat":"repeat","background-position":"center center","background-size":"auto","background-attachment":"scroll","background-type":"","background-media":"","overlay-type":"","overlay-color":"","overlay-opacity":"","overlay-gradient":""},"tablet":{"background-color":"var(--ast-global-color-5)","background-image":"","background-repeat":"repeat","background-position":"center center","background-size":"auto","background-attachment":"scroll","background-type":"","background-media":"","overlay-type":"","overlay-color":"","overlay-opacity":"","overlay-gradient":""},"mobile":{"background-color":"var(--ast-global-color-5)","background-image":"","background-repeat":"repeat","background-position":"center center","background-size":"auto","background-attachment":"scroll","background-type":"","background-media":"","overlay-type":"","overlay-color":"","overlay-opacity":"","overlay-gradient":""}}},"product_brand":[],"product_cat":[124],"product_tag":[],"class_list":{"0":"post-74386","1":"product","2":"type-product","3":"status-publish","4":"has-post-thumbnail","6":"product_cat-secondhand-zeitgenoessische-malerei","7":"pa_farbe-weiss","8":"pa_material-holz","9":"pa_stil-zeitgenossisch","10":"desktop-align-left","11":"tablet-align-left","12":"mobile-align-left","14":"first","15":"instock","16":"sold-individually","17":"shipping-taxable","18":"purchasable","19":"product-type-simple"},"acf":[],"yoast_head":"<!-- This site is optimized with the Yoast SEO plugin v27.5 - https:\/\/yoast.com\/product\/yoast-seo-wordpress\/ -->\n<title>Geometrische Reliefarbeit von Rolf Forster, 1992 (Acryl auf Holz) | Vintage M\u00f6bel kaufen auf KURATO.CH<\/title>\n<meta name=\"description\" content=\"Entdecke Vintage M\u00f6bel &amp; Dekoration \u27a4 Geometrische Reliefarbeit von Rolf Forster, 1992 (Acryl auf Holz) auf Kurato. \u2713Lieferung Schweiz \u271314-Tage R\u00fcckgabe \u2713Secondhand Unikat\" \/>\n<meta name=\"robots\" content=\"index, follow, max-snippet:-1, max-image-preview:large, max-video-preview:-1\" \/>\n<link rel=\"canonical\" href=\"https:\/\/kurato.ch\/fr\/product\/geometrische-reliefarbeit-von-rolf-forster-1992-acryl-auf-holz\/\" \/>\n<meta property=\"og:locale\" content=\"fr_FR\" \/>\n<meta property=\"og:type\" content=\"article\" \/>\n<meta property=\"og:title\" content=\"Geometrische Reliefarbeit von Rolf Forster, 1992 (Acryl auf Holz) | Vintage M\u00f6bel kaufen auf KURATO.CH\" \/>\n<meta property=\"og:description\" content=\"Entdecke Vintage M\u00f6bel &amp; Dekoration \u27a4 Geometrische Reliefarbeit von Rolf Forster, 1992 (Acryl auf Holz) auf Kurato. \u2713Lieferung Schweiz \u271314-Tage R\u00fcckgabe \u2713Secondhand Unikat\" \/>\n<meta property=\"og:url\" content=\"https:\/\/kurato.ch\/fr\/product\/geometrische-reliefarbeit-von-rolf-forster-1992-acryl-auf-holz\/\" \/>\n<meta property=\"og:site_name\" content=\"Vintage M\u00f6bel &amp; Dekoration I Kurato\" \/>\n<meta property=\"article:publisher\" content=\"https:\/\/www.facebook.com\/kuratoswitzerland\" \/>\n<meta property=\"article:modified_time\" content=\"2026-04-28T19:39:42+00:00\" \/>\n<meta property=\"og:image\" content=\"https:\/\/kurato.ch\/wp-content\/uploads\/2026\/04\/Geometrische-Reliefarbeit-von-Rolf-Forster-1992-vintage-secondhand-gebraucht-schweiz-Instagram-Post.jpg\" \/>\n\t<meta property=\"og:image:width\" content=\"810\" \/>\n\t<meta property=\"og:image:height\" content=\"810\" \/>\n\t<meta property=\"og:image:type\" content=\"image\/jpeg\" \/>\n<meta name=\"twitter:label1\" content=\"Dur\u00e9e de lecture estim\u00e9e\" \/>\n\t<meta name=\"twitter:data1\" content=\"1 minute\" \/>\n<script type=\"application\/ld+json\" class=\"yoast-schema-graph\">{\"@context\":\"https:\\\/\\\/schema.org\",\"@graph\":[{\"@type\":\"WebPage\",\"@id\":\"https:\\\/\\\/kurato.ch\\\/product\\\/geometrische-reliefarbeit-von-rolf-forster-1992-acryl-auf-holz\\\/\",\"url\":\"https:\\\/\\\/kurato.ch\\\/product\\\/geometrische-reliefarbeit-von-rolf-forster-1992-acryl-auf-holz\\\/\",\"name\":\"Geometrische Reliefarbeit von Rolf Forster, 1992 (Acryl auf Holz) | Vintage M\u00f6bel kaufen auf KURATO.CH\",\"isPartOf\":{\"@id\":\"https:\\\/\\\/kurato.ch\\\/#website\"},\"primaryImageOfPage\":{\"@id\":\"https:\\\/\\\/kurato.ch\\\/product\\\/geometrische-reliefarbeit-von-rolf-forster-1992-acryl-auf-holz\\\/#primaryimage\"},\"image\":{\"@id\":\"https:\\\/\\\/kurato.ch\\\/product\\\/geometrische-reliefarbeit-von-rolf-forster-1992-acryl-auf-holz\\\/#primaryimage\"},\"thumbnailUrl\":\"https:\\\/\\\/kurato.ch\\\/wp-content\\\/uploads\\\/2026\\\/04\\\/Geometrische-Reliefarbeit-von-Rolf-Forster-1992-vintage-secondhand-gebraucht-schweiz-Instagram-Post.jpg\",\"datePublished\":\"2026-04-28T19:39:41+00:00\",\"dateModified\":\"2026-04-28T19:39:42+00:00\",\"description\":\"Entdecke Vintage M\u00f6bel & Dekoration \u27a4 Geometrische Reliefarbeit von Rolf Forster, 1992 (Acryl auf Holz) auf Kurato. \u2713Lieferung Schweiz \u271314-Tage R\u00fcckgabe \u2713Secondhand Unikat\",\"breadcrumb\":{\"@id\":\"https:\\\/\\\/kurato.ch\\\/product\\\/geometrische-reliefarbeit-von-rolf-forster-1992-acryl-auf-holz\\\/#breadcrumb\"},\"inLanguage\":\"fr-FR\",\"potentialAction\":[{\"@type\":\"ReadAction\",\"target\":[\"https:\\\/\\\/kurato.ch\\\/product\\\/geometrische-reliefarbeit-von-rolf-forster-1992-acryl-auf-holz\\\/\"]}]},{\"@type\":\"ImageObject\",\"inLanguage\":\"fr-FR\",\"@id\":\"https:\\\/\\\/kurato.ch\\\/product\\\/geometrische-reliefarbeit-von-rolf-forster-1992-acryl-auf-holz\\\/#primaryimage\",\"url\":\"https:\\\/\\\/kurato.ch\\\/wp-content\\\/uploads\\\/2026\\\/04\\\/Geometrische-Reliefarbeit-von-Rolf-Forster-1992-vintage-secondhand-gebraucht-schweiz-Instagram-Post.jpg\",\"contentUrl\":\"https:\\\/\\\/kurato.ch\\\/wp-content\\\/uploads\\\/2026\\\/04\\\/Geometrische-Reliefarbeit-von-Rolf-Forster-1992-vintage-secondhand-gebraucht-schweiz-Instagram-Post.jpg\",\"width\":810,\"height\":810,\"caption\":\"Geometrische Reliefarbeit von Rolf Forster, 1992\"},{\"@type\":\"BreadcrumbList\",\"@id\":\"https:\\\/\\\/kurato.ch\\\/product\\\/geometrische-reliefarbeit-von-rolf-forster-1992-acryl-auf-holz\\\/#breadcrumb\",\"itemListElement\":[{\"@type\":\"ListItem\",\"position\":1,\"name\":\"Home\",\"item\":\"https:\\\/\\\/kurato.ch\\\/\"},{\"@type\":\"ListItem\",\"position\":2,\"name\":\"Neuheiten\",\"item\":\"https:\\\/\\\/kurato.ch\\\/neuheiten\\\/\"},{\"@type\":\"ListItem\",\"position\":3,\"name\":\"Geometrische Reliefarbeit von Rolf Forster, 1992 (Acryl auf Holz)\"}]},{\"@type\":\"WebSite\",\"@id\":\"https:\\\/\\\/kurato.ch\\\/#website\",\"url\":\"https:\\\/\\\/kurato.ch\\\/\",\"name\":\"Vintage M\u00f6bel &amp; Dekoration I Kurato\",\"description\":\"Vintage M\u00f6bel &amp; Dekoration I Kurato\",\"publisher\":{\"@id\":\"https:\\\/\\\/kurato.ch\\\/#organization\"},\"potentialAction\":[{\"@type\":\"SearchAction\",\"target\":{\"@type\":\"EntryPoint\",\"urlTemplate\":\"https:\\\/\\\/kurato.ch\\\/?s={search_term_string}\"},\"query-input\":{\"@type\":\"PropertyValueSpecification\",\"valueRequired\":true,\"valueName\":\"search_term_string\"}}],\"inLanguage\":\"fr-FR\"},{\"@type\":\"Organization\",\"@id\":\"https:\\\/\\\/kurato.ch\\\/#organization\",\"name\":\"Kurato.\",\"url\":\"https:\\\/\\\/kurato.ch\\\/\",\"logo\":{\"@type\":\"ImageObject\",\"inLanguage\":\"fr-FR\",\"@id\":\"https:\\\/\\\/kurato.ch\\\/#\\\/schema\\\/logo\\\/image\\\/\",\"url\":\"\",\"contentUrl\":\"\",\"caption\":\"Kurato.\"},\"image\":{\"@id\":\"https:\\\/\\\/kurato.ch\\\/#\\\/schema\\\/logo\\\/image\\\/\"},\"sameAs\":[\"https:\\\/\\\/www.facebook.com\\\/kuratoswitzerland\",\"https:\\\/\\\/www.instagram.com\\\/kurato.ch\\\/\",\"https:\\\/\\\/www.pinterest.ch\\\/kurato_ch\\\/_created\\\/\"]}]}<\/script>\n<!-- \/ Yoast SEO plugin. -->","yoast_head_json":{"title":"Geometrische Reliefarbeit von Rolf Forster, 1992 (Acryl auf Holz) | Vintage M\u00f6bel kaufen auf KURATO.CH","description":"Entdecke Vintage M\u00f6bel & Dekoration \u27a4 Geometrische Reliefarbeit von Rolf Forster, 1992 (Acryl auf Holz) auf Kurato. \u2713Lieferung Schweiz \u271314-Tage R\u00fcckgabe \u2713Secondhand Unikat","robots":{"index":"index","follow":"follow","max-snippet":"max-snippet:-1","max-image-preview":"max-image-preview:large","max-video-preview":"max-video-preview:-1"},"canonical":"https:\/\/kurato.ch\/fr\/product\/geometrische-reliefarbeit-von-rolf-forster-1992-acryl-auf-holz\/","og_locale":"fr_FR","og_type":"article","og_title":"Geometrische Reliefarbeit von Rolf Forster, 1992 (Acryl auf Holz) | Vintage M\u00f6bel kaufen auf KURATO.CH","og_description":"Entdecke Vintage M\u00f6bel & Dekoration \u27a4 Geometrische Reliefarbeit von Rolf Forster, 1992 (Acryl auf Holz) auf Kurato. \u2713Lieferung Schweiz \u271314-Tage R\u00fcckgabe \u2713Secondhand Unikat","og_url":"https:\/\/kurato.ch\/fr\/product\/geometrische-reliefarbeit-von-rolf-forster-1992-acryl-auf-holz\/","og_site_name":"Vintage M\u00f6bel &amp; Dekoration I Kurato","article_publisher":"https:\/\/www.facebook.com\/kuratoswitzerland","article_modified_time":"2026-04-28T19:39:42+00:00","og_image":[{"width":810,"height":810,"url":"https:\/\/kurato.ch\/wp-content\/uploads\/2026\/04\/Geometrische-Reliefarbeit-von-Rolf-Forster-1992-vintage-secondhand-gebraucht-schweiz-Instagram-Post.jpg","type":"image\/jpeg"}],"twitter_misc":{"Dur\u00e9e de lecture estim\u00e9e":"1 minute"},"schema":{"@context":"https:\/\/schema.org","@graph":[{"@type":"WebPage","@id":"https:\/\/kurato.ch\/product\/geometrische-reliefarbeit-von-rolf-forster-1992-acryl-auf-holz\/","url":"https:\/\/kurato.ch\/product\/geometrische-reliefarbeit-von-rolf-forster-1992-acryl-auf-holz\/","name":"Geometrische Reliefarbeit von Rolf Forster, 1992 (Acryl auf Holz) | Vintage M\u00f6bel kaufen auf KURATO.CH","isPartOf":{"@id":"https:\/\/kurato.ch\/#website"},"primaryImageOfPage":{"@id":"https:\/\/kurato.ch\/product\/geometrische-reliefarbeit-von-rolf-forster-1992-acryl-auf-holz\/#primaryimage"},"image":{"@id":"https:\/\/kurato.ch\/product\/geometrische-reliefarbeit-von-rolf-forster-1992-acryl-auf-holz\/#primaryimage"},"thumbnailUrl":"https:\/\/kurato.ch\/wp-content\/uploads\/2026\/04\/Geometrische-Reliefarbeit-von-Rolf-Forster-1992-vintage-secondhand-gebraucht-schweiz-Instagram-Post.jpg","datePublished":"2026-04-28T19:39:41+00:00","dateModified":"2026-04-28T19:39:42+00:00","description":"Entdecke Vintage M\u00f6bel & Dekoration \u27a4 Geometrische Reliefarbeit von Rolf Forster, 1992 (Acryl auf Holz) auf Kurato. \u2713Lieferung Schweiz \u271314-Tage R\u00fcckgabe \u2713Secondhand Unikat","breadcrumb":{"@id":"https:\/\/kurato.ch\/product\/geometrische-reliefarbeit-von-rolf-forster-1992-acryl-auf-holz\/#breadcrumb"},"inLanguage":"fr-FR","potentialAction":[{"@type":"ReadAction","target":["https:\/\/kurato.ch\/product\/geometrische-reliefarbeit-von-rolf-forster-1992-acryl-auf-holz\/"]}]},{"@type":"ImageObject","inLanguage":"fr-FR","@id":"https:\/\/kurato.ch\/product\/geometrische-reliefarbeit-von-rolf-forster-1992-acryl-auf-holz\/#primaryimage","url":"https:\/\/kurato.ch\/wp-content\/uploads\/2026\/04\/Geometrische-Reliefarbeit-von-Rolf-Forster-1992-vintage-secondhand-gebraucht-schweiz-Instagram-Post.jpg","contentUrl":"https:\/\/kurato.ch\/wp-content\/uploads\/2026\/04\/Geometrische-Reliefarbeit-von-Rolf-Forster-1992-vintage-secondhand-gebraucht-schweiz-Instagram-Post.jpg","width":810,"height":810,"caption":"Geometrische Reliefarbeit von Rolf Forster, 1992"},{"@type":"BreadcrumbList","@id":"https:\/\/kurato.ch\/product\/geometrische-reliefarbeit-von-rolf-forster-1992-acryl-auf-holz\/#breadcrumb","itemListElement":[{"@type":"ListItem","position":1,"name":"Home","item":"https:\/\/kurato.ch\/"},{"@type":"ListItem","position":2,"name":"Neuheiten","item":"https:\/\/kurato.ch\/neuheiten\/"},{"@type":"ListItem","position":3,"name":"Geometrische Reliefarbeit von Rolf Forster, 1992 (Acryl auf Holz)"}]},{"@type":"WebSite","@id":"https:\/\/kurato.ch\/#website","url":"https:\/\/kurato.ch\/","name":"Meubles vintage &amp; d\u00e9coration I Kurato","description":"Meubles vintage &amp; d\u00e9coration I Kurato","publisher":{"@id":"https:\/\/kurato.ch\/#organization"},"potentialAction":[{"@type":"SearchAction","target":{"@type":"EntryPoint","urlTemplate":"https:\/\/kurato.ch\/?s={search_term_string}"},"query-input":{"@type":"PropertyValueSpecification","valueRequired":true,"valueName":"search_term_string"}}],"inLanguage":"fr-FR"},{"@type":"Organization","@id":"https:\/\/kurato.ch\/#organization","name":"Kurato.","url":"https:\/\/kurato.ch\/","logo":{"@type":"ImageObject","inLanguage":"fr-FR","@id":"https:\/\/kurato.ch\/#\/schema\/logo\/image\/","url":"","contentUrl":"","caption":"Kurato."},"image":{"@id":"https:\/\/kurato.ch\/#\/schema\/logo\/image\/"},"sameAs":["https:\/\/www.facebook.com\/kuratoswitzerland","https:\/\/www.instagram.com\/kurato.ch\/","https:\/\/www.pinterest.ch\/kurato_ch\/_created\/"]}]}},"_links":{"self":[{"href":"https:\/\/kurato.ch\/fr\/wp-json\/wp\/v2\/product\/74386","targetHints":{"allow":["GET"]}}],"collection":[{"href":"https:\/\/kurato.ch\/fr\/wp-json\/wp\/v2\/product"}],"about":[{"href":"https:\/\/kurato.ch\/fr\/wp-json\/wp\/v2\/types\/product"}],"wp:featuredmedia":[{"embeddable":true,"href":"https:\/\/kurato.ch\/fr\/wp-json\/wp\/v2\/media\/74464"}],"wp:attachment":[{"href":"https:\/\/kurato.ch\/fr\/wp-json\/wp\/v2\/media?parent=74386"}],"wp:term":[{"taxonomy":"product_brand","embeddable":true,"href":"https:\/\/kurato.ch\/fr\/wp-json\/wp\/v2\/product_brand?post=74386"},{"taxonomy":"product_cat","embeddable":true,"href":"https:\/\/kurato.ch\/fr\/wp-json\/wp\/v2\/product_cat?post=74386"},{"taxonomy":"product_tag","embeddable":true,"href":"https:\/\/kurato.ch\/fr\/wp-json\/wp\/v2\/product_tag?post=74386"}],"curies":[{"name":"wp","href":"https:\/\/api.w.org\/{rel}","templated":true}]}}